{"id":51116,"date":"2022-07-08T11:14:11","date_gmt":"2022-07-08T10:14:11","guid":{"rendered":"https:\/\/optique-wirtz.lu\/contact\/"},"modified":"2025-09-30T13:30:22","modified_gmt":"2025-09-30T12:30:22","slug":"kontakt","status":"publish","type":"page","link":"https:\/\/optique-wirtz.lu\/de\/kontakt\/","title":{"rendered":"Kontakt"},"content":{"rendered":"<p>[et_pb_section fb_built=&#8220;1&#8243; custom_padding_last_edited=&#8220;on|phone&#8220; _builder_version=&#8220;4.17.1&#8243; _module_preset=&#8220;default&#8220; background_color=&#8220;#f8f6f1&#8243; custom_margin=&#8220;0px||0px||false|false&#8220; custom_padding=&#8220;50px||0px||false|false&#8220; custom_padding_tablet=&#8220;45px||0px||false|false&#8220; custom_padding_phone=&#8220;36px||0px||false|false&#8220; animation_style=&#8220;fade&#8220; animation_duration=&#8220;800ms&#8220; global_colors_info=&#8220;{}&#8220;][et_pb_row custom_padding_last_edited=&#8220;on|phone&#8220; _builder_version=&#8220;4.17.1&#8243; _module_preset=&#8220;default&#8220; width=&#8220;100%&#8220; max_width=&#8220;100%&#8220; custom_margin=&#8220;0px||0px||false|false&#8220; custom_margin_tablet=&#8220;0px||0px||false|false&#8220; custom_margin_phone=&#8220;0px||0px||false|false&#8220; custom_margin_last_edited=&#8220;on|phone&#8220; custom_padding=&#8220;0px||0px||false|false&#8220; custom_padding_tablet=&#8220;0px||0px||false|false&#8220; custom_padding_phone=&#8220;0px|20px|0px|20px|false|false&#8220; global_colors_info=&#8220;{}&#8220;][et_pb_column type=&#8220;4_4&#8243; _builder_version=&#8220;4.17.1&#8243; _module_preset=&#8220;default&#8220; global_colors_info=&#8220;{}&#8220;][et_pb_divider color=&#8220;#615f5c&#8220; divider_position=&#8220;center&#8220; _builder_version=&#8220;4.17.1&#8243; _module_preset=&#8220;default&#8220; custom_margin=&#8220;0px||0px||false|false&#8220; custom_padding=&#8220;0px||0px||false|false&#8220; global_colors_info=&#8220;{}&#8220;][\/et_pb_divider][\/et_pb_column][\/et_pb_row][et_pb_row column_structure=&#8220;1_2,1_2&#8243; use_custom_gutter=&#8220;on&#8220; gutter_width=&#8220;1&#8243; custom_padding_last_edited=&#8220;on|phone&#8220; _builder_version=&#8220;4.17.1&#8243; _module_preset=&#8220;default&#8220; width=&#8220;100%&#8220; max_width=&#8220;100%&#8220; custom_margin=&#8220;0px||0px||false|false&#8220; custom_padding=&#8220;48px||48px||false|false&#8220; custom_padding_tablet=&#8220;48px||48px||false|false&#8220; custom_padding_phone=&#8220;36px||39px||false|false&#8220; border_color_top=&#8220;#433d39&#8243; border_color_bottom=&#8220;#433d39&#8243; global_colors_info=&#8220;{}&#8220;][et_pb_column type=&#8220;1_2&#8243; disabled_on=&#8220;off|off|off&#8220; _builder_version=&#8220;4.17.1&#8243; _module_preset=&#8220;default&#8220; global_colors_info=&#8220;{}&#8220;][et_pb_image src=&#8220;https:\/\/optique-wirtz.lu\/wp-content\/uploads\/2022\/12\/optique-wirtz-contact.jpg&#8220; title_text=&#8220;optique wirtz kontakt&#8220; align=&#8220;center&#8220; _builder_version=&#8220;4.17.4&#8243; _module_preset=&#8220;default&#8220; custom_margin=&#8220;0px||0px||false|false&#8220; custom_margin_tablet=&#8220;0px||80px||false|false&#8220; custom_margin_phone=&#8220;0px||80px||false|false&#8220; custom_margin_last_edited=&#8220;on|phone&#8220; custom_padding=&#8220;0px||0px||false|false&#8220; animation_style=&#8220;slide&#8220; animation_delay=&#8220;800ms&#8220; animation_intensity_slide=&#8220;10%&#8220; global_colors_info=&#8220;{}&#8220;][\/et_pb_image][et_pb_code _builder_version=&#8220;4.17.1&#8243; _module_preset=&#8220;default&#8220; global_colors_info=&#8220;{}&#8220;]<\/p>\n<style><!-- [et_pb_line_break_holder] -->  <!-- [et_pb_line_break_holder] -->  .et_pb_section{<!-- [et_pb_line_break_holder] -->    padding: 0 70px 70px;<!-- [et_pb_line_break_holder] -->  }<!-- [et_pb_line_break_holder] -->  <!-- [et_pb_line_break_holder] -->    @media screen and (max-width: 1679px) {<!-- [et_pb_line_break_holder] -->    .et_pb_section {<!-- [et_pb_line_break_holder] -->      padding: 0 40px 40px;<!-- [et_pb_line_break_holder] -->    }<!-- [et_pb_line_break_holder] -->\t}<!-- [et_pb_line_break_holder] -->  <!-- [et_pb_line_break_holder] -->      @media screen and (max-width: 1279px) {<!-- [et_pb_line_break_holder] -->    .et_pb_section {<!-- [et_pb_line_break_holder] -->      padding: 0;<!-- [et_pb_line_break_holder] -->    }<!-- [et_pb_line_break_holder] -->\t}<!-- [et_pb_line_break_holder] --><!-- [et_pb_line_break_holder] --><!-- [et_pb_line_break_holder] --><\/style>\n<p>[\/et_pb_code][\/et_pb_column][et_pb_column type=&#8220;1_2&#8243; _builder_version=&#8220;4.17.1&#8243; _module_preset=&#8220;default&#8220; custom_padding=&#8220;4vh|||12vh|false|false&#8220; custom_padding_tablet=&#8220;0px|40px||40px|false|false&#8220; custom_padding_phone=&#8220;|20px||20px|false|false&#8220; custom_padding_last_edited=&#8220;on|tablet&#8220; global_colors_info=&#8220;{}&#8220;][et_pb_text _builder_version=&#8220;4.17.4&#8243; _module_preset=&#8220;default&#8220; header_4_font=&#8220;Hind Siliguri|500|||||||&#8220; header_4_text_align=&#8220;left&#8220; header_4_text_color=&#8220;#5e90c8&#8243; header_4_font_size=&#8220;25px&#8220; custom_margin=&#8220;70px||10px||false|false&#8220; custom_padding=&#8220;0px||0px||false|false&#8220; animation_style=&#8220;slide&#8220; animation_direction=&#8220;right&#8220; animation_delay=&#8220;1000ms&#8220; animation_intensity_slide=&#8220;10%&#8220; animation_direction_last_edited=&#8220;off|desktop&#8220; global_colors_info=&#8220;{}&#8220;]<\/p>\n<h4>Optique Wirtz<\/h4>\n<p>[\/et_pb_text][et_pb_text _builder_version=&#8220;4.21.0&#8243; _module_preset=&#8220;default&#8220; header_font=&#8220;Oswald|||on|||||&#8220; header_text_align=&#8220;left&#8220; header_text_color=&#8220;#23201e&#8220; header_font_size=&#8220;9vh&#8220; header_line_height=&#8220;1.2em&#8220; custom_margin=&#8220;0px||30px||false|false&#8220; custom_padding=&#8220;0px||0px||false|false&#8220; animation_style=&#8220;slide&#8220; animation_direction=&#8220;right&#8220; animation_delay=&#8220;1200ms&#8220; animation_intensity_slide=&#8220;10%&#8220; header_font_size_tablet=&#8220;78px&#8220; header_font_size_phone=&#8220;45px&#8220; header_font_size_last_edited=&#8220;on|phone&#8220; global_colors_info=&#8220;{}&#8220;]<\/p>\n<h1><span>NEHMEN SIE GERNE KONTAKT MIT UNS AUF<\/span><\/h1>\n<p>[\/et_pb_text][et_pb_button button_url=&#8220;#formular&#8220; button_text=&#8220;FORMULAR&#8220; button_alignment=&#8220;left&#8220; button_alignment_tablet=&#8220;center&#8220; button_alignment_phone=&#8220;center&#8220; button_alignment_last_edited=&#8220;on|tablet&#8220; _builder_version=&#8220;4.17.4&#8243; _module_preset=&#8220;default&#8220; custom_button=&#8220;on&#8220; button_text_size=&#8220;20px&#8220; button_text_color=&#8220;#23201e&#8220; button_bg_color=&#8220;RGBA(255,255,255,0)&#8220; button_border_color=&#8220;RGBA(255,255,255,0)&#8220; button_border_radius=&#8220;0px&#8220; button_font=&#8220;Hind Siliguri|600|||||||&#8220; button_icon=&#8220;&#x24;||divi||400&#8243; button_on_hover=&#8220;off&#8220; custom_margin=&#8220;0px||0px||false|false&#8220; custom_margin_tablet=&#8220;0px||50px||false|false&#8220; custom_margin_phone=&#8220;0px||50px||false|false&#8220; custom_margin_last_edited=&#8220;on|tablet&#8220; custom_padding=&#8220;0px||0px|0px|false|false&#8220; global_colors_info=&#8220;{}&#8220; button_letter_spacing__hover=&#8220;0px&#8220; button_letter_spacing__hover_enabled=&#8220;on|hover&#8220;][\/et_pb_button][et_pb_button button_url=&#8220;#geschaefte&#8220; button_text=&#8220;UNSERE GESCH\u00c4FTE&#8220; button_alignment=&#8220;left&#8220; button_alignment_tablet=&#8220;center&#8220; button_alignment_phone=&#8220;center&#8220; button_alignment_last_edited=&#8220;on|tablet&#8220; _builder_version=&#8220;4.17.4&#8243; _module_preset=&#8220;default&#8220; custom_button=&#8220;on&#8220; button_text_size=&#8220;20px&#8220; button_text_color=&#8220;#23201e&#8220; button_bg_color=&#8220;RGBA(255,255,255,0)&#8220; button_border_color=&#8220;RGBA(255,255,255,0)&#8220; button_border_radius=&#8220;0px&#8220; button_font=&#8220;Hind Siliguri|600|||||||&#8220; button_icon=&#8220;&#x24;||divi||400&#8243; button_on_hover=&#8220;off&#8220; custom_margin=&#8220;0px||0px||false|false&#8220; custom_margin_tablet=&#8220;0px||50px||false|false&#8220; custom_margin_phone=&#8220;0px||50px||false|false&#8220; custom_margin_last_edited=&#8220;on|tablet&#8220; custom_padding=&#8220;0px||0px|0px|false|false&#8220; global_colors_info=&#8220;{}&#8220; button_letter_spacing__hover=&#8220;0px&#8220; button_letter_spacing__hover_enabled=&#8220;on|hover&#8220;][\/et_pb_button][\/et_pb_column][\/et_pb_row][\/et_pb_section][et_pb_section fb_built=&#8220;1&#8243; _builder_version=&#8220;4.17.4&#8243; _module_preset=&#8220;default&#8220; background_color=&#8220;#f8f6f1&#8243; global_colors_info=&#8220;{}&#8220;][et_pb_row _builder_version=&#8220;4.17.4&#8243; _module_preset=&#8220;default&#8220; global_colors_info=&#8220;{}&#8220;][et_pb_column type=&#8220;4_4&#8243; _builder_version=&#8220;4.17.4&#8243; _module_preset=&#8220;default&#8220; global_colors_info=&#8220;{}&#8220;][et_pb_text _builder_version=&#8220;4.19.5&#8243; _module_preset=&#8220;default&#8220; text_font=&#8220;Hind Siliguri||||||||&#8220; text_font_size=&#8220;20px&#8220; text_orientation=&#8220;center&#8220; global_colors_info=&#8220;{}&#8220;]<\/p>\n<p style=\"text-align: center;\">Entdecken Sie unsere neuesten Nachrichten und folgen Sie uns in den sozialen Netzwerken, um nichts zu verpassen!<\/p>\n<p>[\/et_pb_text][et_pb_social_media_follow _builder_version=&#8220;4.19.5&#8243; _module_preset=&#8220;default&#8220; text_orientation=&#8220;center&#8220; global_colors_info=&#8220;{}&#8220;][et_pb_social_media_follow_network social_network=&#8220;facebook&#8220; url=&#8220;https:\/\/www.facebook.com\/optiquewirtz&#8220; icon_color=&#8220;#FFFFFF&#8220; _builder_version=&#8220;4.19.5&#8243; _module_preset=&#8220;default&#8220; background_color=&#8220;#5e90c8&#8243; background_enable_color=&#8220;on&#8220; custom_padding=&#8220;8px|8px|8px|8px|true|true&#8220; border_radii=&#8220;on|50px|50px|50px|50px&#8220; global_colors_info=&#8220;{}&#8220; background__hover_enabled=&#8220;on|desktop&#8220; background_color__hover=&#8220;#181818&#8243; background_enable_color__hover=&#8220;on&#8220; follow_button=&#8220;off&#8220; url_new_window=&#8220;on&#8220;]facebook[\/et_pb_social_media_follow_network][et_pb_social_media_follow_network social_network=&#8220;instagram&#8220; url=&#8220;https:\/\/www.instagram.com\/optiquewirtz\/?hl=fr&#8220; icon_color=&#8220;#FFFFFF&#8220; _builder_version=&#8220;4.19.5&#8243; _module_preset=&#8220;default&#8220; background_color=&#8220;#5e90c8&#8243; background_enable_color=&#8220;on&#8220; custom_padding=&#8220;8px|8px|8px|8px|true|true&#8220; border_radii=&#8220;on|50px|50px|50px|50px&#8220; global_colors_info=&#8220;{}&#8220; background__hover_enabled=&#8220;on|desktop&#8220; background_color__hover=&#8220;#181818&#8243; background_enable_color__hover=&#8220;on&#8220; follow_button=&#8220;off&#8220; url_new_window=&#8220;on&#8220;]instagram[\/et_pb_social_media_follow_network][\/et_pb_social_media_follow][dsm_facebook_feed fb_page_url=&#8220;https:\/\/www.facebook.com\/optiquewirtz\/?fref=ts&#8220; _builder_version=&#8220;4.17.4&#8243; _module_preset=&#8220;default&#8220; global_colors_info=&#8220;{}&#8220;][\/dsm_facebook_feed][\/et_pb_column][\/et_pb_row][\/et_pb_section][et_pb_section fb_built=&#8220;1&#8243; _builder_version=&#8220;4.17.4&#8243; _module_preset=&#8220;default&#8220; background_color=&#8220;#f8f6f1&#8243; global_colors_info=&#8220;{}&#8220;][et_pb_row column_structure=&#8220;1_2,1_2&#8243; make_equal=&#8220;on&#8220; module_id=&#8220;formulaire&#8220; _builder_version=&#8220;4.17.4&#8243; _module_preset=&#8220;default&#8220; global_colors_info=&#8220;{}&#8220;][et_pb_column type=&#8220;1_2&#8243; _builder_version=&#8220;4.16&#8243; _module_preset=&#8220;default&#8220; custom_padding_tablet=&#8220;||30px||false|false&#8220; custom_padding_phone=&#8220;&#8220; custom_padding_last_edited=&#8220;on|tablet&#8220; global_colors_info=&#8220;{}&#8220;][et_pb_text _builder_version=&#8220;4.17.4&#8243; _module_preset=&#8220;default&#8220; header_font=&#8220;Oswald|||on|||||&#8220; header_text_align=&#8220;left&#8220; header_text_color=&#8220;#23201e&#8220; header_font_size=&#8220;8vh&#8220; header_line_height=&#8220;1.2em&#8220; custom_margin=&#8220;0px||30px||false|false&#8220; custom_padding=&#8220;0px||0px||false|false&#8220; animation_style=&#8220;slide&#8220; animation_direction=&#8220;right&#8220; animation_delay=&#8220;1200ms&#8220; animation_intensity_slide=&#8220;10%&#8220; header_font_size_tablet=&#8220;78px&#8220; header_font_size_phone=&#8220;45px&#8220; header_font_size_last_edited=&#8220;on|phone&#8220; global_colors_info=&#8220;{}&#8220;]<\/p>\n<h1>Formular<\/h1>\n<p>[\/et_pb_text][et_pb_blurb title=&#8220;Telefonnummern&#8220; content_max_width=&#8220;100%&#8220; _builder_version=&#8220;4.20.1&#8243; _module_preset=&#8220;default&#8220; header_font=&#8220;Oswald|800|||||||&#8220; header_text_color=&#8220;#5e90c8&#8243; header_font_size=&#8220;25px&#8220; header_line_height=&#8220;1.1em&#8220; body_font=&#8220;Oswald|600|||||||&#8220; body_text_color=&#8220;#333333&#8243; body_font_size=&#8220;20px&#8220; global_colors_info=&#8220;{}&#8220;]<\/p>\n<p><strong><\/strong><\/p>\n<p><strong>Diekirch:<\/strong> 80 35 88<\/p>\n<p>Whatsapp: 621-746 576<\/p>\n<p><strong>Grevenmacher:<\/strong> 75 06 77<\/p>\n<p>Whatsapp: 621-378 657<\/p>\n<p><strong>Echternach:<\/strong> 72 64 54<\/p>\n<p>Whatsapp: 621-386 515<\/p>\n<p>[\/et_pb_blurb][et_pb_blurb title=&#8220;E-Mail-Adressen&#8220; content_max_width=&#8220;100%&#8220; _builder_version=&#8220;4.20.1&#8243; _module_preset=&#8220;default&#8220; header_font=&#8220;Oswald|800|||||||&#8220; header_text_color=&#8220;#5e90c8&#8243; header_font_size=&#8220;25px&#8220; header_line_height=&#8220;1.1em&#8220; body_font=&#8220;Oswald|600|||||||&#8220; body_text_color=&#8220;#333333&#8243; body_font_size=&#8220;20px&#8220; global_colors_info=&#8220;{}&#8220;]<\/p>\n<p><strong><\/strong><\/p>\n<p><strong>Diekirch :<\/strong> <a href=\"mailto:wirtz-diekirch@pt.lu\" target=\"_blank\" rel=\"noopener\">wirtz-diekirch@pt.lu<\/a><\/p>\n<p><strong>Grevenmacher :<\/strong> <a href=\"mailto:wirtz-grevenmacher@pt.lu\" target=\"_blank\" rel=\"noopener\">wirtz-grevenmacher@pt.lu<\/a><\/p>\n<p><strong>Echternach :<\/strong> <a href=\"mailto:wirtz-echternach@pt.lu\" target=\"_blank\" rel=\"noopener\">wirtz-echternach@pt.lu<\/a><\/p>\n<p>[\/et_pb_blurb][\/et_pb_column][et_pb_column type=&#8220;1_2&#8243; _builder_version=&#8220;4.17.4&#8243; _module_preset=&#8220;default&#8220; custom_css_main_element=&#8220;margin:auto&#8220; global_colors_info=&#8220;{}&#8220;][et_pb_contact_form captcha=&#8220;off&#8220; email=&#8220;contact@optique-wirtz.lu&#8220; custom_message=&#8220;Bonjour, ||et_pb_line_break_holder||||et_pb_line_break_holder||Vous avez re\u00e7u une nouvelle demande de devis \u00e0 travers votre site internet :||et_pb_line_break_holder||||et_pb_line_break_holder||Nom : %%Name%%||et_pb_line_break_holder||||et_pb_line_break_holder||E-mail : %%Email%%||et_pb_line_break_holder||||et_pb_line_break_holder||T\u00e9l\u00e9phone : %%telephone%%||et_pb_line_break_holder||||et_pb_line_break_holder||Sujet : %%Subject%%||et_pb_line_break_holder||||et_pb_line_break_holder||Message : %%Message%%||et_pb_line_break_holder||||et_pb_line_break_holder||%%GDPR%%||et_pb_line_break_holder||||et_pb_line_break_holder||Merci de contacter la personne int\u00e9ress\u00e9e d\u00e8s que possible.&#8220; use_redirect=&#8220;on&#8220; redirect_url=&#8220;https:\/\/optique-wirtz.lu\/de\/thank-you\/&#8220; success_message=&#8220;Danke f\u00fcr Ihre Nachricht&#8220; submit_button_text=&#8220;Senden&#8220; _builder_version=&#8220;4.21.0&#8243; _module_preset=&#8220;default&#8220; form_field_background_color=&#8220;RGBA(0,0,0,0)&#8220; form_field_text_color=&#8220;#333333&#8243; form_field_focus_background_color=&#8220;RGBA(0,0,0,0)&#8220; form_field_focus_text_color=&#8220;#333333&#8243; form_field_custom_padding=&#8220;18px|20px|18px|20px|true|true&#8220; title_level=&#8220;h2&#8243; title_font=&#8220;Montserrat|800|||||||&#8220; title_text_color=&#8220;#181818&#8243; title_font_size=&#8220;30px&#8220; captcha_font=&#8220;Open Sans||||||||&#8220; captcha_text_color=&#8220;#333333&#8243; form_field_font=&#8220;Oswald|600|||||||&#8220; form_field_font_size=&#8220;20px&#8220; custom_button=&#8220;on&#8220; button_text_size=&#8220;14px&#8220; button_text_color=&#8220;#FFFFFF&#8220; button_bg_color=&#8220;#5e90c8&#8243; button_border_width=&#8220;0px&#8220; button_border_color=&#8220;#0000FF&#8220; button_border_radius=&#8220;0px&#8220; button_letter_spacing=&#8220;1px&#8220; button_font=&#8220;|700||on|||||&#8220; button_icon=&#8220;&#xf530;||fa||900&#8243; button_custom_padding=&#8220;14px|32px|14px|32px|true|true&#8220; hover_enabled=&#8220;0&#8243; border_color_all=&#8220;#181818&#8243; border_width_bottom=&#8220;1px&#8220; global_colors_info=&#8220;{}&#8220; button_bg_color__hover_enabled=&#8220;on|desktop&#8220; button_bg_color__hover=&#8220;#181818&#8243; button_bg_enable_color__hover=&#8220;on&#8220; button_border_color__hover_enabled=&#8220;on|desktop&#8220; button_border_color__hover=&#8220;#181818&#8243; sticky_enabled=&#8220;0&#8243;][et_pb_contact_field field_id=&#8220;Name&#8220; field_title=&#8220;Vor- &#038; Nachname*&#8220; fullwidth_field=&#8220;on&#8220; _builder_version=&#8220;4.20.1&#8243; global_colors_info=&#8220;{}&#8220; button_text_size__hover_enabled=&#8220;off&#8220; button_one_text_size__hover_enabled=&#8220;off&#8220; button_two_text_size__hover_enabled=&#8220;off&#8220; button_text_color__hover_enabled=&#8220;off&#8220; button_one_text_color__hover_enabled=&#8220;off&#8220; button_two_text_color__hover_enabled=&#8220;off&#8220; button_border_width__hover_enabled=&#8220;off&#8220; button_one_border_width__hover_enabled=&#8220;off&#8220; button_two_border_width__hover_enabled=&#8220;off&#8220; button_border_color__hover_enabled=&#8220;off&#8220; button_one_border_color__hover_enabled=&#8220;off&#8220; button_two_border_color__hover_enabled=&#8220;off&#8220; button_border_radius__hover_enabled=&#8220;off&#8220; button_one_border_radius__hover_enabled=&#8220;off&#8220; button_two_border_radius__hover_enabled=&#8220;off&#8220; button_letter_spacing__hover_enabled=&#8220;off&#8220; button_one_letter_spacing__hover_enabled=&#8220;off&#8220; button_two_letter_spacing__hover_enabled=&#8220;off&#8220; button_bg_color__hover_enabled=&#8220;off&#8220; button_one_bg_color__hover_enabled=&#8220;off&#8220; button_two_bg_color__hover_enabled=&#8220;off&#8220;][\/et_pb_contact_field][et_pb_contact_field field_id=&#8220;Email&#8220; field_title=&#8220;E-Mail*&#8220; field_type=&#8220;email&#8220; fullwidth_field=&#8220;on&#8220; _builder_version=&#8220;4.20.1&#8243; global_colors_info=&#8220;{}&#8220; button_text_size__hover_enabled=&#8220;off&#8220; button_one_text_size__hover_enabled=&#8220;off&#8220; button_two_text_size__hover_enabled=&#8220;off&#8220; button_text_color__hover_enabled=&#8220;off&#8220; button_one_text_color__hover_enabled=&#8220;off&#8220; button_two_text_color__hover_enabled=&#8220;off&#8220; button_border_width__hover_enabled=&#8220;off&#8220; button_one_border_width__hover_enabled=&#8220;off&#8220; button_two_border_width__hover_enabled=&#8220;off&#8220; button_border_color__hover_enabled=&#8220;off&#8220; button_one_border_color__hover_enabled=&#8220;off&#8220; button_two_border_color__hover_enabled=&#8220;off&#8220; button_border_radius__hover_enabled=&#8220;off&#8220; button_one_border_radius__hover_enabled=&#8220;off&#8220; button_two_border_radius__hover_enabled=&#8220;off&#8220; button_letter_spacing__hover_enabled=&#8220;off&#8220; button_one_letter_spacing__hover_enabled=&#8220;off&#8220; button_two_letter_spacing__hover_enabled=&#8220;off&#8220; button_bg_color__hover_enabled=&#8220;off&#8220; button_one_bg_color__hover_enabled=&#8220;off&#8220; button_two_bg_color__hover_enabled=&#8220;off&#8220;][\/et_pb_contact_field][et_pb_contact_field field_id=&#8220;telephone&#8220; field_title=&#8220;Telefon*&#8220; fullwidth_field=&#8220;on&#8220; _builder_version=&#8220;4.21.0&#8243; hover_enabled=&#8220;0&#8243; global_colors_info=&#8220;{}&#8220; button_text_size__hover_enabled=&#8220;off&#8220; button_one_text_size__hover_enabled=&#8220;off&#8220; button_two_text_size__hover_enabled=&#8220;off&#8220; button_text_color__hover_enabled=&#8220;off&#8220; button_one_text_color__hover_enabled=&#8220;off&#8220; button_two_text_color__hover_enabled=&#8220;off&#8220; button_border_width__hover_enabled=&#8220;off&#8220; button_one_border_width__hover_enabled=&#8220;off&#8220; button_two_border_width__hover_enabled=&#8220;off&#8220; button_border_color__hover_enabled=&#8220;off&#8220; button_one_border_color__hover_enabled=&#8220;off&#8220; button_two_border_color__hover_enabled=&#8220;off&#8220; button_border_radius__hover_enabled=&#8220;off&#8220; button_one_border_radius__hover_enabled=&#8220;off&#8220; button_two_border_radius__hover_enabled=&#8220;off&#8220; button_letter_spacing__hover_enabled=&#8220;off&#8220; button_one_letter_spacing__hover_enabled=&#8220;off&#8220; button_two_letter_spacing__hover_enabled=&#8220;off&#8220; button_bg_color__hover_enabled=&#8220;off&#8220; button_one_bg_color__hover_enabled=&#8220;off&#8220; button_two_bg_color__hover_enabled=&#8220;off&#8220; sticky_enabled=&#8220;0&#8243;][\/et_pb_contact_field][et_pb_contact_field field_id=&#8220;Subject&#8220; field_title=&#8220;Gesch\u00e4ft*&#8220; field_type=&#8220;select&#8220; select_options=&#8220;%91{%22value%22:%22Diekirch%22,%22checked%22:0,%22dragID%22:-1},{%22value%22:%22Grevenmacher%22,%22checked%22:0,%22dragID%22:0},{%22value%22:%22Echternach%22,%22checked%22:0,%22dragID%22:1}%93&#8243; fullwidth_field=&#8220;on&#8220; _builder_version=&#8220;4.20.1&#8243; global_colors_info=&#8220;{}&#8220; button_text_size__hover_enabled=&#8220;off&#8220; button_one_text_size__hover_enabled=&#8220;off&#8220; button_two_text_size__hover_enabled=&#8220;off&#8220; button_text_color__hover_enabled=&#8220;off&#8220; button_one_text_color__hover_enabled=&#8220;off&#8220; button_two_text_color__hover_enabled=&#8220;off&#8220; button_border_width__hover_enabled=&#8220;off&#8220; button_one_border_width__hover_enabled=&#8220;off&#8220; button_two_border_width__hover_enabled=&#8220;off&#8220; button_border_color__hover_enabled=&#8220;off&#8220; button_one_border_color__hover_enabled=&#8220;off&#8220; button_two_border_color__hover_enabled=&#8220;off&#8220; button_border_radius__hover_enabled=&#8220;off&#8220; button_one_border_radius__hover_enabled=&#8220;off&#8220; button_two_border_radius__hover_enabled=&#8220;off&#8220; button_letter_spacing__hover_enabled=&#8220;off&#8220; button_one_letter_spacing__hover_enabled=&#8220;off&#8220; button_two_letter_spacing__hover_enabled=&#8220;off&#8220; button_bg_color__hover_enabled=&#8220;off&#8220; button_one_bg_color__hover_enabled=&#8220;off&#8220; button_two_bg_color__hover_enabled=&#8220;off&#8220;][\/et_pb_contact_field][et_pb_contact_field field_id=&#8220;Message&#8220; field_title=&#8220;Nachricht*&#8220; field_type=&#8220;text&#8220; fullwidth_field=&#8220;on&#8220; _builder_version=&#8220;4.20.1&#8243; global_colors_info=&#8220;{}&#8220; button_text_size__hover_enabled=&#8220;off&#8220; button_one_text_size__hover_enabled=&#8220;off&#8220; button_two_text_size__hover_enabled=&#8220;off&#8220; button_text_color__hover_enabled=&#8220;off&#8220; button_one_text_color__hover_enabled=&#8220;off&#8220; button_two_text_color__hover_enabled=&#8220;off&#8220; button_border_width__hover_enabled=&#8220;off&#8220; button_one_border_width__hover_enabled=&#8220;off&#8220; button_two_border_width__hover_enabled=&#8220;off&#8220; button_border_color__hover_enabled=&#8220;off&#8220; button_one_border_color__hover_enabled=&#8220;off&#8220; button_two_border_color__hover_enabled=&#8220;off&#8220; button_border_radius__hover_enabled=&#8220;off&#8220; button_one_border_radius__hover_enabled=&#8220;off&#8220; button_two_border_radius__hover_enabled=&#8220;off&#8220; button_letter_spacing__hover_enabled=&#8220;off&#8220; button_one_letter_spacing__hover_enabled=&#8220;off&#8220; button_two_letter_spacing__hover_enabled=&#8220;off&#8220; button_bg_color__hover_enabled=&#8220;off&#8220; button_one_bg_color__hover_enabled=&#8220;off&#8220; button_two_bg_color__hover_enabled=&#8220;off&#8220;][\/et_pb_contact_field][et_pb_contact_field field_id=&#8220;GDPR&#8220; field_title=&#8220; &#8220; field_type=&#8220;checkbox&#8220; checkbox_options=&#8220;%91{%22value%22:%22 *Ich bin damit einverstanden, dass meine Daten im Rahmen meiner Informationsanfrage an Optique Wirtz weitergeleitet werden.%22,%22checked%22:0,%22dragID%22:-1}%93&#8243; fullwidth_field=&#8220;on&#8220; _builder_version=&#8220;4.20.1&#8243; _module_preset=&#8220;default&#8220; border_width_all=&#8220;1px&#8220; global_colors_info=&#8220;{}&#8220;][\/et_pb_contact_field][\/et_pb_contact_form][\/et_pb_column][\/et_pb_row][\/et_pb_section][et_pb_section fb_built=&#8220;1&#8243; _builder_version=&#8220;4.17.4&#8243; _module_preset=&#8220;default&#8220; background_color=&#8220;#f8f6f1&#8243; global_colors_info=&#8220;{}&#8220;][et_pb_row module_id=&#8220;boutiques&#8220; _builder_version=&#8220;4.17.4&#8243; _module_preset=&#8220;default&#8220; width=&#8220;90%&#8220; max_width=&#8220;1078px&#8220; custom_margin=&#8220;0px||70px||false|false&#8220; custom_padding=&#8220;0px||0px||false|false&#8220; global_colors_info=&#8220;{}&#8220;][et_pb_column type=&#8220;4_4&#8243; _builder_version=&#8220;4.17.4&#8243; _module_preset=&#8220;default&#8220; global_colors_info=&#8220;{}&#8220;][et_pb_text _builder_version=&#8220;4.17.4&#8243; _module_preset=&#8220;default&#8220; header_font=&#8220;Oswald|||on|||||&#8220; header_text_align=&#8220;left&#8220; header_text_color=&#8220;#23201e&#8220; header_font_size=&#8220;8vh&#8220; header_line_height=&#8220;1.2em&#8220; custom_margin=&#8220;0px||30px||false|false&#8220; custom_padding=&#8220;0px||0px||false|false&#8220; animation_style=&#8220;slide&#8220; animation_direction=&#8220;right&#8220; animation_delay=&#8220;1200ms&#8220; animation_intensity_slide=&#8220;10%&#8220; header_font_size_tablet=&#8220;78px&#8220; header_font_size_phone=&#8220;45px&#8220; header_font_size_last_edited=&#8220;on|phone&#8220; global_colors_info=&#8220;{}&#8220;]<\/p>\n<h1>Unsere Gesch\u00e4fte<\/h1>\n<p>[\/et_pb_text][\/et_pb_column][\/et_pb_row][et_pb_row column_structure=&#8220;1_3,1_3,1_3&#8243; _builder_version=&#8220;4.17.4&#8243; _module_preset=&#8220;default&#8220; global_colors_info=&#8220;{}&#8220;][et_pb_column type=&#8220;1_3&#8243; _builder_version=&#8220;4.17.4&#8243; _module_preset=&#8220;default&#8220; global_colors_info=&#8220;{}&#8220;][et_pb_blurb title=&#8220;DIEKIRCH&#8220; image=&#8220;https:\/\/optique-wirtz.lu\/wp-content\/uploads\/2022\/11\/Optique-Wirtz-boutique-Diekirch.jpg&#8220; _builder_version=&#8220;4.20.1&#8243; _module_preset=&#8220;default&#8220; header_font=&#8220;Oswald||||||||&#8220; header_text_color=&#8220;#5e90c8&#8243; header_font_size=&#8220;25px&#8220; body_font=&#8220;Oswald||||||||&#8220; body_font_size=&#8220;18px&#8220; global_colors_info=&#8220;{}&#8220;]<\/p>\n<p>2 rue St. Antoine<br \/>L-9205 DIEKIRCH<br \/>Tel: 80 35 88<br \/>Fax: 80 32 23<\/p>\n<p>\u00d6ffnungszeiten:<br \/>Mo-Fr: 08:00-12:00, 13:00-18:00<br \/>Sa: 08:00-12:00<\/p>\n<p>[\/et_pb_blurb][et_pb_code _builder_version=&#8220;4.17.4&#8243; _module_preset=&#8220;default&#8220; global_colors_info=&#8220;{}&#8220;]<iframe src=\"https:\/\/www.google.com\/maps\/embed?pb=!1m14!1m8!1m3!1d10286.234022909837!2d6.1594633!3d49.8695374!3m2!1i1024!2i768!4f13.1!3m3!1m2!1s0x0%3A0x47049346da997a0a!2sOptique%20Marc%20Wirtz%20S%C3%A0rl!5e0!3m2!1sfr!2slu!4v1657272688793!5m2!1sfr!2slu\" width=\"600\" height=\"200\" style=\"border:0;\" allowfullscreen=\"\" loading=\"lazy\" referrerpolicy=\"no-referrer-when-downgrade\"><\/iframe>[\/et_pb_code][\/et_pb_column][et_pb_column type=&#8220;1_3&#8243; _builder_version=&#8220;4.17.4&#8243; _module_preset=&#8220;default&#8220; global_colors_info=&#8220;{}&#8220;][et_pb_blurb title=&#8220;GREVENMACHER&#8220; image=&#8220;https:\/\/optique-wirtz.lu\/wp-content\/uploads\/2023\/03\/optique-wirtz-boutique-grevenmacher.png&#8220; _builder_version=&#8220;4.20.1&#8243; _module_preset=&#8220;default&#8220; header_font=&#8220;Oswald||||||||&#8220; header_text_align=&#8220;center&#8220; header_text_color=&#8220;#5e90c8&#8243; header_font_size=&#8220;25px&#8220; body_font=&#8220;Oswald||||||||&#8220; body_font_size=&#8220;18px&#8220; global_colors_info=&#8220;{}&#8220;]<\/p>\n<p style=\"text-align: center;\">11 Grand-rue<br \/>L-6730 GREVENMACHER<br \/>Tel: 75 06 77<br \/>Fax: 75 90 62<\/p>\n<p style=\"text-align: center;\">\u00d6ffnungszeiten:<br \/>Di-Fr: 08:00-12:00, 13:00-18:00<br \/>Sa: 08:00-12:00<\/p>\n<p>[\/et_pb_blurb][et_pb_code _builder_version=&#8220;4.17.4&#8243; _module_preset=&#8220;default&#8220; global_colors_info=&#8220;{}&#8220;]<iframe src=\"https:\/\/www.google.com\/maps\/embed?pb=!1m14!1m8!1m3!1d10326.823884641411!2d6.4420765!3d49.678677!3m2!1i1024!2i768!4f13.1!3m3!1m2!1s0x0%3A0x62744d49057790bc!2sOptique%20Marc%20Wirtz%20S%C3%A0rl!5e0!3m2!1sfr!2slu!4v1657273044294!5m2!1sfr!2slu\" width=\"600\" height=\"200\" style=\"border:0;\" allowfullscreen=\"\" loading=\"lazy\" referrerpolicy=\"no-referrer-when-downgrade\"><\/iframe>[\/et_pb_code][\/et_pb_column][et_pb_column type=&#8220;1_3&#8243; _builder_version=&#8220;4.17.4&#8243; _module_preset=&#8220;default&#8220; global_colors_info=&#8220;{}&#8220;][et_pb_blurb title=&#8220;ECHTERNACH&#8220; image=&#8220;https:\/\/optique-wirtz.lu\/wp-content\/uploads\/2022\/11\/Optique-Wirtz-boutique-Echternach.jpg&#8220; _builder_version=&#8220;4.20.1&#8243; _module_preset=&#8220;default&#8220; header_font=&#8220;Oswald||||||||&#8220; header_text_align=&#8220;right&#8220; header_text_color=&#8220;#5e90c8&#8243; header_font_size=&#8220;25px&#8220; body_font=&#8220;Oswald||||||||&#8220; body_font_size=&#8220;18px&#8220; global_colors_info=&#8220;{}&#8220;]<\/p>\n<p style=\"text-align: right;\">6 rue de la gare<br \/>L-6440 ECHTERNACH<br \/>Tel: 72 64 54<br \/>Fax: 72 64 55<\/p>\n<p style=\"text-align: right;\">\u00d6ffnungszeiten:<br \/>Di-Fr: 08:00-12:00, 13:00-18:00<br \/>Sa: 08:00-15:00<\/p>\n<p>[\/et_pb_blurb][et_pb_code _builder_version=&#8220;4.17.4&#8243; _module_preset=&#8220;default&#8220; global_colors_info=&#8220;{}&#8220;]<iframe src=\"https:\/\/www.google.com\/maps\/embed?pb=!1m14!1m8!1m3!1d10298.245665439923!2d6.4191745!3d49.8131126!3m2!1i1024!2i768!4f13.1!3m3!1m2!1s0x0%3A0xbaef888297f198ff!2sOptique%20Marc%20Wirtz%20S%C3%A0rl!5e0!3m2!1sfr!2slu!4v1657273171546!5m2!1sfr!2slu\" width=\"600\" height=\"200\" style=\"border:0;\" allowfullscreen=\"\" loading=\"lazy\" referrerpolicy=\"no-referrer-when-downgrade\"><\/iframe>[\/et_pb_code][\/et_pb_column][\/et_pb_row][\/et_pb_section]<\/p>\n","protected":false},"excerpt":{"rendered":"<p>Optique WirtzNEHMEN SIE GERNE KONTAKT MIT UNS AUFEntdecken Sie unsere neuesten Nachrichten und folgen Sie uns in den sozialen Netzwerken, um nichts zu verpassen!<div class=\"et_pb_module dsm_facebook_feed dsm_facebook_feed_0 et_pb_text_align_center\">\n\t\t\t\t\n\t\t\t\t\n\t\t\t\t\n\t\t\t\t\n\t\t\t\t\n\t\t\t\t\n\t\t\t\t<div class=\"et_pb_module_inner\">\n\t\t\t\t\t<div class=\"dsm-facebook-feed\">\n\t\t\t\t<div id=\"fb-root\"><\/div>\n\t\t\t\t<div class=\"fb-page\" data-href=\"https:\/\/www.facebook.com\/optiquewirtz\/?fref=ts\" data-tabs=\"timeline\" data-width=\"340\" data-height=\"500\" data-small-header=\"false\" data-adapt-container-width=\"true\" data-hide-cover=\"false\" data-show-facepile=\"true\" data-lazy=\"false\">\n\t\t\t\t<\/div>\n\t\t\t<\/div>\n\t\t\t\t<\/div>\n\t\t\t<\/div>Formular Diekirch: 80 35 88 Whatsapp: 621-746 576 Grevenmacher: 75 06 77 Whatsapp: 621-378 657 Echternach: 72 64 54 Whatsapp: 621-386 515 Diekirch : wirtz-diekirch@pt.lu Grevenmacher : wirtz-grevenmacher@pt.lu Echternach : wirtz-echternach@pt.luUnsere Gesch\u00e4fte2 rue St. AntoineL-9205 DIEKIRCHTel: 80 35 88Fax: 80 32 23 \u00d6ffnungszeiten:Mo-Fr: 08:00-12:00, 13:00-18:00Sa: 08:00-12:0011 Grand-rueL-6730 GREVENMACHERTel: 75 06 77Fax: 75 90 62 \u00d6ffnungszeiten:Di-Fr: 08:00-12:00, 13:00-18:00Sa: 08:00-12:006 rue de la gareL-6440 ECHTERNACHTel: 72 64 54Fax: 72 64 55 \u00d6ffnungszeiten:Di-Fr: 08:00-12:00, 13:00-18:00Sa: 08:00-15:00<\/p>\n","protected":false},"author":2,"featured_media":0,"parent":0,"menu_order":0,"comment_status":"closed","ping_status":"closed","template":"","meta":{"_acf_changed":false,"_et_pb_use_builder":"on","_et_pb_old_content":"","_et_gb_content_width":"","footnotes":""},"class_list":["post-51116","page","type-page","status-publish","hentry"],"acf":[],"_links":{"self":[{"href":"https:\/\/optique-wirtz.lu\/de\/wp-json\/wp\/v2\/pages\/51116","targetHints":{"allow":["GET"]}}],"collection":[{"href":"https:\/\/optique-wirtz.lu\/de\/wp-json\/wp\/v2\/pages"}],"about":[{"href":"https:\/\/optique-wirtz.lu\/de\/wp-json\/wp\/v2\/types\/page"}],"author":[{"embeddable":true,"href":"https:\/\/optique-wirtz.lu\/de\/wp-json\/wp\/v2\/users\/2"}],"replies":[{"embeddable":true,"href":"https:\/\/optique-wirtz.lu\/de\/wp-json\/wp\/v2\/comments?post=51116"}],"version-history":[{"count":11,"href":"https:\/\/optique-wirtz.lu\/de\/wp-json\/wp\/v2\/pages\/51116\/revisions"}],"predecessor-version":[{"id":51811,"href":"https:\/\/optique-wirtz.lu\/de\/wp-json\/wp\/v2\/pages\/51116\/revisions\/51811"}],"wp:attachment":[{"href":"https:\/\/optique-wirtz.lu\/de\/wp-json\/wp\/v2\/media?parent=51116"}],"curies":[{"name":"wp","href":"https:\/\/api.w.org\/{rel}","templated":true}]}}