{"id":51149,"date":"2022-07-04T18:26:34","date_gmt":"2022-07-04T17:26:34","guid":{"rendered":"https:\/\/optique-wirtz.lu\/accueil\/"},"modified":"2026-04-08T07:25:00","modified_gmt":"2026-04-08T06:25:00","slug":"accueil","status":"publish","type":"page","link":"https:\/\/optique-wirtz.lu\/de\/","title":{"rendered":"Startseite"},"content":{"rendered":"<p>[et_pb_section fb_built=&#8220;1&#8243; custom_padding_last_edited=&#8220;on|phone&#8220; _builder_version=&#8220;4.19.5&#8243; _module_preset=&#8220;default&#8220; background_color=&#8220;#f8f6f1&#8243; custom_margin=&#8220;0px||0px||false|false&#8220; custom_padding=&#8220;0px||0px||false|false&#8220; custom_padding_tablet=&#8220;0px||0px||false|false&#8220; custom_padding_phone=&#8220;0px||0px||false|false&#8220; animation_style=&#8220;fade&#8220; animation_duration=&#8220;800ms&#8220; global_colors_info=&#8220;{}&#8220;][et_pb_row column_structure=&#8220;1_2,1_2&#8243; use_custom_gutter=&#8220;on&#8220; gutter_width=&#8220;1&#8243; make_equal=&#8220;on&#8220; custom_padding_last_edited=&#8220;on|phone&#8220; _builder_version=&#8220;4.19.5&#8243; _module_preset=&#8220;default&#8220; width=&#8220;100%&#8220; max_width=&#8220;100%&#8220; custom_margin=&#8220;0px||0px||false|false&#8220; custom_padding=&#8220;48px||48px||false|false&#8220; custom_padding_tablet=&#8220;0px||48px||false|false&#8220; custom_padding_phone=&#8220;0px||39px||false|false&#8220; border_color_top=&#8220;#433d39&#8243; border_color_bottom=&#8220;#433d39&#8243; global_colors_info=&#8220;{}&#8220;][et_pb_column type=&#8220;1_2&#8243; disabled_on=&#8220;off|off|off&#8220; _builder_version=&#8220;4.17.1&#8243; _module_preset=&#8220;default&#8220; global_colors_info=&#8220;{}&#8220;][et_pb_divider show_divider=&#8220;off&#8220; _builder_version=&#8220;4.19.5&#8243; _module_preset=&#8220;default&#8220; background_color=&#8220;#f8f6f1&#8243; background_video_mp4=&#8220;https:\/\/optique-wirtz.lu\/wp-content\/uploads\/2023\/02\/wz1.mp4&#8243; custom_margin=&#8220;||0px||false|false&#8220; custom_margin_tablet=&#8220;||30px||false|false&#8220; custom_margin_phone=&#8220;||30px||false|false&#8220; custom_margin_last_edited=&#8220;on|desktop&#8220; custom_padding=&#8220;32vh||32vh||true|false&#8220; custom_padding_tablet=&#8220;20vh||20vh||true|false&#8220; custom_padding_phone=&#8220;20vh||20vh||true|false&#8220; custom_padding_last_edited=&#8220;on|tablet&#8220; global_colors_info=&#8220;{}&#8220;][\/et_pb_divider][et_pb_code _builder_version=&#8220;4.17.1&#8243; _module_preset=&#8220;default&#8220; global_colors_info=&#8220;{}&#8220;]<\/p>\n<style><!-- [et_pb_line_break_holder] -->  <!-- [et_pb_line_break_holder] -->  .et_pb_section{<!-- [et_pb_line_break_holder] -->    padding: 0 70px 70px;<!-- [et_pb_line_break_holder] -->  }<!-- [et_pb_line_break_holder] -->  <!-- [et_pb_line_break_holder] -->    @media screen and (max-width: 1679px) {<!-- [et_pb_line_break_holder] -->    .et_pb_section {<!-- [et_pb_line_break_holder] -->      padding: 0 40px 40px;<!-- [et_pb_line_break_holder] -->    }<!-- [et_pb_line_break_holder] -->\t}<!-- [et_pb_line_break_holder] -->  <!-- [et_pb_line_break_holder] -->      @media screen and (max-width: 1279px) {<!-- [et_pb_line_break_holder] -->    .et_pb_section {<!-- [et_pb_line_break_holder] -->      padding: 0;<!-- [et_pb_line_break_holder] -->    }<!-- [et_pb_line_break_holder] -->\t}<!-- [et_pb_line_break_holder] --><!-- [et_pb_line_break_holder] --><!-- [et_pb_line_break_holder] --><\/style>\n<p>[\/et_pb_code][\/et_pb_column][et_pb_column type=&#8220;1_2&#8243; _builder_version=&#8220;4.19.5&#8243; _module_preset=&#8220;default&#8220; custom_padding=&#8220;4vh|||12vh|false|false&#8220; custom_padding_tablet=&#8220;0px|40px||40px|false|false&#8220; custom_padding_phone=&#8220;|20px||20px|false|false&#8220; custom_padding_last_edited=&#8220;on|tablet&#8220; custom_css_main_element=&#8220;margin: auto;&#8220; global_colors_info=&#8220;{}&#8220;][et_pb_text _builder_version=&#8220;4.17.4&#8243; _module_preset=&#8220;default&#8220; header_font=&#8220;|600|||||||&#8220; header_text_color=&#8220;#5e91c9&#8243; header_font_size=&#8220;35px&#8220; header_4_font=&#8220;Hind Siliguri|600|||||||&#8220; header_4_text_align=&#8220;left&#8220; header_4_text_color=&#8220;#5e90c8&#8243; header_4_font_size=&#8220;25px&#8220; custom_margin=&#8220;0px||10px||false|false&#8220; custom_padding=&#8220;0px||0px||false|false&#8220; animation_style=&#8220;slide&#8220; animation_direction=&#8220;right&#8220; animation_delay=&#8220;1000ms&#8220; animation_intensity_slide=&#8220;10%&#8220; animation_direction_last_edited=&#8220;off|desktop&#8220; global_colors_info=&#8220;{}&#8220;]<\/p>\n<h1>Optique Wirtz<\/h1>\n<p>[\/et_pb_text][et_pb_text _builder_version=&#8220;4.19.5&#8243; _module_preset=&#8220;default&#8220; header_font=&#8220;Oswald|||on|||||&#8220; header_text_align=&#8220;left&#8220; header_text_color=&#8220;#23201e&#8220; header_font_size=&#8220;9vh&#8220; header_line_height=&#8220;1.2em&#8220; header_2_font=&#8220;|700|||||||&#8220; header_2_font_size=&#8220;4vw&#8220; custom_margin=&#8220;0px||30px||false|false&#8220; custom_padding=&#8220;0px||0px||false|false&#8220; animation_style=&#8220;slide&#8220; animation_direction=&#8220;right&#8220; animation_delay=&#8220;1200ms&#8220; animation_intensity_slide=&#8220;10%&#8220; header_font_size_tablet=&#8220;78px&#8220; header_font_size_phone=&#8220;45px&#8220; header_font_size_last_edited=&#8220;on|phone&#8220; header_2_font_size_tablet=&#8220;10vw&#8220; header_2_font_size_phone=&#8220;9vw&#8220; header_2_font_size_last_edited=&#8220;on|phone&#8220; global_colors_info=&#8220;{}&#8220;]<\/p>\n<h2>IHR OPTIKER<br \/>IN DIEKIRCH, GREVENMACHER<br \/>&amp; ECHTERNACH<\/h2>\n<p>[\/et_pb_text][et_pb_button button_url=&#8220;@ET-DC@eyJkeW5hbWljIjp0cnVlLCJjb250ZW50IjoicG9zdF9saW5rX3VybF9wYWdlIiwic2V0dGluZ3MiOnsicG9zdF9pZCI6IjUwMDgxIn19@&#8220; button_text=&#8220;KONTAKT&#8220; button_alignment=&#8220;left&#8220; button_alignment_tablet=&#8220;left&#8220; button_alignment_phone=&#8220;&#8220; button_alignment_last_edited=&#8220;on|phone&#8220; _builder_version=&#8220;4.19.5&#8243; _dynamic_attributes=&#8220;button_url&#8220; _module_preset=&#8220;default&#8220; custom_button=&#8220;on&#8220; button_text_size=&#8220;20px&#8220; button_text_color=&#8220;#23201e&#8220; button_bg_color=&#8220;RGBA(255,255,255,0)&#8220; button_border_color=&#8220;RGBA(255,255,255,0)&#8220; button_border_radius=&#8220;0px&#8220; button_font=&#8220;Hind Siliguri|600|||||||&#8220; button_icon=&#8220;&#x24;||divi||400&#8243; button_on_hover=&#8220;off&#8220; custom_margin=&#8220;0px||0px||false|false&#8220; custom_margin_tablet=&#8220;0px||50px||false|false&#8220; custom_margin_phone=&#8220;0px||50px||false|false&#8220; custom_margin_last_edited=&#8220;on|tablet&#8220; custom_padding=&#8220;0px||0px|0px|false|false&#8220; global_colors_info=&#8220;{}&#8220; button_letter_spacing__hover=&#8220;0px&#8220; button_letter_spacing__hover_enabled=&#8220;on|hover&#8220; button_text_color__hover_enabled=&#8220;on|hover&#8220; button_text_color__hover=&#8220;#5e90c8&#8243;][\/et_pb_button][\/et_pb_column][\/et_pb_row][et_pb_row custom_padding_last_edited=&#8220;on|phone&#8220; _builder_version=&#8220;4.17.1&#8243; _module_preset=&#8220;default&#8220; width=&#8220;100%&#8220; max_width=&#8220;100%&#8220; custom_margin=&#8220;0px||0px||false|false&#8220; custom_margin_tablet=&#8220;0px||0px||false|false&#8220; custom_margin_phone=&#8220;0px||0px||false|false&#8220; custom_margin_last_edited=&#8220;on|phone&#8220; custom_padding=&#8220;0px||0px||false|false&#8220; custom_padding_tablet=&#8220;0px||0px||false|false&#8220; custom_padding_phone=&#8220;0px|20px|0px|20px|false|false&#8220; global_colors_info=&#8220;{}&#8220;][et_pb_column type=&#8220;4_4&#8243; _builder_version=&#8220;4.17.1&#8243; _module_preset=&#8220;default&#8220; global_colors_info=&#8220;{}&#8220;][et_pb_divider color=&#8220;#615f5c&#8220; divider_position=&#8220;center&#8220; _builder_version=&#8220;4.17.1&#8243; _module_preset=&#8220;default&#8220; custom_margin=&#8220;0px||0px||false|false&#8220; custom_padding=&#8220;0px||0px||false|false&#8220; global_colors_info=&#8220;{}&#8220;][\/et_pb_divider][\/et_pb_column][\/et_pb_row][\/et_pb_section][et_pb_section fb_built=&#8220;1&#8243; custom_padding_last_edited=&#8220;on|phone&#8220; _builder_version=&#8220;4.17.1&#8243; _module_preset=&#8220;default&#8220; background_color=&#8220;#f8f6f1&#8243; custom_margin=&#8220;0px||0px||false|false&#8220; custom_padding=&#8220;120px||0px||false|false&#8220; custom_padding_tablet=&#8220;90px||0px||false|false&#8220; custom_padding_phone=&#8220;80px||0px||false|false&#8220; global_colors_info=&#8220;{}&#8220;][et_pb_row _builder_version=&#8220;4.17.1&#8243; _module_preset=&#8220;default&#8220; width=&#8220;90%&#8220; max_width=&#8220;1290px&#8220; custom_margin=&#8220;0px||45px||false|false&#8220; custom_padding=&#8220;0px||0px||false|false&#8220; global_colors_info=&#8220;{}&#8220;][et_pb_column type=&#8220;4_4&#8243; _builder_version=&#8220;4.17.1&#8243; _module_preset=&#8220;default&#8220; global_colors_info=&#8220;{}&#8220;][et_pb_text _builder_version=&#8220;4.17.4&#8243; _module_preset=&#8220;default&#8220; header_2_font=&#8220;Oswald|||on|||||&#8220; header_2_text_align=&#8220;left&#8220; header_2_text_color=&#8220;#23201e&#8220; header_2_font_size=&#8220;48px&#8220; header_2_line_height=&#8220;1.1em&#8220; custom_margin=&#8220;0px||0px||false|false&#8220; custom_padding=&#8220;0px||0px||false|false&#8220; header_2_text_align_tablet=&#8220;left&#8220; header_2_text_align_phone=&#8220;center&#8220; header_2_text_align_last_edited=&#8220;on|phone&#8220; header_2_font_size_tablet=&#8220;48px&#8220; header_2_font_size_phone=&#8220;35px&#8220; header_2_font_size_last_edited=&#8220;on|phone&#8220; global_colors_info=&#8220;{}&#8220;]<\/p>\n<h2>Erfahren Sie mehr \u00fcber uns<\/h2>\n<p>[\/et_pb_text][\/et_pb_column][\/et_pb_row][et_pb_row column_structure=&#8220;1_5,1_5,1_5,1_5,1_5&#8243; use_custom_gutter=&#8220;on&#8220; gutter_width=&#8220;1&#8243; make_equal=&#8220;on&#8220; module_class=&#8220;two-col-mob three-col-tab&#8220; _builder_version=&#8220;4.19.5&#8243; _module_preset=&#8220;default&#8220; width=&#8220;90%&#8220; max_width=&#8220;1290px&#8220; custom_margin=&#8220;0px|auto|17px|auto|false|false&#8220; custom_margin_tablet=&#8220;0px||28px||false|false&#8220; custom_margin_phone=&#8220;0px||80px||false|false&#8220; custom_margin_last_edited=&#8220;on|phone&#8220; custom_padding=&#8220;0px||11px||false|false&#8220; global_colors_info=&#8220;{}&#8220;][et_pb_column type=&#8220;1_5&#8243; _builder_version=&#8220;4.17.4&#8243; _module_preset=&#8220;default&#8220; custom_padding=&#8220;15px|20px|15px||false|false&#8220; custom_padding_tablet=&#8220;15px|20px|15px|20px|false|false&#8220; custom_padding_phone=&#8220;15px|20px|15px|20px|false|false&#8220; custom_padding_last_edited=&#8220;on|tablet&#8220; link_option_url=&#8220;#ueber-uns&#8220; border_width_right=&#8220;1px&#8220; border_color_right=&#8220;#433d39&#8243; border_width_right_tablet=&#8220;0px&#8220; border_width_right_phone=&#8220;0px&#8220; border_width_right_last_edited=&#8220;on|tablet&#8220; global_colors_info=&#8220;{}&#8220; transform_styles__hover_enabled=&#8220;on|hover&#8220; transform_scale__hover_enabled=&#8220;on|hover&#8220; transform_translate__hover_enabled=&#8220;on|desktop&#8220; transform_rotate__hover_enabled=&#8220;on|desktop&#8220; transform_skew__hover_enabled=&#8220;on|desktop&#8220; transform_origin__hover_enabled=&#8220;on|desktop&#8220; transform_scale__hover=&#8220;104%|104%&#8220;][et_pb_image src=&#8220;https:\/\/optique-wirtz.lu\/wp-content\/uploads\/2022\/11\/biometrische-identifizierung.png&#8220; title_text=&#8220;biometrische-identifizierung&#8220; align=&#8220;center&#8220; align_tablet=&#8220;center&#8220; align_phone=&#8220;center&#8220; align_last_edited=&#8220;on|desktop&#8220; _builder_version=&#8220;4.17.4&#8243; _module_preset=&#8220;default&#8220; height=&#8220;95px&#8220; custom_margin=&#8220;0px||42px||false|false&#8220; custom_padding=&#8220;0px||0px||false|false&#8220; global_colors_info=&#8220;{}&#8220;][\/et_pb_image][et_pb_text _builder_version=&#8220;4.17.4&#8243; _module_preset=&#8220;default&#8220; header_3_font=&#8220;Oswald|||on|||||&#8220; header_3_text_align=&#8220;left&#8220; header_3_text_color=&#8220;#23201e&#8220; header_3_font_size=&#8220;21px&#8220; header_3_line_height=&#8220;1.3em&#8220; custom_margin=&#8220;0px||40px||false|false&#8220; custom_margin_tablet=&#8220;0px||40px||false|false&#8220; custom_margin_phone=&#8220;0px||20px||false|false&#8220; custom_margin_last_edited=&#8220;on|phone&#8220; custom_padding=&#8220;0px||0px||false|false&#8220; header_3_text_align_tablet=&#8220;center&#8220; header_3_text_align_phone=&#8220;center&#8220; header_3_text_align_last_edited=&#8220;on|tablet&#8220; global_colors_info=&#8220;{}&#8220;]<\/p>\n<h3 style=\"text-align: center;\">\u00dcber uns<\/h3>\n<p>[\/et_pb_text][\/et_pb_column][et_pb_column type=&#8220;1_5&#8243; _builder_version=&#8220;4.17.4&#8243; _module_preset=&#8220;default&#8220; custom_padding=&#8220;15px|20px|15px|50px|false|false&#8220; custom_padding_tablet=&#8220;15px|20px|15px|20px|false|false&#8220; custom_padding_phone=&#8220;15px|20px|15px|20px|false|false&#8220; custom_padding_last_edited=&#8220;on|tablet&#8220; link_option_url=&#8220;#produkte&#8220; border_width_right=&#8220;1px&#8220; border_color_right=&#8220;#433d39&#8243; border_width_right_tablet=&#8220;0px&#8220; border_width_right_phone=&#8220;0px&#8220; border_width_right_last_edited=&#8220;on|tablet&#8220; global_colors_info=&#8220;{}&#8220; transform_styles__hover_enabled=&#8220;on|hover&#8220; transform_scale__hover_enabled=&#8220;on|hover&#8220; transform_translate__hover_enabled=&#8220;on|desktop&#8220; transform_rotate__hover_enabled=&#8220;on|desktop&#8220; transform_skew__hover_enabled=&#8220;on|desktop&#8220; transform_origin__hover_enabled=&#8220;on|desktop&#8220; transform_scale__hover=&#8220;104%|104%&#8220;][et_pb_image src=&#8220;https:\/\/optique-wirtz.lu\/wp-content\/uploads\/2023\/03\/eye.png&#8220; title_text=&#8220;eye&#8220; align=&#8220;center&#8220; align_tablet=&#8220;center&#8220; align_phone=&#8220;center&#8220; align_last_edited=&#8220;on|tablet&#8220; _builder_version=&#8220;4.19.5&#8243; _module_preset=&#8220;default&#8220; height=&#8220;95px&#8220; custom_margin=&#8220;0px||42px||false|false&#8220; custom_padding=&#8220;0px||0px||false|false&#8220; global_colors_info=&#8220;{}&#8220;][\/et_pb_image][et_pb_text _builder_version=&#8220;4.17.4&#8243; _module_preset=&#8220;default&#8220; header_3_font=&#8220;Oswald|||on|||||&#8220; header_3_text_align=&#8220;left&#8220; header_3_text_color=&#8220;#23201e&#8220; header_3_font_size=&#8220;21px&#8220; header_3_line_height=&#8220;1.3em&#8220; custom_margin=&#8220;0px||40px||false|false&#8220; custom_margin_tablet=&#8220;0px||40px||false|false&#8220; custom_margin_phone=&#8220;0px||20px||false|false&#8220; custom_margin_last_edited=&#8220;on|phone&#8220; custom_padding=&#8220;0px||0px||false|false&#8220; header_3_text_align_tablet=&#8220;center&#8220; header_3_text_align_phone=&#8220;center&#8220; header_3_text_align_last_edited=&#8220;on|tablet&#8220; global_colors_info=&#8220;{}&#8220;]<\/p>\n<h3 style=\"text-align: center;\">Unsere Produkte<\/h3>\n<p>[\/et_pb_text][\/et_pb_column][et_pb_column type=&#8220;1_5&#8243; _builder_version=&#8220;4.17.4&#8243; _dynamic_attributes=&#8220;link_option_url&#8220; _module_preset=&#8220;default&#8220; custom_padding=&#8220;15px|20px|15px|50px|false|false&#8220; custom_padding_tablet=&#8220;15px|20px|15px|20px|false|false&#8220; custom_padding_phone=&#8220;15px|20px|15px|20px|false|false&#8220; custom_padding_last_edited=&#8220;on|tablet&#8220; link_option_url=&#8220;@ET-DC@eyJkeW5hbWljIjp0cnVlLCJjb250ZW50IjoicG9zdF9saW5rX3VybF9wYWdlIiwic2V0dGluZ3MiOnsicG9zdF9pZCI6IjUwMDgxIn19@&#8220; border_width_right=&#8220;1px&#8220; border_color_right=&#8220;#433d39&#8243; border_width_right_tablet=&#8220;0px&#8220; border_width_right_phone=&#8220;0px&#8220; border_width_right_last_edited=&#8220;on|tablet&#8220; global_colors_info=&#8220;{}&#8220; transform_styles__hover_enabled=&#8220;on|hover&#8220; transform_scale__hover_enabled=&#8220;on|hover&#8220; transform_translate__hover_enabled=&#8220;on|desktop&#8220; transform_rotate__hover_enabled=&#8220;on|desktop&#8220; transform_skew__hover_enabled=&#8220;on|desktop&#8220; transform_origin__hover_enabled=&#8220;on|desktop&#8220; transform_scale__hover=&#8220;104%|104%&#8220;][et_pb_image src=&#8220;https:\/\/optique-wirtz.lu\/wp-content\/uploads\/2023\/03\/maps.png&#8220; title_text=&#8220;maps&#8220; align=&#8220;center&#8220; align_tablet=&#8220;center&#8220; align_phone=&#8220;center&#8220; align_last_edited=&#8220;on|tablet&#8220; _builder_version=&#8220;4.19.5&#8243; _module_preset=&#8220;default&#8220; height=&#8220;95px&#8220; custom_margin=&#8220;0px||42px||false|false&#8220; custom_padding=&#8220;0px||0px||false|false&#8220; global_colors_info=&#8220;{}&#8220;][\/et_pb_image][et_pb_text _builder_version=&#8220;4.17.4&#8243; _module_preset=&#8220;default&#8220; header_3_font=&#8220;Oswald|||on|||||&#8220; header_3_text_align=&#8220;left&#8220; header_3_text_color=&#8220;#23201e&#8220; header_3_font_size=&#8220;21px&#8220; header_3_line_height=&#8220;1.3em&#8220; custom_margin=&#8220;0px||40px||false|false&#8220; custom_margin_tablet=&#8220;0px||40px||false|false&#8220; custom_margin_phone=&#8220;0px||20px||false|false&#8220; custom_margin_last_edited=&#8220;on|phone&#8220; custom_padding=&#8220;0px||0px||false|false&#8220; header_3_text_align_tablet=&#8220;center&#8220; header_3_text_align_phone=&#8220;center&#8220; header_3_text_align_last_edited=&#8220;on|tablet&#8220; global_colors_info=&#8220;{}&#8220;]<\/p>\n<h3 style=\"text-align: center;\">Unsere Gesch\u00e4fte<\/h3>\n<p>[\/et_pb_text][\/et_pb_column][et_pb_column type=&#8220;1_5&#8243; _builder_version=&#8220;4.17.4&#8243; _module_preset=&#8220;default&#8220; custom_padding=&#8220;15px|20px|15px|50px|false|false&#8220; custom_padding_tablet=&#8220;15px|20px|15px|20px|false|false&#8220; custom_padding_phone=&#8220;15px|20px|15px|20px|false|false&#8220; custom_padding_last_edited=&#8220;on|tablet&#8220; link_option_url=&#8220;#team&#8220; border_color_right=&#8220;#433d39&#8243; global_colors_info=&#8220;{}&#8220; transform_styles__hover_enabled=&#8220;on|hover&#8220; transform_scale__hover_enabled=&#8220;on|hover&#8220; transform_translate__hover_enabled=&#8220;on|desktop&#8220; transform_rotate__hover_enabled=&#8220;on|desktop&#8220; transform_skew__hover_enabled=&#8220;on|desktop&#8220; transform_origin__hover_enabled=&#8220;on|desktop&#8220; transform_scale__hover=&#8220;104%|104%&#8220;][et_pb_image src=&#8220;https:\/\/optique-wirtz.lu\/wp-content\/uploads\/2022\/12\/team-3.png&#8220; title_text=&#8220;team (3)&#8220; align=&#8220;center&#8220; align_tablet=&#8220;center&#8220; align_phone=&#8220;center&#8220; align_last_edited=&#8220;on|tablet&#8220; _builder_version=&#8220;4.17.4&#8243; _module_preset=&#8220;default&#8220; height=&#8220;95px&#8220; custom_margin=&#8220;0px||42px||false|false&#8220; custom_padding=&#8220;0px||0px||false|false&#8220; global_colors_info=&#8220;{}&#8220;][\/et_pb_image][et_pb_text _builder_version=&#8220;4.17.4&#8243; _module_preset=&#8220;default&#8220; header_3_font=&#8220;Oswald|||on|||||&#8220; header_3_text_align=&#8220;left&#8220; header_3_text_color=&#8220;#23201e&#8220; header_3_font_size=&#8220;21px&#8220; header_3_line_height=&#8220;1.3em&#8220; custom_margin=&#8220;0px||40px||false|false&#8220; custom_margin_tablet=&#8220;0px||40px||false|false&#8220; custom_margin_phone=&#8220;0px||20px||false|false&#8220; custom_margin_last_edited=&#8220;on|phone&#8220; custom_padding=&#8220;0px||0px||false|false&#8220; header_3_text_align_tablet=&#8220;center&#8220; header_3_text_align_phone=&#8220;center&#8220; header_3_text_align_last_edited=&#8220;on|tablet&#8220; global_colors_info=&#8220;{}&#8220;]<\/p>\n<h3 style=\"text-align: center;\">Unser Team<\/h3>\n<p>[\/et_pb_text][\/et_pb_column][et_pb_column type=&#8220;1_5&#8243; _builder_version=&#8220;4.19.5&#8243; _module_preset=&#8220;default&#8220; custom_padding=&#8220;15px|20px|15px|50px|false|false&#8220; custom_padding_tablet=&#8220;15px|20px|15px|20px|false|false&#8220; custom_padding_phone=&#8220;15px|20px|15px|20px|false|false&#8220; custom_padding_last_edited=&#8220;on|tablet&#8220; link_option_url=&#8220;#marken&#8220; border_color_right=&#8220;#433d39&#8243; border_width_left=&#8220;1px&#8220; border_width_left_tablet=&#8220;0px&#8220; border_width_left_phone=&#8220;0px&#8220; border_width_left_last_edited=&#8220;on|phone&#8220; global_colors_info=&#8220;{}&#8220; transform_styles__hover_enabled=&#8220;on|hover&#8220; transform_scale__hover_enabled=&#8220;on|hover&#8220; transform_translate__hover_enabled=&#8220;on|desktop&#8220; transform_rotate__hover_enabled=&#8220;on|desktop&#8220; transform_skew__hover_enabled=&#8220;on|desktop&#8220; transform_origin__hover_enabled=&#8220;on|desktop&#8220; transform_scale__hover=&#8220;104%|104%&#8220;][et_pb_image src=&#8220;https:\/\/optique-wirtz.lu\/wp-content\/uploads\/2022\/11\/des-lunettes.png&#8220; title_text=&#8220;brillen&#8220; align=&#8220;center&#8220; align_tablet=&#8220;center&#8220; align_phone=&#8220;center&#8220; align_last_edited=&#8220;on|tablet&#8220; _builder_version=&#8220;4.17.4&#8243; _module_preset=&#8220;default&#8220; height=&#8220;95px&#8220; custom_margin=&#8220;0px||42px||false|false&#8220; custom_padding=&#8220;0px||0px||false|false&#8220; global_colors_info=&#8220;{}&#8220;][\/et_pb_image][et_pb_text _builder_version=&#8220;4.17.4&#8243; _module_preset=&#8220;default&#8220; header_3_font=&#8220;Oswald|||on|||||&#8220; header_3_text_align=&#8220;left&#8220; header_3_text_color=&#8220;#23201e&#8220; header_3_font_size=&#8220;21px&#8220; header_3_line_height=&#8220;1.3em&#8220; custom_margin=&#8220;0px||40px||false|false&#8220; custom_margin_tablet=&#8220;0px||40px||false|false&#8220; custom_margin_phone=&#8220;0px||20px||false|false&#8220; custom_margin_last_edited=&#8220;on|phone&#8220; custom_padding=&#8220;0px||0px||false|false&#8220; header_3_text_align_tablet=&#8220;center&#8220; header_3_text_align_phone=&#8220;center&#8220; header_3_text_align_last_edited=&#8220;on|tablet&#8220; global_colors_info=&#8220;{}&#8220;]<\/p>\n<h3 style=\"text-align: center;\">Unsere Marken<\/h3>\n<p>[\/et_pb_text][\/et_pb_column][\/et_pb_row][et_pb_row use_custom_gutter=&#8220;on&#8220; gutter_width=&#8220;2&#8243; module_id=&#8220;apropos&#8220; _builder_version=&#8220;4.19.5&#8243; _module_preset=&#8220;default&#8220; width=&#8220;90%&#8220; max_width=&#8220;1290px&#8220; custom_margin=&#8220;99px|auto|3px|auto|false|false&#8220; custom_margin_tablet=&#8220;0px||0px||false|false&#8220; custom_margin_phone=&#8220;0px||0px||false|false&#8220; custom_margin_last_edited=&#8220;on|phone&#8220; custom_padding=&#8220;0px||0px||false|false&#8220; global_colors_info=&#8220;{}&#8220;][et_pb_column type=&#8220;4_4&#8243; _builder_version=&#8220;4.17.1&#8243; _module_preset=&#8220;default&#8220; global_colors_info=&#8220;{}&#8220;][et_pb_text _builder_version=&#8220;4.17.4&#8243; _module_preset=&#8220;default&#8220; header_2_font=&#8220;Oswald|||on|||||&#8220; header_2_text_align=&#8220;left&#8220; header_2_text_color=&#8220;#5e90c8&#8243; header_2_font_size=&#8220;48px&#8220; header_2_line_height=&#8220;1.1em&#8220; custom_margin=&#8220;0px||14px||false|false&#8220; custom_padding=&#8220;0px||0px||false|false&#8220; header_2_text_align_tablet=&#8220;left&#8220; header_2_text_align_phone=&#8220;center&#8220; header_2_text_align_last_edited=&#8220;on|phone&#8220; header_2_font_size_tablet=&#8220;48px&#8220; header_2_font_size_phone=&#8220;35px&#8220; header_2_font_size_last_edited=&#8220;on|phone&#8220; global_colors_info=&#8220;{}&#8220;]<\/p>\n<h2>\u00dcber uns<\/h2>\n<p>[\/et_pb_text][\/et_pb_column][\/et_pb_row][et_pb_row _builder_version=&#8220;4.17.4&#8243; _module_preset=&#8220;default&#8220; custom_margin=&#8220;1px|auto||auto||&#8220; global_colors_info=&#8220;{}&#8220;][et_pb_column type=&#8220;4_4&#8243; _builder_version=&#8220;4.17.4&#8243; _module_preset=&#8220;default&#8220; global_colors_info=&#8220;{}&#8220;][et_pb_text _builder_version=&#8220;4.21.0&#8243; _module_preset=&#8220;default&#8220; text_font=&#8220;Hind Siliguri||||||||&#8220; text_text_color=&#8220;#615f5c&#8220; text_font_size=&#8220;18px&#8220; text_line_height=&#8220;1.6em&#8220; custom_margin=&#8220;12px||33px||false|false&#8220; custom_padding=&#8220;2px||0px||false|false&#8220; global_colors_info=&#8220;{}&#8220;]<\/p>\n<p style=\"text-align: justify;\"><span class=\"s-text-color-gray\">Im Jahr 1976 er\u00f6ffnete Herr Marc WIRTZ seine erste Filiale in Diekirch. <\/span><span class=\"s-text-color-gray\">1990 wurde Optique Wirtz um eine weitere Filiale in Grevenmacher und 1997 in Echternach erweitert. 2018 \u00fcbernahm Annick WIRTZ die 3 Gesch\u00e4fte als Gesch\u00e4ftsf\u00fchrerin von ihrem Vater<\/span><span class=\"s-text-color-gray\">. <\/span><span class=\"s-text-color-gray\">Ein Team von Fachleuten empf\u00e4ngt Sie und bietet Ihnen den bestm\u00f6glichen Service.<\/span><\/p>\n<p>[\/et_pb_text][\/et_pb_column][\/et_pb_row][\/et_pb_section][et_pb_section fb_built=&#8220;1&#8243; fullwidth=&#8220;on&#8220; disabled_on=&#8220;on|off|off&#8220; _builder_version=&#8220;4.20.1&#8243; _module_preset=&#8220;default&#8220; background_image=&#8220;https:\/\/optique-wirtz.lu\/wp-content\/uploads\/2022\/11\/Optique-Wirtz-hero.jpg&#8220; parallax=&#8220;on&#8220; parallax_method=&#8220;off&#8220; background_enable_video_mp4=&#8220;off&#8220; custom_margin=&#8220;||-5px|||&#8220; custom_padding=&#8220;300px||300px||true|false&#8220; global_colors_info=&#8220;{}&#8220;][\/et_pb_section][et_pb_section fb_built=&#8220;1&#8243; custom_padding_last_edited=&#8220;on|phone&#8220; disabled_on=&#8220;off|off|off&#8220; _builder_version=&#8220;4.21.0&#8243; _module_preset=&#8220;default&#8220; background_color=&#8220;#f8f6f1&#8243; custom_padding=&#8220;120px||120px||true|false&#8220; custom_padding_tablet=&#8220;&#8220; custom_padding_phone=&#8220;90px||90px||true|false&#8220; global_colors_info=&#8220;{}&#8220;][et_pb_row use_custom_gutter=&#8220;on&#8220; gutter_width=&#8220;2&#8243; make_equal=&#8220;on&#8220; _builder_version=&#8220;4.21.0&#8243; _module_preset=&#8220;default&#8220; custom_margin=&#8220;0px||0px||true|false&#8220; custom_padding=&#8220;0px||0px||true|false&#8220; global_colors_info=&#8220;{}&#8220;][et_pb_column type=&#8220;4_4&#8243; _builder_version=&#8220;4.20.1&#8243; _module_preset=&#8220;default&#8220; custom_css_main_element=&#8220;margin:auto;&#8220; global_colors_info=&#8220;{}&#8220;][et_pb_text _builder_version=&#8220;4.20.1&#8243; _module_preset=&#8220;default&#8220; header_2_font=&#8220;Oswald|||on|||||&#8220; header_2_text_align=&#8220;left&#8220; header_2_text_color=&#8220;#5e90c8&#8243; header_2_font_size=&#8220;20px&#8220; header_2_line_height=&#8220;1.1em&#8220; custom_margin=&#8220;0px||5px||false|false&#8220; custom_margin_tablet=&#8220;||5px||false|false&#8220; custom_margin_phone=&#8220;0px||5px||false|false&#8220; custom_margin_last_edited=&#8220;on|desktop&#8220; custom_padding=&#8220;0px||0px||false|false&#8220; header_2_text_align_tablet=&#8220;left&#8220; header_2_text_align_phone=&#8220;left&#8220; header_2_text_align_last_edited=&#8220;on|tablet&#8220; header_2_font_size_tablet=&#8220;22px&#8220; header_2_font_size_phone=&#8220;20px&#8220; header_2_font_size_last_edited=&#8220;on|phone&#8220; global_colors_info=&#8220;{}&#8220;]<\/p>\n<h2>News<\/h2>\n<p>[\/et_pb_text][et_pb_text _builder_version=&#8220;4.21.0&#8243; _module_preset=&#8220;default&#8220; header_3_font=&#8220;Oswald|||on|||||&#8220; header_3_text_align=&#8220;left&#8220; header_3_text_color=&#8220;#23201e&#8220; header_3_font_size=&#8220;30px&#8220; header_3_line_height=&#8220;1.3em&#8220; custom_margin=&#8220;0px||0px||false|false&#8220; custom_margin_tablet=&#8220;0px||0px||false|false&#8220; custom_margin_phone=&#8220;0px||20px||false|false&#8220; custom_margin_last_edited=&#8220;off|desktop&#8220; custom_padding=&#8220;0px||0px||false|false&#8220; header_3_text_align_tablet=&#8220;left&#8220; header_3_text_align_phone=&#8220;left&#8220; header_3_text_align_last_edited=&#8220;on|phone&#8220; header_3_font_size_tablet=&#8220;&#8220; header_3_font_size_phone=&#8220;24px&#8220; header_3_font_size_last_edited=&#8220;on|phone&#8220; global_colors_info=&#8220;{}&#8220;]<\/p>\n<div>\n<p><span style=\"color: #e02b20;\"><strong>DIEKIRCH<\/strong> <\/span><br \/><span style=\"color: #e02b20;\"><strong>Ab dem 1. Mai bleibt das Gesch\u00e4ft montags geschlossen.<\/strong><\/span><br \/>An den anderenTagen stehen wir Ihnen zu den gewohnten Zeiten zur Verf\u00fcgung.<\/p>\n<p>&nbsp;<\/p>\n<\/div>\n<p>&nbsp;<\/p>\n<h3><span style=\"font-size: 30px;\">D\u00e9i nei Sonnebr\u00ebllekollektioun ass an eisen 3 Buttiker do!<\/span><\/h3>\n<p>Photos: Marc O&#8217;Polo, Furla, Serengeti<\/p>\n<p>&nbsp;<\/p>\n<p>[\/et_pb_text][\/et_pb_column][\/et_pb_row][et_pb_row column_structure=&#8220;1_3,1_3,1_3&#8243; use_custom_gutter=&#8220;on&#8220; gutter_width=&#8220;1&#8243; make_equal=&#8220;on&#8220; _builder_version=&#8220;4.21.0&#8243; _module_preset=&#8220;default&#8220; custom_margin=&#8220;-1px|auto|-1px|auto|true|false&#8220; custom_padding=&#8220;0px||0px||true|false&#8220; global_colors_info=&#8220;{}&#8220;][et_pb_column type=&#8220;1_3&#8243; _builder_version=&#8220;4.20.1&#8243; _module_preset=&#8220;default&#8220; global_colors_info=&#8220;{}&#8220;][et_pb_image src=&#8220;https:\/\/optique-wirtz.lu\/wp-content\/uploads\/2026\/03\/image2.png&#8220; title_text=&#8220;image2&#8243; _builder_version=&#8220;4.21.0&#8243; _module_preset=&#8220;default&#8220; global_colors_info=&#8220;{}&#8220;][\/et_pb_image][\/et_pb_column][et_pb_column type=&#8220;1_3&#8243; _builder_version=&#8220;4.20.1&#8243; _module_preset=&#8220;default&#8220; global_colors_info=&#8220;{}&#8220;][et_pb_image src=&#8220;https:\/\/optique-wirtz.lu\/wp-content\/uploads\/2026\/03\/image0.png&#8220; title_text=&#8220;image0&#8243; _builder_version=&#8220;4.21.0&#8243; _module_preset=&#8220;default&#8220; global_colors_info=&#8220;{}&#8220;][\/et_pb_image][\/et_pb_column][et_pb_column type=&#8220;1_3&#8243; _builder_version=&#8220;4.20.1&#8243; _module_preset=&#8220;default&#8220; global_colors_info=&#8220;{}&#8220;][et_pb_image src=&#8220;https:\/\/optique-wirtz.lu\/wp-content\/uploads\/2026\/03\/image1.png&#8220; title_text=&#8220;image1&#8243; _builder_version=&#8220;4.21.0&#8243; _module_preset=&#8220;default&#8220; global_colors_info=&#8220;{}&#8220;][\/et_pb_image][et_pb_image src=&#8220;https:\/\/optique-wirtz.lu\/wp-content\/uploads\/2022\/06\/cropped-Favicon-Optique-Wirtz.jpg&#8220; title_text=&#8220;cropped-Favicon-Optique-Wirtz.jpg&#8220; _builder_version=&#8220;4.20.1&#8243; _module_preset=&#8220;default&#8220; positioning=&#8220;absolute&#8220; position_origin_a=&#8220;bottom_right&#8220; width=&#8220;100%&#8220; max_width=&#8220;20%&#8220; max_width_tablet=&#8220;18%&#8220; max_width_phone=&#8220;22%&#8220; max_width_last_edited=&#8220;on|phone&#8220; custom_margin=&#8220;||30px||false|false&#8220; custom_margin_tablet=&#8220;||30px||false|false&#8220; custom_margin_phone=&#8220;||20px||false|false&#8220; custom_margin_last_edited=&#8220;on|desktop&#8220; scroll_vertical_motion_enable=&#8220;on&#8220; scroll_vertical_motion=&#8220;0|50|50|100|0.5|0|-0.5&#8243; border_radii=&#8220;on|2px|2px|2px|2px&#8220; box_shadow_style=&#8220;preset1&#8243; box_shadow_color=&#8220;#a2b3c1&#8243; global_colors_info=&#8220;{}&#8220;][\/et_pb_image][\/et_pb_column][\/et_pb_row][et_pb_row _builder_version=&#8220;4.21.0&#8243; _module_preset=&#8220;default&#8220; global_colors_info=&#8220;{}&#8220;][et_pb_column type=&#8220;4_4&#8243; _builder_version=&#8220;4.21.0&#8243; _module_preset=&#8220;default&#8220; global_colors_info=&#8220;{}&#8220;][et_pb_image src=&#8220;https:\/\/optique-wirtz.lu\/wp-content\/uploads\/2023\/10\/Optique-Wirtz-News-Whatsapp-ok.jpg&#8220; title_text=&#8220;Optique Wirtz News Whatsapp ok&#8220; align=&#8220;center&#8220; _builder_version=&#8220;4.21.0&#8243; _module_preset=&#8220;default&#8220; width=&#8220;85%&#8220; max_width=&#8220;85%&#8220; global_colors_info=&#8220;{}&#8220;][\/et_pb_image][\/et_pb_column][\/et_pb_row][\/et_pb_section][et_pb_section fb_built=&#8220;1&#8243; custom_padding_last_edited=&#8220;on|phone&#8220; _builder_version=&#8220;4.20.1&#8243; _module_preset=&#8220;default&#8220; background_color=&#8220;#f8f6f1&#8243; custom_margin=&#8220;0px||0px||false|false&#8220; custom_padding=&#8220;1px||0px||false|false&#8220; custom_padding_tablet=&#8220;0px||0px||false|false&#8220; custom_padding_phone=&#8220;0px||0px||false|false&#8220; global_colors_info=&#8220;{}&#8220;][et_pb_row _builder_version=&#8220;4.20.1&#8243; _module_preset=&#8220;default&#8220; custom_padding=&#8220;0px||||false|false&#8220; global_colors_info=&#8220;{}&#8220;][et_pb_column type=&#8220;4_4&#8243; _builder_version=&#8220;4.17.4&#8243; _module_preset=&#8220;default&#8220; global_colors_info=&#8220;{}&#8220;][et_pb_divider color=&#8220;#615f5c&#8220; divider_position=&#8220;center&#8220; _builder_version=&#8220;4.17.1&#8243; _module_preset=&#8220;default&#8220; custom_margin=&#8220;0px||0px||false|false&#8220; custom_padding=&#8220;0px||0px||false|false&#8220; global_colors_info=&#8220;{}&#8220;][\/et_pb_divider][\/et_pb_column][\/et_pb_row][et_pb_row _builder_version=&#8220;4.17.3&#8243; _module_preset=&#8220;default&#8220; global_colors_info=&#8220;{}&#8220;][et_pb_column type=&#8220;4_4&#8243; _builder_version=&#8220;4.17.3&#8243; _module_preset=&#8220;default&#8220; global_colors_info=&#8220;{}&#8220;][et_pb_text _builder_version=&#8220;4.17.4&#8243; _module_preset=&#8220;default&#8220; header_2_font=&#8220;Oswald|||on|||||&#8220; header_2_text_align=&#8220;left&#8220; header_2_text_color=&#8220;#5e90c8&#8243; header_2_font_size=&#8220;48px&#8220; header_2_line_height=&#8220;1.1em&#8220; custom_margin=&#8220;0px||16px||false|false&#8220; custom_padding=&#8220;0px||0px||false|false&#8220; header_2_text_align_tablet=&#8220;left&#8220; header_2_text_align_phone=&#8220;center&#8220; header_2_text_align_last_edited=&#8220;on|phone&#8220; header_2_font_size_tablet=&#8220;48px&#8220; header_2_font_size_phone=&#8220;35px&#8220; header_2_font_size_last_edited=&#8220;on|phone&#8220; global_colors_info=&#8220;{}&#8220;]<\/p>\n<h2>Unsere Produkte<\/h2>\n<p>[\/et_pb_text][\/et_pb_column][\/et_pb_row][et_pb_row column_structure=&#8220;1_4,1_4,1_4,1_4&#8243; use_custom_gutter=&#8220;on&#8220; gutter_width=&#8220;2&#8243; make_equal=&#8220;on&#8220; module_id=&#8220;produits&#8220; _builder_version=&#8220;4.20.2&#8243; _module_preset=&#8220;default&#8220; width=&#8220;100%&#8220; max_width=&#8220;100%&#8220; custom_margin=&#8220;0px||0px||false|false&#8220; custom_padding=&#8220;0px||0px||false|false&#8220; global_colors_info=&#8220;{}&#8220;][et_pb_column type=&#8220;1_4&#8243; _builder_version=&#8220;4.20.2&#8243; _module_preset=&#8220;default&#8220; background_image=&#8220;https:\/\/optique-wirtz.lu\/wp-content\/uploads\/2022\/11\/Optique-Wirtz-menu-lunettes-de-vue.jpg&#8220; transform_scale_last_edited=&#8220;off|desktop&#8220; transform_translate_last_edited=&#8220;off|desktop&#8220; transform_rotate_last_edited=&#8220;off|desktop&#8220; transform_skew_last_edited=&#8220;off|desktop&#8220; transform_origin_last_edited=&#8220;off|desktop&#8220; transform_styles_last_edited=&#8220;off|desktop&#8220; custom_padding_last_edited=&#8220;off|desktop&#8220; link_option_url=&#8220;\/de\/sehbrillen&#8220; global_colors_info=&#8220;{}&#8220; transform_styles__hover_enabled=&#8220;on|hover&#8220; transform_scale__hover_enabled=&#8220;on|hover&#8220; transform_translate__hover_enabled=&#8220;on|desktop&#8220; transform_rotate__hover_enabled=&#8220;on|desktop&#8220; transform_skew__hover_enabled=&#8220;on|desktop&#8220; transform_origin__hover_enabled=&#8220;on|desktop&#8220; transform_scale__hover=&#8220;104%|104%&#8220;][et_pb_text _builder_version=&#8220;4.21.0&#8243; _module_preset=&#8220;default&#8220; text_font=&#8220;Oswald|||on|||||&#8220; text_text_color=&#8220;#ffffff&#8220; text_font_size=&#8220;23px&#8220; background_color=&#8220;#191615&#8243; custom_margin=&#8220;310px|40px|5px|35px|false|false&#8220; custom_padding=&#8220;20px|22px|20px|22px|true|true&#8220; custom_css_main_element=&#8220;display:inline-block;&#8220; global_colors_info=&#8220;{}&#8220; filter_opacity__hover_enabled=&#8220;off|hover&#8220; filter_opacity__hover=&#8220;100%&#8220;]<\/p>\n<p>Korrektionsbrillen<\/p>\n<p>[\/et_pb_text][\/et_pb_column][et_pb_column type=&#8220;1_4&#8243; _builder_version=&#8220;4.20.2&#8243; _module_preset=&#8220;default&#8220; background_image=&#8220;https:\/\/optique-wirtz.lu\/wp-content\/uploads\/2022\/11\/Optique-Wirtz-menu-lunettes-de-soleil.jpg&#8220; custom_padding_tablet=&#8220;&#8220; custom_padding_phone=&#8220;&#8220; custom_padding_last_edited=&#8220;on|desktop&#8220; link_option_url=&#8220;\/de\/sonnenbrillen&#8220; global_colors_info=&#8220;{}&#8220; transform_styles__hover_enabled=&#8220;on|hover&#8220; transform_scale__hover_enabled=&#8220;on|hover&#8220; transform_translate__hover_enabled=&#8220;on|desktop&#8220; transform_rotate__hover_enabled=&#8220;on|desktop&#8220; transform_skew__hover_enabled=&#8220;on|desktop&#8220; transform_origin__hover_enabled=&#8220;on|desktop&#8220; transform_scale__hover=&#8220;104%|104%&#8220;][et_pb_text _builder_version=&#8220;4.21.0&#8243; _module_preset=&#8220;default&#8220; text_font=&#8220;Oswald|||on|||||&#8220; text_text_color=&#8220;#FFFFFF&#8220; text_font_size=&#8220;23px&#8220; background_color=&#8220;#191615&#8243; custom_margin=&#8220;310px|40px|5px|35px|false|false&#8220; custom_padding=&#8220;20px|22px|20px|22px|true|true&#8220; custom_css_main_element=&#8220;display:inline-block;&#8220; global_colors_info=&#8220;{}&#8220; filter_opacity__hover_enabled=&#8220;off|hover&#8220; filter_opacity__hover=&#8220;100%&#8220;]<\/p>\n<p>Sonnenbrillen<\/p>\n<p>[\/et_pb_text][\/et_pb_column][et_pb_column type=&#8220;1_4&#8243; _builder_version=&#8220;4.20.2&#8243; _module_preset=&#8220;default&#8220; background_image=&#8220;https:\/\/optique-wirtz.lu\/wp-content\/uploads\/2022\/11\/Optique-Wirtz-menu-lentilles-contact.jpg&#8220; custom_padding_tablet=&#8220;&#8220; custom_padding_phone=&#8220;&#8220; custom_padding_last_edited=&#8220;on|desktop&#8220; link_option_url=&#8220;\/de\/kontaktlinsen&#8220; global_colors_info=&#8220;{}&#8220; transform_styles__hover_enabled=&#8220;on|hover&#8220; transform_scale__hover_enabled=&#8220;on|hover&#8220; transform_translate__hover_enabled=&#8220;on|desktop&#8220; transform_rotate__hover_enabled=&#8220;on|desktop&#8220; transform_skew__hover_enabled=&#8220;on|desktop&#8220; transform_origin__hover_enabled=&#8220;on|desktop&#8220; transform_scale__hover=&#8220;104%|104%&#8220;][et_pb_text _builder_version=&#8220;4.21.0&#8243; _module_preset=&#8220;default&#8220; text_font=&#8220;Oswald|||on|||||&#8220; text_text_color=&#8220;#FFFFFF&#8220; text_font_size=&#8220;23px&#8220; background_color=&#8220;#191615&#8243; custom_margin=&#8220;310px|40px|5px|35px|false|false&#8220; custom_padding=&#8220;20px|22px|20px|22px|true|true&#8220; custom_css_main_element=&#8220;display:inline-block;&#8220; global_colors_info=&#8220;{}&#8220; filter_opacity__hover_enabled=&#8220;off|hover&#8220; filter_opacity__hover=&#8220;100%&#8220;]<\/p>\n<p>Kontaktlinsen<\/p>\n<p>[\/et_pb_text][\/et_pb_column][et_pb_column type=&#8220;1_4&#8243; _builder_version=&#8220;4.20.2&#8243; _module_preset=&#8220;default&#8220; background_image=&#8220;https:\/\/optique-wirtz.lu\/wp-content\/uploads\/2022\/11\/Optique-Wirtz-menu-appareils-auditifs.jpg&#8220; custom_padding_tablet=&#8220;&#8220; custom_padding_phone=&#8220;&#8220; custom_padding_last_edited=&#8220;on|desktop&#8220; link_option_url=&#8220;\/de\/hoergeraete&#8220; global_colors_info=&#8220;{}&#8220; transform_styles__hover_enabled=&#8220;on|hover&#8220; transform_scale__hover_enabled=&#8220;on|hover&#8220; transform_translate__hover_enabled=&#8220;on|desktop&#8220; transform_rotate__hover_enabled=&#8220;on|desktop&#8220; transform_skew__hover_enabled=&#8220;on|desktop&#8220; transform_origin__hover_enabled=&#8220;on|desktop&#8220; transform_scale__hover=&#8220;104%|104%&#8220;][et_pb_text _builder_version=&#8220;4.21.0&#8243; _module_preset=&#8220;default&#8220; text_font=&#8220;Oswald|||on|||||&#8220; text_text_color=&#8220;#FFFFFF&#8220; text_font_size=&#8220;23px&#8220; background_color=&#8220;#191615&#8243; custom_margin=&#8220;310px|40px|5px|35px|false|false&#8220; custom_padding=&#8220;20px|22px|20px|22px|true|true&#8220; custom_css_main_element=&#8220;display:inline-block;&#8220; global_colors_info=&#8220;{}&#8220; filter_opacity__hover_enabled=&#8220;off|hover&#8220; filter_opacity__hover=&#8220;100%&#8220;]<\/p>\n<p>H\u00f6rger\u00e4te<\/p>\n<p>[\/et_pb_text][\/et_pb_column][\/et_pb_row][et_pb_row custom_padding_last_edited=&#8220;on|phone&#8220; _builder_version=&#8220;4.17.1&#8243; _module_preset=&#8220;default&#8220; width=&#8220;100%&#8220; max_width=&#8220;100%&#8220; custom_margin=&#8220;0px||0px||false|false&#8220; custom_padding=&#8220;0px||0px||false|false&#8220; custom_padding_tablet=&#8220;0px||0px||false|false&#8220; custom_padding_phone=&#8220;0px|20px|0px|20px|false|false&#8220; global_colors_info=&#8220;{}&#8220;][et_pb_column type=&#8220;4_4&#8243; _builder_version=&#8220;4.17.1&#8243; _module_preset=&#8220;default&#8220; global_colors_info=&#8220;{}&#8220;][et_pb_divider color=&#8220;#615f5c&#8220; divider_position=&#8220;center&#8220; _builder_version=&#8220;4.17.4&#8243; _module_preset=&#8220;default&#8220; custom_margin=&#8220;30px||30px||true|false&#8220; custom_padding=&#8220;0px||0px||false|false&#8220; global_colors_info=&#8220;{}&#8220;][\/et_pb_divider][\/et_pb_column][\/et_pb_row][\/et_pb_section][et_pb_section fb_built=&#8220;1&#8243; _builder_version=&#8220;4.17.4&#8243; _module_preset=&#8220;default&#8220; background_color=&#8220;#f8f6f1&#8243; custom_padding=&#8220;17px||2px|1px|false|false&#8220; global_colors_info=&#8220;{}&#8220;][et_pb_row _builder_version=&#8220;4.17.3&#8243; _module_preset=&#8220;default&#8220; global_colors_info=&#8220;{}&#8220;][et_pb_column type=&#8220;4_4&#8243; _builder_version=&#8220;4.17.3&#8243; _module_preset=&#8220;default&#8220; global_colors_info=&#8220;{}&#8220;][et_pb_text _builder_version=&#8220;4.17.4&#8243; _module_preset=&#8220;default&#8220; header_2_font=&#8220;Oswald|||on|||||&#8220; header_2_text_align=&#8220;left&#8220; header_2_text_color=&#8220;#5e90c8&#8243; header_2_font_size=&#8220;48px&#8220; header_2_line_height=&#8220;1.1em&#8220; custom_margin=&#8220;0px||16px||false|false&#8220; custom_padding=&#8220;0px||0px||false|false&#8220; header_2_text_align_tablet=&#8220;left&#8220; header_2_text_align_phone=&#8220;center&#8220; header_2_text_align_last_edited=&#8220;on|phone&#8220; header_2_font_size_tablet=&#8220;48px&#8220; header_2_font_size_phone=&#8220;35px&#8220; header_2_font_size_last_edited=&#8220;on|phone&#8220; global_colors_info=&#8220;{}&#8220;]<\/p>\n<h2>Unsere Geschichte<\/h2>\n<p>[\/et_pb_text][\/et_pb_column][\/et_pb_row][et_pb_row _builder_version=&#8220;4.17.3&#8243; _module_preset=&#8220;default&#8220; global_colors_info=&#8220;{}&#8220;][et_pb_column type=&#8220;4_4&#8243; _builder_version=&#8220;4.17.3&#8243; _module_preset=&#8220;default&#8220; global_colors_info=&#8220;{}&#8220;][dsm_content_timeline dsm_tree_animation=&#8220;on&#8220; dsm_bg_color=&#8220;#f8f6f1&#8243; dsm_pointer_bg_color=&#8220;#eeeeee&#8220; dsm_pointer_active_bg_color=&#8220;#863e92&#8243; dsm_pointer_active_icon_color=&#8220;#63bf91&#8243; dsm_tree_bg_color=&#8220;#eeeeee&#8220; dsm_tree_active_bg_color=&#8220;#5e90c8&#8243; dsm_image_width=&#8220;25%&#8220; _builder_version=&#8220;4.17.4&#8243; _module_preset=&#8220;default&#8220; header_level=&#8220;h3&#8243; header_font=&#8220;Nunito Sans|800|||||||&#8220; header_text_color=&#8220;#FFFFFF&#8220; header_font_size=&#8220;25px&#8220; content_font=&#8220;Nunito Sans||||||||&#8220; content_text_color=&#8220;#FFFFFF&#8220; content_font_size=&#8220;16px&#8220; custom_button=&#8220;on&#8220; button_text_size=&#8220;15px&#8220; button_text_color=&#8220;#000000&#8243; button_bg_color=&#8220;#FFFFFF&#8220; button_border_width=&#8220;0px&#8220; button_border_radius=&#8220;7px&#8220; button_font=&#8220;Nunito Sans|700|||||||&#8220; button_use_icon=&#8220;off&#8220; button_custom_padding=&#8220;9px|25px|9px|25px|true|true&#8220; custom_padding=&#8220;20px|20px|20px|20px|true|true&#8220; animation_style=&#8220;slide&#8220; animation_delay=&#8220;200ms&#8220; animation_intensity_slide=&#8220;10%&#8220; border_radii_image-icon=&#8220;on|5px|5px|5px|5px&#8220; border_radii_card_border=&#8220;on|5px|5px|5px|5px&#8220; border_width_all_card_border=&#8220;3px&#8220; border_color_all_card_border=&#8220;#5f90c8&#8243; box_shadow_style_image-icon=&#8220;preset1&#8243; box_shadow_vertical_image-icon=&#8220;15px&#8220; box_shadow_blur_image-icon=&#8220;31px&#8220; box_shadow_spread_image-icon=&#8220;-20px&#8220; box_shadow_style_card_shadow=&#8220;preset1&#8243; box_shadow_horizontal_card_shadow=&#8220;4px&#8220; box_shadow_vertical_card_shadow=&#8220;-4px&#8220; box_shadow_blur_card_shadow=&#8220;31px&#8220; box_shadow_spread_card_shadow=&#8220;-21px&#8220; box_shadow_color_card_shadow=&#8220;#000000&#8243; global_colors_info=&#8220;{}&#8220;][dsm_content_timeline_child dsm_image=&#8220;https:\/\/optique-wirtz.lu\/wp-content\/uploads\/2022\/10\/Optique-Wirtz-histoire-1976.jpg&#8220; dsm_title=&#8220;1976&#8243; dsm_content=&#8220;<\/p>\n<p>Er\u00f6ffnung des ersten Gesch\u00e4fts in DIEKIRCH durch den Optikermeister MARC WIRTZ.<\/p>\n<p>&#8220; button_url=&#8220;#&#8220; dsm_horizontal_alignment=&#8220;center&#8220; dsm_image_icon_width=&#8220;70%&#8220; dsm_icon_image_align=&#8220;center&#8220; _builder_version=&#8220;4.17.4&#8243; _module_preset=&#8220;default&#8220; header_text_color=&#8220;#5f90c8&#8243; content_text_color=&#8220;#000000&#8243; global_colors_info=&#8220;{}&#8220; transform_styles__hover_enabled=&#8220;off|desktop&#8220; parent_header_level=&#8220;h3&#8243;][\/dsm_content_timeline_child][dsm_content_timeline_child dsm_image=&#8220;https:\/\/optique-wirtz.lu\/wp-content\/uploads\/2022\/10\/Optique-Wirtz-histoire-1990.jpg&#8220; dsm_title=&#8220;1990&#8243; dsm_content=&#8220;<\/p>\n<p>Er\u00f6ffnung einer weiteren Filiale in GREVENMACHER.<\/p>\n<p>&#8220; button_url=&#8220;#&#8220; dsm_horizontal_alignment=&#8220;center&#8220; dsm_image_icon_width=&#8220;70%&#8220; dsm_icon_image_align=&#8220;center&#8220; _builder_version=&#8220;4.17.4&#8243; _module_preset=&#8220;default&#8220; header_text_color=&#8220;#5f90c8&#8243; content_text_color=&#8220;#000000&#8243; global_colors_info=&#8220;{}&#8220; transform_styles__hover_enabled=&#8220;off|desktop&#8220; transform_scale__hover_enabled=&#8220;off|desktop&#8220; transform_translate__hover_enabled=&#8220;off|desktop&#8220; transform_rotate__hover_enabled=&#8220;off|desktop&#8220; transform_skew__hover_enabled=&#8220;off|desktop&#8220; transform_origin__hover_enabled=&#8220;off|desktop&#8220; transform_scale__hover=&#8220;102%|102%&#8220; parent_header_level=&#8220;h3&#8243;][\/dsm_content_timeline_child][dsm_content_timeline_child dsm_image=&#8220;https:\/\/optique-wirtz.lu\/wp-content\/uploads\/2022\/10\/Optique-Wirtz-histoire-1997.jpg&#8220; dsm_title=&#8220;1997&#8243; dsm_content=&#8220;<\/p>\n<p>Er\u00f6ffnung einer dritten Filiale in ECHTERNACH.<\/p>\n<p>&#8220; button_url=&#8220;#&#8220; dsm_horizontal_alignment=&#8220;center&#8220; dsm_image_icon_width=&#8220;70%&#8220; dsm_icon_image_align=&#8220;center&#8220; _builder_version=&#8220;4.17.4&#8243; _module_preset=&#8220;default&#8220; header_text_color=&#8220;#5f90c8&#8243; content_text_color=&#8220;#000000&#8243; content_font_size=&#8220;18px&#8220; global_colors_info=&#8220;{}&#8220; transform_styles__hover_enabled=&#8220;off|desktop&#8220; parent_header_level=&#8220;h3&#8243;][\/dsm_content_timeline_child][dsm_content_timeline_child dsm_image=&#8220;https:\/\/optique-wirtz.lu\/wp-content\/uploads\/2022\/10\/Optique-Wirtz-histoire-2018.jpg&#8220; dsm_title=&#8220;2018&#8243; dsm_content=&#8220;<\/p>\n<p>\u00dcbernahme der Gesch\u00e4fte durch Frau WIRTZ ANNICK.<\/p>\n<p>&#8220; button_url=&#8220;#&#8220; dsm_horizontal_alignment=&#8220;center&#8220; dsm_image_icon_width=&#8220;100%&#8220; dsm_icon_image_align=&#8220;center&#8220; _builder_version=&#8220;4.17.4&#8243; _module_preset=&#8220;default&#8220; header_text_color=&#8220;#5f90c8&#8243; content_text_color=&#8220;#000000&#8243; content_font_size=&#8220;18px&#8220; global_colors_info=&#8220;{}&#8220; transform_styles__hover_enabled=&#8220;off|desktop&#8220; parent_header_level=&#8220;h3&#8243;][\/dsm_content_timeline_child][\/dsm_content_timeline][\/et_pb_column][\/et_pb_row][\/et_pb_section][et_pb_section fb_built=&#8220;1&#8243; custom_padding_last_edited=&#8220;on|phone&#8220; _builder_version=&#8220;4.17.1&#8243; _module_preset=&#8220;default&#8220; background_color=&#8220;#f8f6f1&#8243; overflow-x=&#8220;hidden&#8220; overflow-y=&#8220;hidden&#8220; custom_margin=&#8220;0px||0px||false|false&#8220; custom_padding=&#8220;145px||150px||false|false&#8220; custom_padding_tablet=&#8220;120px||120px||false|false&#8220; custom_padding_phone=&#8220;80px||80px||false|false&#8220; global_colors_info=&#8220;{}&#8220;][et_pb_row column_structure=&#8220;1_4,1_4,1_4,1_4&#8243; use_custom_gutter=&#8220;on&#8220; gutter_width=&#8220;2&#8243; _builder_version=&#8220;4.17.1&#8243; _module_preset=&#8220;default&#8220; width=&#8220;90%&#8220; max_width=&#8220;1290px&#8220; custom_margin=&#8220;0px||0px||false|false&#8220; custom_padding=&#8220;0px||0px||false|false&#8220; global_colors_info=&#8220;{}&#8220;][et_pb_column type=&#8220;1_4&#8243; _builder_version=&#8220;4.17.1&#8243; _module_preset=&#8220;default&#8220; custom_css_after=&#8220;content: &#8220;;||    display: block;||    height: 60px;||    width: 1px;||position: absolute;||background:#292929;||top: 50%;||right:-20px;||transform: translateY(-50%);||&#8220; global_colors_info=&#8220;{}&#8220; custom_css_after_last_edited=&#8220;on|phone&#8220; custom_css_after_phone=&#8220;  &#8220; custom_css_after_tablet=&#8220;content: &#8220;;||    display: block;||    height: 60px;||    width: 1px;||position: absolute;||background:#292929;||top: 50%;||right:-20px;||transform: translateY(-50%);||&#8220;][et_pb_number_counter number=&#8220;3&#8243; percent_sign=&#8220;off&#8220; _builder_version=&#8220;4.17.4&#8243; _module_preset=&#8220;default&#8220; number_font=&#8220;Barlow Condensed||||||||&#8220; number_text_align=&#8220;center&#8220; number_text_color=&#8220;#5e90c8&#8243; number_font_size=&#8220;180px&#8220; positioning=&#8220;absolute&#8220; position_origin_a=&#8220;center_center&#8220; position_origin_a_tablet=&#8220;center_center&#8220; position_origin_a_phone=&#8220;center_center&#8220; position_origin_a_last_edited=&#8220;on|tablet&#8220; position_origin_f_tablet=&#8220;&#8220; position_origin_f_phone=&#8220;&#8220; position_origin_f_last_edited=&#8220;on|tablet&#8220; position_origin_r_tablet=&#8220;&#8220; position_origin_r_phone=&#8220;&#8220; position_origin_r_last_edited=&#8220;on|tablet&#8220; width=&#8220;100%&#8220; width_tablet=&#8220;100%&#8220; width_phone=&#8220;100%&#8220; width_last_edited=&#8220;on|phone&#8220; custom_margin=&#8220;0px||0px||false|false&#8220; custom_margin_tablet=&#8220;0px||0px||false|false&#8220; custom_margin_phone=&#8220;0px||0px||false|false&#8220; custom_margin_last_edited=&#8220;on|tablet&#8220; custom_padding=&#8220;0px||0px||false|false&#8220; number_text_color_tablet=&#8220;#f2e0bc&#8220; number_text_color_phone=&#8220;#f1ede3&#8243; number_text_color_last_edited=&#8220;on|phone&#8220; number_font_size_tablet=&#8220;100px&#8220; number_font_size_phone=&#8220;130px&#8220; number_font_size_last_edited=&#8220;on|tablet&#8220; positioning_tablet=&#8220;none&#8220; positioning_phone=&#8220;absolute&#8220; positioning_last_edited=&#8220;on|tablet&#8220; global_colors_info=&#8220;{}&#8220;][\/et_pb_number_counter][et_pb_text _builder_version=&#8220;4.17.4&#8243; _module_preset=&#8220;default&#8220; header_5_font=&#8220;Oswald||||||||&#8220; header_5_text_align=&#8220;center&#8220; header_5_text_color=&#8220;#23201e&#8220; header_5_font_size=&#8220;24px&#8220; custom_margin=&#8220;10px||0px||false|false&#8220; custom_margin_tablet=&#8220;20px||||false|false&#8220; custom_margin_phone=&#8220;50px||40px||false|false&#8220; custom_margin_last_edited=&#8220;on|desktop&#8220; custom_padding=&#8220;0px||0px||false|false&#8220; header_5_text_color_tablet=&#8220;#23201e&#8220; header_5_text_color_phone=&#8220;#23201e&#8220; header_5_text_color_last_edited=&#8220;on|tablet&#8220; global_colors_info=&#8220;{}&#8220;]<\/p>\n<h5>Gesch\u00e4fte in Luxemburg<\/h5>\n<p>[\/et_pb_text][\/et_pb_column][et_pb_column type=&#8220;1_4&#8243; _builder_version=&#8220;4.17.1&#8243; _module_preset=&#8220;default&#8220; custom_css_after=&#8220;content: &#8220;;||    display: block;||    height: 60px;||    width: 1px;||position: absolute;||background:#292929;||top: 50%;||right:-20px;||transform: translateY(-50%);||&#8220; global_colors_info=&#8220;{}&#8220; custom_css_after_last_edited=&#8220;on|tablet&#8220; custom_css_after_tablet=&#8220;  &#8220; custom_css_after_phone=&#8220;  &#8222;][et_pb_number_counter number=&#8220;50+&#8220; percent_sign=&#8220;off&#8220; _builder_version=&#8220;4.17.4&#8243; _module_preset=&#8220;default&#8220; number_font=&#8220;Barlow Condensed||||||||&#8220; number_text_align=&#8220;center&#8220; number_text_color=&#8220;#5e90c8&#8243; number_font_size=&#8220;180px&#8220; positioning=&#8220;absolute&#8220; position_origin_a=&#8220;center_center&#8220; position_origin_a_tablet=&#8220;center_center&#8220; position_origin_a_phone=&#8220;center_center&#8220; position_origin_a_last_edited=&#8220;on|tablet&#8220; position_origin_f_tablet=&#8220;&#8220; position_origin_f_phone=&#8220;&#8220; position_origin_f_last_edited=&#8220;on|tablet&#8220; position_origin_r_tablet=&#8220;&#8220; position_origin_r_phone=&#8220;&#8220; position_origin_r_last_edited=&#8220;on|tablet&#8220; width=&#8220;100%&#8220; width_tablet=&#8220;100%&#8220; width_phone=&#8220;100%&#8220; width_last_edited=&#8220;on|phone&#8220; custom_margin=&#8220;0px||0px||false|false&#8220; custom_margin_tablet=&#8220;0px||0px||false|false&#8220; custom_margin_phone=&#8220;0px||0px||false|false&#8220; custom_margin_last_edited=&#8220;on|tablet&#8220; custom_padding=&#8220;0px||0px||false|false&#8220; number_text_color_tablet=&#8220;#f2e0bc&#8220; number_text_color_phone=&#8220;#f1ede3&#8243; number_text_color_last_edited=&#8220;on|phone&#8220; number_font_size_tablet=&#8220;100px&#8220; number_font_size_phone=&#8220;130px&#8220; number_font_size_last_edited=&#8220;on|tablet&#8220; positioning_tablet=&#8220;none&#8220; positioning_phone=&#8220;absolute&#8220; positioning_last_edited=&#8220;on|tablet&#8220; global_colors_info=&#8220;{}&#8220;][\/et_pb_number_counter][et_pb_text _builder_version=&#8220;4.17.4&#8243; _module_preset=&#8220;default&#8220; header_5_font=&#8220;Oswald||||||||&#8220; header_5_text_align=&#8220;center&#8220; header_5_text_color=&#8220;#23201e&#8220; header_5_font_size=&#8220;24px&#8220; custom_margin=&#8220;10px||0px||false|false&#8220; custom_margin_tablet=&#8220;20px||||false|false&#8220; custom_margin_phone=&#8220;50px||40px||false|false&#8220; custom_margin_last_edited=&#8220;on|desktop&#8220; custom_padding=&#8220;0px||0px||false|false&#8220; global_colors_info=&#8220;{}&#8220;]<\/p>\n<h5>Marken<\/h5>\n<p>[\/et_pb_text][\/et_pb_column][et_pb_column type=&#8220;1_4&#8243; _builder_version=&#8220;4.17.1&#8243; _module_preset=&#8220;default&#8220; custom_css_after=&#8220;content: &#8220;;||    display: block;||    height: 60px;||    width: 1px;||position: absolute;||background:#292929;||top: 50%;||right:-20px;||transform: translateY(-50%);||&#8220; global_colors_info=&#8220;{}&#8220; custom_css_after_last_edited=&#8220;on|phone&#8220; custom_css_after_phone=&#8220;  &#8220; custom_css_after_tablet=&#8220;content: &#8220;;||    display: block;||    height: 60px;||    width: 1px;||position: absolute;||background:#292929;||top: 50%;||right:-20px;||transform: translateY(-50%);||&#8220;][et_pb_number_counter number=&#8220;15&#8243; percent_sign=&#8220;off&#8220; _builder_version=&#8220;4.17.4&#8243; _module_preset=&#8220;default&#8220; number_font=&#8220;Barlow Condensed||||||||&#8220; number_text_align=&#8220;center&#8220; number_text_color=&#8220;#5e90c8&#8243; number_font_size=&#8220;180px&#8220; positioning=&#8220;absolute&#8220; position_origin_a=&#8220;center_center&#8220; position_origin_a_tablet=&#8220;center_center&#8220; position_origin_a_phone=&#8220;center_center&#8220; position_origin_a_last_edited=&#8220;on|tablet&#8220; position_origin_f_tablet=&#8220;&#8220; position_origin_f_phone=&#8220;&#8220; position_origin_f_last_edited=&#8220;on|tablet&#8220; position_origin_r_tablet=&#8220;&#8220; position_origin_r_phone=&#8220;&#8220; position_origin_r_last_edited=&#8220;on|tablet&#8220; width=&#8220;100%&#8220; width_tablet=&#8220;100%&#8220; width_phone=&#8220;100%&#8220; width_last_edited=&#8220;on|phone&#8220; custom_margin=&#8220;0px||0px||false|false&#8220; custom_margin_tablet=&#8220;0px||0px||false|false&#8220; custom_margin_phone=&#8220;0px||0px||false|false&#8220; custom_margin_last_edited=&#8220;on|tablet&#8220; custom_padding=&#8220;0px||0px||false|false&#8220; number_text_color_tablet=&#8220;#f2e0bc&#8220; number_text_color_phone=&#8220;#f1ede3&#8243; number_text_color_last_edited=&#8220;on|phone&#8220; number_font_size_tablet=&#8220;100px&#8220; number_font_size_phone=&#8220;130px&#8220; number_font_size_last_edited=&#8220;on|tablet&#8220; positioning_tablet=&#8220;none&#8220; positioning_phone=&#8220;absolute&#8220; positioning_last_edited=&#8220;on|tablet&#8220; global_colors_info=&#8220;{}&#8220;][\/et_pb_number_counter][et_pb_text _builder_version=&#8220;4.17.4&#8243; _module_preset=&#8220;default&#8220; header_5_font=&#8220;Oswald||||||||&#8220; header_5_text_align=&#8220;center&#8220; header_5_text_color=&#8220;#23201e&#8220; header_5_font_size=&#8220;24px&#8220; custom_margin=&#8220;10px||0px||false|false&#8220; custom_margin_tablet=&#8220;20px||||false|false&#8220; custom_margin_phone=&#8220;50px||40px||false|false&#8220; custom_margin_last_edited=&#8220;on|desktop&#8220; custom_padding=&#8220;0px||0px||false|false&#8220; global_colors_info=&#8220;{}&#8220;]<\/p>\n<h5>Mitarbeiter<\/h5>\n<p>[\/et_pb_text][\/et_pb_column][et_pb_column type=&#8220;1_4&#8243; _builder_version=&#8220;4.17.1&#8243; _module_preset=&#8220;default&#8220; global_colors_info=&#8220;{}&#8220;][et_pb_number_counter number=&#8220;45+&#8220; percent_sign=&#8220;off&#8220; _builder_version=&#8220;4.20.1&#8243; _module_preset=&#8220;default&#8220; number_font=&#8220;Barlow Condensed||||||||&#8220; number_text_align=&#8220;center&#8220; number_text_color=&#8220;#5e90c8&#8243; number_font_size=&#8220;180px&#8220; positioning=&#8220;absolute&#8220; position_origin_a=&#8220;center_center&#8220; position_origin_a_tablet=&#8220;center_center&#8220; position_origin_a_phone=&#8220;center_center&#8220; position_origin_a_last_edited=&#8220;on|tablet&#8220; position_origin_f_tablet=&#8220;&#8220; position_origin_f_phone=&#8220;&#8220; position_origin_f_last_edited=&#8220;on|tablet&#8220; position_origin_r_tablet=&#8220;&#8220; position_origin_r_phone=&#8220;&#8220; position_origin_r_last_edited=&#8220;on|tablet&#8220; width=&#8220;100%&#8220; width_tablet=&#8220;100%&#8220; width_phone=&#8220;100%&#8220; width_last_edited=&#8220;on|phone&#8220; custom_margin=&#8220;0px||0px||false|false&#8220; custom_margin_tablet=&#8220;0px||0px||false|false&#8220; custom_margin_phone=&#8220;0px||0px||false|false&#8220; custom_margin_last_edited=&#8220;on|tablet&#8220; custom_padding=&#8220;0px||0px||false|false&#8220; number_text_color_tablet=&#8220;#f2e0bc&#8220; number_text_color_phone=&#8220;#f1ede3&#8243; number_text_color_last_edited=&#8220;on|phone&#8220; number_font_size_tablet=&#8220;100px&#8220; number_font_size_phone=&#8220;130px&#8220; number_font_size_last_edited=&#8220;on|tablet&#8220; positioning_tablet=&#8220;none&#8220; positioning_phone=&#8220;absolute&#8220; positioning_last_edited=&#8220;on|tablet&#8220; global_colors_info=&#8220;{}&#8220;][\/et_pb_number_counter][et_pb_text _builder_version=&#8220;4.20.1&#8243; _module_preset=&#8220;default&#8220; header_5_font=&#8220;Oswald||||||||&#8220; header_5_text_align=&#8220;center&#8220; header_5_text_color=&#8220;#23201e&#8220; header_5_font_size=&#8220;24px&#8220; custom_margin=&#8220;10px||0px||false|false&#8220; custom_margin_tablet=&#8220;20px||||false|false&#8220; custom_margin_phone=&#8220;50px||40px||false|false&#8220; custom_margin_last_edited=&#8220;on|desktop&#8220; custom_padding=&#8220;0px||0px||false|false&#8220; global_colors_info=&#8220;{}&#8220;]<\/p>\n<h5>Berufserfahrung<\/h5>\n<p>[\/et_pb_text][\/et_pb_column][\/et_pb_row][\/et_pb_section][et_pb_section fb_built=&#8220;1&#8243; custom_padding_last_edited=&#8220;on|phone&#8220; _builder_version=&#8220;4.17.4&#8243; _module_preset=&#8220;default&#8220; background_color=&#8220;#f8f6f1&#8243; custom_margin=&#8220;0px||0px||false|false&#8220; custom_padding=&#8220;0px||80px||false|false&#8220; custom_padding_tablet=&#8220;0px||120px||false|false&#8220; custom_padding_phone=&#8220;0px||80px||false|false&#8220; global_colors_info=&#8220;{}&#8220;][et_pb_row custom_padding_last_edited=&#8220;on|phone&#8220; _builder_version=&#8220;4.17.4&#8243; _module_preset=&#8220;default&#8220; width=&#8220;100%&#8220; max_width=&#8220;100%&#8220; custom_margin=&#8220;0px||80px||false|false&#8220; custom_margin_tablet=&#8220;0px||120px||false|false&#8220; custom_margin_phone=&#8220;0px||80px||false|false&#8220; custom_margin_last_edited=&#8220;on|phone&#8220; custom_padding=&#8220;0px||0px||false|false&#8220; custom_padding_tablet=&#8220;0px||0px||false|false&#8220; custom_padding_phone=&#8220;0px|20px|0px|20px|false|false&#8220; global_colors_info=&#8220;{}&#8220;][et_pb_column type=&#8220;4_4&#8243; _builder_version=&#8220;4.17.1&#8243; _module_preset=&#8220;default&#8220; global_colors_info=&#8220;{}&#8220;][et_pb_divider color=&#8220;#615f5c&#8220; divider_position=&#8220;center&#8220; _builder_version=&#8220;4.17.1&#8243; _module_preset=&#8220;default&#8220; custom_margin=&#8220;0px||0px||false|false&#8220; custom_padding=&#8220;0px||0px||false|false&#8220; global_colors_info=&#8220;{}&#8220;][\/et_pb_divider][\/et_pb_column][\/et_pb_row][et_pb_row column_structure=&#8220;1_3,2_3&#8243; use_custom_gutter=&#8220;on&#8220; gutter_width=&#8220;2&#8243; make_equal=&#8220;on&#8220; _builder_version=&#8220;4.17.4&#8243; _module_preset=&#8220;default&#8220; width=&#8220;90%&#8220; max_width=&#8220;1290px&#8220; custom_margin=&#8220;0px||80px||false|false&#8220; custom_margin_tablet=&#8220;0px||120px||false|false&#8220; custom_margin_phone=&#8220;0px||80px||false|false&#8220; custom_margin_last_edited=&#8220;on|phone&#8220; custom_padding=&#8220;0px||0px||false|false&#8220; global_colors_info=&#8220;{}&#8220;][et_pb_column type=&#8220;1_3&#8243; _builder_version=&#8220;4.17.1&#8243; _module_preset=&#8220;default&#8220; custom_css_main_element=&#8220;margin:auto;&#8220; global_colors_info=&#8220;{}&#8220; custom_css_after_last_edited=&#8220;on|desktop&#8220;][et_pb_blurb title=&#8220;Annick Wirtz&#8220; image_icon_background_color=&#8220;RGBA(255,255,255,0)&#8220; image=&#8220;https:\/\/optique-wirtz.lu\/wp-content\/uploads\/2022\/12\/Optique-wirtz-administrarion-Wirtz-Annick.jpg&#8220; image_icon_width=&#8220;103px&#8220; _builder_version=&#8220;4.21.0&#8243; _module_preset=&#8220;default&#8220; header_font=&#8220;Oswald|||on|||||&#8220; header_text_align=&#8220;center&#8220; header_font_size=&#8220;18px&#8220; body_font=&#8220;Hind Siliguri||||||||&#8220; body_text_align=&#8220;center&#8220; body_text_color=&#8220;#949087&#8243; body_font_size=&#8220;15px&#8220; custom_margin=&#8220;0px||0px||false|false&#8220; custom_margin_tablet=&#8220;0px||40px||false|false&#8220; custom_margin_phone=&#8220;0px||40px||false|false&#8220; custom_margin_last_edited=&#8220;on|phone&#8220; custom_padding=&#8220;0px||0px||false|false&#8220; animation=&#8220;off&#8220; custom_css_blurb_title=&#8220;margin-bottom:5px;&#8220; border_radii_image=&#8220;on|50px|50px|50px|50px&#8220; global_colors_info=&#8220;{}&#8220;]<\/p>\n<p>Gesch\u00e4ftsf\u00fchrerin<\/p>\n<p>[\/et_pb_blurb][\/et_pb_column][et_pb_column type=&#8220;2_3&#8243; _builder_version=&#8220;4.17.1&#8243; _module_preset=&#8220;default&#8220; global_colors_info=&#8220;{}&#8220;][et_pb_text _builder_version=&#8220;4.21.0&#8243; _module_preset=&#8220;default&#8220; text_font=&#8220;Hind Siliguri||||||||&#8220; text_text_color=&#8220;#2b2824&#8243; text_font_size=&#8220;23px&#8220; text_line_height=&#8220;1.6em&#8220; custom_margin=&#8220;0px||0px||false|false&#8220; custom_padding=&#8220;0px||0px||false|false&#8220; text_font_size_tablet=&#8220;23px&#8220; text_font_size_phone=&#8220;20px&#8220; text_font_size_last_edited=&#8220;on|phone&#8220; global_colors_info=&#8220;{}&#8220;]<\/p>\n<p>Mit \u00fcber 45 Jahren Erfahrung ist Optique Wirtz Ihr Optiker. Treffen Sie uns in Diekirch, Grevenmacher oder Echternach. Hier werden Sie von Anfang bis Ende optimal beraten und betreut.<\/p>\n<p>[\/et_pb_text][\/et_pb_column][\/et_pb_row][\/et_pb_section][et_pb_section fb_built=&#8220;1&#8243; _builder_version=&#8220;4.17.4&#8243; _module_preset=&#8220;default&#8220; background_color=&#8220;#f8f6f1&#8243; global_colors_info=&#8220;{}&#8220;][et_pb_row module_id=&#8220;equipe&#8220; _builder_version=&#8220;4.17.4&#8243; _module_preset=&#8220;default&#8220; global_colors_info=&#8220;{}&#8220;][et_pb_column type=&#8220;4_4&#8243; _builder_version=&#8220;4.17.4&#8243; _module_preset=&#8220;default&#8220; global_colors_info=&#8220;{}&#8220;][et_pb_text _builder_version=&#8220;4.17.4&#8243; _module_preset=&#8220;default&#8220; header_2_font=&#8220;Oswald|||on|||||&#8220; header_2_text_align=&#8220;left&#8220; header_2_text_color=&#8220;#5e90c8&#8243; header_2_font_size=&#8220;48px&#8220; header_2_line_height=&#8220;1.1em&#8220; custom_margin=&#8220;0px||70px||false|false&#8220; custom_padding=&#8220;0px||0px||false|false&#8220; header_2_text_align_tablet=&#8220;left&#8220; header_2_text_align_phone=&#8220;center&#8220; header_2_text_align_last_edited=&#8220;on|phone&#8220; header_2_font_size_tablet=&#8220;48px&#8220; header_2_font_size_phone=&#8220;35px&#8220; header_2_font_size_last_edited=&#8220;on|phone&#8220; global_colors_info=&#8220;{}&#8220;]<\/p>\n<h2>Unser Team<\/h2>\n<p>[\/et_pb_text][et_pb_text _builder_version=&#8220;4.17.4&#8243; _module_preset=&#8220;default&#8220; text_font=&#8220;Hind Siliguri|300|||||||&#8220; text_text_color=&#8220;#2b2824&#8243; text_font_size=&#8220;23px&#8220; text_line_height=&#8220;1.6em&#8220; custom_margin=&#8220;0px||36px||false|false&#8220; custom_padding=&#8220;0px||0px||false|false&#8220; text_font_size_tablet=&#8220;23px&#8220; text_font_size_phone=&#8220;20px&#8220; text_font_size_last_edited=&#8220;on|phone&#8220; global_colors_info=&#8220;{}&#8220;]<\/p>\n<p>Mit 15 Mitarbeitern in unseren drei Gesch\u00e4ften haben Sie immer ein geschultes Auge vor sich, das Ihnen hilft und Sie ber\u00e4t.<\/p>\n<p>[\/et_pb_text][et_pb_button button_url=&#8220;@ET-DC@eyJkeW5hbWljIjp0cnVlLCJjb250ZW50IjoicG9zdF9saW5rX3VybF9wYWdlIiwic2V0dGluZ3MiOnsicG9zdF9pZCI6IjUwMDgxIn19@&#8220; button_text=&#8220;UNSERE GESCH\u00c4FTE&#8220; button_alignment=&#8220;left&#8220; button_alignment_tablet=&#8220;center&#8220; button_alignment_phone=&#8220;center&#8220; button_alignment_last_edited=&#8220;on|tablet&#8220; _builder_version=&#8220;4.17.4&#8243; _dynamic_attributes=&#8220;button_url&#8220; _module_preset=&#8220;default&#8220; custom_button=&#8220;on&#8220; button_text_size=&#8220;20px&#8220; button_text_color=&#8220;#23201e&#8220; button_bg_color=&#8220;RGBA(255,255,255,0)&#8220; button_border_color=&#8220;RGBA(255,255,255,0)&#8220; button_border_radius=&#8220;0px&#8220; button_font=&#8220;Hind Siliguri|600|||||||&#8220; button_icon=&#8220;&#x24;||divi||400&#8243; button_on_hover=&#8220;off&#8220; custom_margin=&#8220;0px||0px||false|false&#8220; custom_margin_tablet=&#8220;0px||50px||false|false&#8220; custom_margin_phone=&#8220;0px||50px||false|false&#8220; custom_margin_last_edited=&#8220;on|tablet&#8220; custom_padding=&#8220;0px||0px|0px|false|false&#8220; global_colors_info=&#8220;{}&#8220; button_letter_spacing__hover=&#8220;0px&#8220; button_letter_spacing__hover_enabled=&#8220;on|hover&#8220;][\/et_pb_button][\/et_pb_column][\/et_pb_row][et_pb_row _builder_version=&#8220;4.17.4&#8243; _module_preset=&#8220;default&#8220; global_colors_info=&#8220;{}&#8220;][et_pb_column type=&#8220;4_4&#8243; _builder_version=&#8220;4.17.4&#8243; _module_preset=&#8220;default&#8220; global_colors_info=&#8220;{}&#8220;][et_pb_text _builder_version=&#8220;4.17.4&#8243; _module_preset=&#8220;default&#8220; text_font=&#8220;|700|||||||&#8220; text_text_color=&#8220;#5e90c8&#8243; text_font_size=&#8220;21px&#8220; custom_padding=&#8220;||0px|||&#8220; global_colors_info=&#8220;{}&#8220;]<\/p>\n<p>VERWALTUNG<\/p>\n<p>[\/et_pb_text][\/et_pb_column][\/et_pb_row][et_pb_row column_structure=&#8220;1_5,1_5,1_5,1_5,1_5&#8243; _builder_version=&#8220;4.17.4&#8243; _module_preset=&#8220;default&#8220; global_colors_info=&#8220;{}&#8220;][et_pb_column type=&#8220;1_5&#8243; _builder_version=&#8220;4.17.4&#8243; _module_preset=&#8220;default&#8220; global_colors_info=&#8220;{}&#8220;][et_pb_blurb title=&#8220;Annick Wirtz&#8220; image_icon_background_color=&#8220;RGBA(255,255,255,0)&#8220; image=&#8220;https:\/\/optique-wirtz.lu\/wp-content\/uploads\/2022\/12\/Optique-wirtz-administrarion-Wirtz-Annick.jpg&#8220; image_icon_width=&#8220;150px&#8220; _builder_version=&#8220;4.21.0&#8243; _module_preset=&#8220;default&#8220; header_font=&#8220;Oswald|||on|||||&#8220; header_text_align=&#8220;center&#8220; header_font_size=&#8220;18px&#8220; body_font=&#8220;Hind Siliguri||||||||&#8220; body_text_align=&#8220;center&#8220; body_text_color=&#8220;#949087&#8243; body_font_size=&#8220;15px&#8220; custom_margin=&#8220;0px||0px||false|false&#8220; custom_margin_tablet=&#8220;0px||40px||false|false&#8220; custom_margin_phone=&#8220;0px||40px||false|false&#8220; custom_margin_last_edited=&#8220;on|phone&#8220; custom_padding=&#8220;0px||2px||false|false&#8220; animation=&#8220;off&#8220; custom_css_blurb_title=&#8220;margin-bottom:5px;&#8220; border_radii_image=&#8220;on|90px|90px|90px|90px&#8220; global_colors_info=&#8220;{}&#8220;]<\/p>\n<p>Gesch\u00e4ftsf\u00fchrerin<br \/>Since 1999<\/p>\n<p>[\/et_pb_blurb][\/et_pb_column][et_pb_column type=&#8220;1_5&#8243; _builder_version=&#8220;4.21.0&#8243; _module_preset=&#8220;default&#8220; global_colors_info=&#8220;{}&#8220;][et_pb_blurb title=&#8220;Ted Loconte-Wirtz&#8220; image_icon_background_color=&#8220;RGBA(255,255,255,0)&#8220; image=&#8220;https:\/\/optique-wirtz.lu\/wp-content\/uploads\/2025\/11\/TED.jpg&#8220; image_icon_width=&#8220;150px&#8220; _builder_version=&#8220;4.21.0&#8243; _module_preset=&#8220;default&#8220; header_font=&#8220;Oswald|||on|||||&#8220; header_text_align=&#8220;center&#8220; header_font_size=&#8220;18px&#8220; body_font=&#8220;Hind Siliguri||||||||&#8220; body_text_align=&#8220;center&#8220; body_text_color=&#8220;#949087&#8243; body_font_size=&#8220;15px&#8220; custom_margin=&#8220;0px||0px||false|false&#8220; custom_margin_tablet=&#8220;0px||40px||false|false&#8220; custom_margin_phone=&#8220;0px||40px||false|false&#8220; custom_margin_last_edited=&#8220;on|phone&#8220; custom_padding=&#8220;0px||0px||false|false&#8220; animation=&#8220;off&#8220; custom_css_blurb_title=&#8220;margin-bottom:5px;&#8220; border_radii_image=&#8220;on|90px|90px|90px|90px&#8220; global_colors_info=&#8220;{}&#8220;]<\/p>\n<p>Auszubildender im Management<br \/>Since 2025<\/p>\n<p>[\/et_pb_blurb][\/et_pb_column][et_pb_column type=&#8220;1_5&#8243; _builder_version=&#8220;4.17.4&#8243; _module_preset=&#8220;default&#8220; global_colors_info=&#8220;{}&#8220;][et_pb_blurb title=&#8220;Mariette Dostert&#8220; image_icon_background_color=&#8220;RGBA(255,255,255,0)&#8220; image=&#8220;https:\/\/optique-wirtz.lu\/wp-content\/uploads\/2022\/12\/Optique-wirtz-administrarion-Dostert-Mariette.jpg&#8220; image_icon_width=&#8220;150px&#8220; _builder_version=&#8220;4.21.0&#8243; _module_preset=&#8220;default&#8220; header_font=&#8220;Oswald|||on|||||&#8220; header_text_align=&#8220;center&#8220; header_font_size=&#8220;18px&#8220; body_font=&#8220;Hind Siliguri||||||||&#8220; body_text_align=&#8220;center&#8220; body_text_color=&#8220;#949087&#8243; body_font_size=&#8220;15px&#8220; custom_margin=&#8220;0px||0px||false|false&#8220; custom_margin_tablet=&#8220;0px||40px||false|false&#8220; custom_margin_phone=&#8220;0px||40px||false|false&#8220; custom_margin_last_edited=&#8220;on|phone&#8220; custom_padding=&#8220;0px||0px||false|false&#8220; animation=&#8220;off&#8220; custom_css_blurb_title=&#8220;margin-bottom:5px;&#8220; border_radii_image=&#8220;on|90px|90px|90px|90px&#8220; global_colors_info=&#8220;{}&#8220;]<\/p>\n<p>Direktionssekret\u00e4rin<br \/>Since 2007<\/p>\n<p>[\/et_pb_blurb][\/et_pb_column][et_pb_column type=&#8220;1_5&#8243; _builder_version=&#8220;4.17.4&#8243; _module_preset=&#8220;default&#8220; global_colors_info=&#8220;{}&#8220;][\/et_pb_column][et_pb_column type=&#8220;1_5&#8243; _builder_version=&#8220;4.17.4&#8243; _module_preset=&#8220;default&#8220; global_colors_info=&#8220;{}&#8220;][\/et_pb_column][\/et_pb_row][et_pb_row _builder_version=&#8220;4.17.4&#8243; _module_preset=&#8220;default&#8220; custom_padding=&#8220;25px|||||&#8220; global_colors_info=&#8220;{}&#8220;][et_pb_column type=&#8220;4_4&#8243; _builder_version=&#8220;4.17.4&#8243; _module_preset=&#8220;default&#8220; global_colors_info=&#8220;{}&#8220;][et_pb_text _builder_version=&#8220;4.17.4&#8243; _module_preset=&#8220;default&#8220; text_font=&#8220;|700|||||||&#8220; text_text_color=&#8220;#5e90c8&#8243; text_font_size=&#8220;21px&#8220; custom_margin=&#8220;||-10px|||&#8220; global_colors_info=&#8220;{}&#8220;]<\/p>\n<p>DIEKIRCH<\/p>\n<p>[\/et_pb_text][\/et_pb_column][\/et_pb_row][et_pb_row column_structure=&#8220;1_5,1_5,1_5,1_5,1_5&#8243; _builder_version=&#8220;4.17.4&#8243; _module_preset=&#8220;default&#8220; global_colors_info=&#8220;{}&#8220;][et_pb_column type=&#8220;1_5&#8243; _builder_version=&#8220;4.17.4&#8243; _module_preset=&#8220;default&#8220; global_colors_info=&#8220;{}&#8220;][et_pb_blurb title=&#8220;Annie Kissen&#8220; image_icon_background_color=&#8220;RGBA(255,255,255,0)&#8220; image=&#8220;https:\/\/optique-wirtz.lu\/wp-content\/uploads\/2022\/12\/Optique-wirtz-Diekirch-Kissen-Annie.jpg&#8220; image_icon_width=&#8220;150px&#8220; _builder_version=&#8220;4.21.0&#8243; _module_preset=&#8220;default&#8220; header_font=&#8220;Oswald|||on|||||&#8220; header_text_align=&#8220;center&#8220; header_font_size=&#8220;18px&#8220; body_font=&#8220;Hind Siliguri||||||||&#8220; body_text_align=&#8220;center&#8220; body_text_color=&#8220;#949087&#8243; body_font_size=&#8220;15px&#8220; custom_margin=&#8220;0px||0px||false|false&#8220; custom_margin_tablet=&#8220;0px||40px||false|false&#8220; custom_margin_phone=&#8220;0px||40px||false|false&#8220; custom_margin_last_edited=&#8220;on|phone&#8220; custom_padding=&#8220;0px||0px||false|false&#8220; animation=&#8220;off&#8220; custom_css_blurb_title=&#8220;margin-bottom:5px;&#8220; border_radii_image=&#8220;on|90px|90px|90px|90px&#8220; global_colors_info=&#8220;{}&#8220;]<\/p>\n<p>Filialleiterin<br \/>Since 1980<\/p>\n<p>[\/et_pb_blurb][\/et_pb_column][et_pb_column type=&#8220;1_5&#8243; _builder_version=&#8220;4.17.4&#8243; _module_preset=&#8220;default&#8220; global_colors_info=&#8220;{}&#8220;][et_pb_blurb title=&#8220;Miguel Leterme&#8220; image_icon_background_color=&#8220;RGBA(255,255,255,0)&#8220; image=&#8220;https:\/\/optique-wirtz.lu\/wp-content\/uploads\/2022\/12\/Optique-wirtz-Diekirch-Leterme-Miguel.jpg&#8220; image_icon_width=&#8220;150px&#8220; _builder_version=&#8220;4.21.0&#8243; _module_preset=&#8220;default&#8220; header_font=&#8220;Oswald|||on|||||&#8220; header_text_align=&#8220;center&#8220; header_font_size=&#8220;18px&#8220; body_font=&#8220;Hind Siliguri||||||||&#8220; body_text_align=&#8220;center&#8220; body_text_color=&#8220;#949087&#8243; body_font_size=&#8220;15px&#8220; custom_margin=&#8220;0px||0px||false|false&#8220; custom_margin_tablet=&#8220;0px||40px||false|false&#8220; custom_margin_phone=&#8220;0px||40px||false|false&#8220; custom_margin_last_edited=&#8220;on|phone&#8220; custom_padding=&#8220;0px||0px||false|false&#8220; animation=&#8220;off&#8220; custom_css_blurb_title=&#8220;margin-bottom:5px;&#8220; border_radii_image=&#8220;on|90px|90px|90px|90px&#8220; global_colors_info=&#8220;{}&#8220;]<\/p>\n<p>Optikermeister<br \/>Since 1991<\/p>\n<p>[\/et_pb_blurb][\/et_pb_column][et_pb_column type=&#8220;1_5&#8243; _builder_version=&#8220;4.17.4&#8243; _module_preset=&#8220;default&#8220; global_colors_info=&#8220;{}&#8220;][et_pb_blurb title=&#8220;M\u00e9lanie Hermes&#8220; image_icon_background_color=&#8220;RGBA(255,255,255,0)&#8220; image=&#8220;https:\/\/optique-wirtz.lu\/wp-content\/uploads\/2022\/12\/Optique-wirtz-Diekirch-Hermes-Melanie.jpg&#8220; image_icon_width=&#8220;150px&#8220; _builder_version=&#8220;4.21.0&#8243; _module_preset=&#8220;default&#8220; header_font=&#8220;Oswald|||on|||||&#8220; header_text_align=&#8220;center&#8220; header_font_size=&#8220;18px&#8220; body_font=&#8220;Hind Siliguri||||||||&#8220; body_text_align=&#8220;center&#8220; body_text_color=&#8220;#949087&#8243; body_font_size=&#8220;15px&#8220; custom_margin=&#8220;0px||0px||false|false&#8220; custom_margin_tablet=&#8220;0px||40px||false|false&#8220; custom_margin_phone=&#8220;0px||40px||false|false&#8220; custom_margin_last_edited=&#8220;on|phone&#8220; custom_padding=&#8220;0px||0px||false|false&#8220; animation=&#8220;off&#8220; custom_css_blurb_title=&#8220;margin-bottom:5px;&#8220; border_radii_image=&#8220;on|90px|90px|90px|90px&#8220; global_colors_info=&#8220;{}&#8220;]<\/p>\n<p>Optikerin<br \/>Since 1997<\/p>\n<p>[\/et_pb_blurb][\/et_pb_column][et_pb_column type=&#8220;1_5&#8243; _builder_version=&#8220;4.17.4&#8243; _module_preset=&#8220;default&#8220; global_colors_info=&#8220;{}&#8220;][et_pb_blurb title=&#8220;SIMON HOFMANN&#8220; image_icon_background_color=&#8220;RGBA(255,255,255,0)&#8220; image=&#8220;https:\/\/optique-wirtz.lu\/wp-content\/uploads\/2026\/03\/SIMON-HOFMANN.png&#8220; image_icon_width=&#8220;150px&#8220; _builder_version=&#8220;4.21.0&#8243; _module_preset=&#8220;default&#8220; header_font=&#8220;Oswald|||on|||||&#8220; header_text_align=&#8220;center&#8220; header_font_size=&#8220;18px&#8220; body_font=&#8220;Hind Siliguri||||||||&#8220; body_text_align=&#8220;center&#8220; body_text_color=&#8220;#949087&#8243; body_font_size=&#8220;15px&#8220; custom_margin=&#8220;0px||0px||false|false&#8220; custom_margin_tablet=&#8220;0px||40px||false|false&#8220; custom_margin_phone=&#8220;0px||40px||false|false&#8220; custom_margin_last_edited=&#8220;on|phone&#8220; custom_padding=&#8220;0px||0px||false|false&#8220; animation=&#8220;off&#8220; custom_css_blurb_title=&#8220;margin-bottom:5px;&#8220; border_radii_image=&#8220;on|90px|90px|90px|90px&#8220; global_colors_info=&#8220;{}&#8220;]<\/p>\n<p>Optiker<br \/>Since 2026<\/p>\n<p>[\/et_pb_blurb][\/et_pb_column][et_pb_column type=&#8220;1_5&#8243; _builder_version=&#8220;4.17.4&#8243; _module_preset=&#8220;default&#8220; global_colors_info=&#8220;{}&#8220;][\/et_pb_column][\/et_pb_row][et_pb_row _builder_version=&#8220;4.17.4&#8243; _module_preset=&#8220;default&#8220; custom_padding=&#8220;25px|||||&#8220; global_colors_info=&#8220;{}&#8220;][et_pb_column type=&#8220;4_4&#8243; _builder_version=&#8220;4.17.4&#8243; _module_preset=&#8220;default&#8220; global_colors_info=&#8220;{}&#8220;][et_pb_text _builder_version=&#8220;4.17.4&#8243; _module_preset=&#8220;default&#8220; text_font=&#8220;|700|||||||&#8220; text_text_color=&#8220;#5e90c8&#8243; text_font_size=&#8220;21px&#8220; custom_margin=&#8220;||-10px|||&#8220; global_colors_info=&#8220;{}&#8220;]<\/p>\n<p>GREVENMACHER<\/p>\n<p>[\/et_pb_text][\/et_pb_column][\/et_pb_row][et_pb_row column_structure=&#8220;1_6,1_6,1_6,1_6,1_6,1_6&#8243; _builder_version=&#8220;4.21.0&#8243; _module_preset=&#8220;default&#8220; global_colors_info=&#8220;{}&#8220;][et_pb_column type=&#8220;1_6&#8243; _builder_version=&#8220;4.21.0&#8243; _module_preset=&#8220;default&#8220; global_colors_info=&#8220;{}&#8220;][et_pb_blurb title=&#8220;ANDREA MAY&#8220; image_icon_background_color=&#8220;RGBA(255,255,255,0)&#8220; image=&#8220;https:\/\/optique-wirtz.lu\/wp-content\/uploads\/2025\/11\/ABDREA-MAY.jpg&#8220; image_icon_width=&#8220;150px&#8220; _builder_version=&#8220;4.21.0&#8243; _module_preset=&#8220;default&#8220; header_font=&#8220;Oswald|||on|||||&#8220; header_text_align=&#8220;center&#8220; header_font_size=&#8220;18px&#8220; body_font=&#8220;Hind Siliguri||||||||&#8220; body_text_align=&#8220;center&#8220; body_text_color=&#8220;#949087&#8243; body_font_size=&#8220;15px&#8220; custom_margin=&#8220;0px||0px||false|false&#8220; custom_margin_tablet=&#8220;0px||40px||false|false&#8220; custom_margin_phone=&#8220;0px||40px||false|false&#8220; custom_margin_last_edited=&#8220;on|phone&#8220; custom_padding=&#8220;0px||1px||false|false&#8220; animation=&#8220;off&#8220; custom_css_blurb_title=&#8220;margin-bottom:5px;&#8220; border_radii_image=&#8220;on|90px|90px|90px|90px&#8220; global_colors_info=&#8220;{}&#8220;]<\/p>\n<p>Filialleiterin<br \/>Optikerin<br \/>Since 2025<\/p>\n<p>[\/et_pb_blurb][\/et_pb_column][et_pb_column type=&#8220;1_6&#8243; _builder_version=&#8220;4.17.4&#8243; _module_preset=&#8220;default&#8220; global_colors_info=&#8220;{}&#8220;][et_pb_blurb title=&#8220;CONNY WEIDERT&#8220; image_icon_background_color=&#8220;RGBA(255,255,255,0)&#8220; image=&#8220;https:\/\/optique-wirtz.lu\/wp-content\/uploads\/2025\/11\/CONNY.jpg&#8220; image_icon_width=&#8220;150px&#8220; _builder_version=&#8220;4.21.0&#8243; _module_preset=&#8220;default&#8220; header_font=&#8220;Oswald|||on|||||&#8220; header_text_align=&#8220;center&#8220; header_font_size=&#8220;18px&#8220; body_font=&#8220;Hind Siliguri||||||||&#8220; body_text_align=&#8220;center&#8220; body_text_color=&#8220;#949087&#8243; body_font_size=&#8220;15px&#8220; custom_margin=&#8220;0px||0px||false|false&#8220; custom_margin_tablet=&#8220;0px||40px||false|false&#8220; custom_margin_phone=&#8220;0px||40px||false|false&#8220; custom_margin_last_edited=&#8220;on|phone&#8220; custom_padding=&#8220;0px||0px||false|false&#8220; animation=&#8220;off&#8220; custom_css_blurb_title=&#8220;margin-bottom:5px;&#8220; border_radii_image=&#8220;on|90px|90px|90px|90px&#8220; global_colors_info=&#8220;{}&#8220;]<\/p>\n<p>Optikermeisterin<br \/>Since 2002<\/p>\n<p>[\/et_pb_blurb][\/et_pb_column][et_pb_column type=&#8220;1_6&#8243; _builder_version=&#8220;4.17.4&#8243; _module_preset=&#8220;default&#8220; global_colors_info=&#8220;{}&#8220;][et_pb_blurb title=&#8220;MARTINA JAKOBS&#8220; image_icon_background_color=&#8220;RGBA(255,255,255,0)&#8220; image=&#8220;https:\/\/optique-wirtz.lu\/wp-content\/uploads\/2022\/12\/Optique-wirtz-Grevenmacher-Jakobs-Martina.jpg&#8220; image_icon_width=&#8220;150px&#8220; _builder_version=&#8220;4.21.0&#8243; _module_preset=&#8220;default&#8220; header_font=&#8220;Oswald|||on|||||&#8220; header_text_align=&#8220;center&#8220; header_font_size=&#8220;18px&#8220; body_font=&#8220;Hind Siliguri||||||||&#8220; body_text_align=&#8220;center&#8220; body_text_color=&#8220;#949087&#8243; body_font_size=&#8220;15px&#8220; custom_margin=&#8220;0px||0px||false|false&#8220; custom_margin_tablet=&#8220;0px||40px||false|false&#8220; custom_margin_phone=&#8220;0px||40px||false|false&#8220; custom_margin_last_edited=&#8220;on|phone&#8220; custom_padding=&#8220;0px||0px||false|false&#8220; animation=&#8220;off&#8220; custom_css_blurb_title=&#8220;margin-bottom:5px;&#8220; border_radii_image=&#8220;on|90px|90px|90px|90px&#8220; global_colors_info=&#8220;{}&#8220;]<\/p>\n<p>Optikerin<br \/>Since 2014<\/p>\n<p>[\/et_pb_blurb][\/et_pb_column][et_pb_column type=&#8220;1_6&#8243; _builder_version=&#8220;4.17.4&#8243; _module_preset=&#8220;default&#8220; global_colors_info=&#8220;{}&#8220;][et_pb_blurb title=&#8220;Thierry Hoffmann&#8220; image_icon_background_color=&#8220;RGBA(255,255,255,0)&#8220; image=&#8220;https:\/\/optique-wirtz.lu\/wp-content\/uploads\/2025\/11\/Thierry-1.jpg&#8220; image_icon_width=&#8220;150px&#8220; _builder_version=&#8220;4.21.0&#8243; _module_preset=&#8220;default&#8220; header_font=&#8220;Oswald|||on|||||&#8220; header_text_align=&#8220;center&#8220; header_font_size=&#8220;18px&#8220; body_font=&#8220;Hind Siliguri||||||||&#8220; body_text_align=&#8220;center&#8220; body_text_color=&#8220;#949087&#8243; body_font_size=&#8220;15px&#8220; custom_margin=&#8220;0px||0px||false|false&#8220; custom_margin_tablet=&#8220;0px||40px||false|false&#8220; custom_margin_phone=&#8220;0px||40px||false|false&#8220; custom_margin_last_edited=&#8220;on|phone&#8220; custom_padding=&#8220;0px||0px||false|false&#8220; animation=&#8220;off&#8220; custom_css_blurb_title=&#8220;margin-bottom:5px;&#8220; border_radii_image=&#8220;on|90px|90px|90px|90px&#8220; global_colors_info=&#8220;{}&#8220;]<\/p>\n<p>Optiker<br \/>Since 2023<\/p>\n<p>[\/et_pb_blurb][\/et_pb_column][et_pb_column type=&#8220;1_6&#8243; _builder_version=&#8220;4.17.4&#8243; _module_preset=&#8220;default&#8220; global_colors_info=&#8220;{}&#8220;][\/et_pb_column][et_pb_column type=&#8220;1_6&#8243; _builder_version=&#8220;4.17.4&#8243; _module_preset=&#8220;default&#8220; global_colors_info=&#8220;{}&#8220;][\/et_pb_column][\/et_pb_row][et_pb_row _builder_version=&#8220;4.17.4&#8243; _module_preset=&#8220;default&#8220; custom_padding=&#8220;25px|||||&#8220; global_colors_info=&#8220;{}&#8220;][et_pb_column type=&#8220;4_4&#8243; _builder_version=&#8220;4.17.4&#8243; _module_preset=&#8220;default&#8220; global_colors_info=&#8220;{}&#8220;][et_pb_text _builder_version=&#8220;4.17.4&#8243; _module_preset=&#8220;default&#8220; text_font=&#8220;|700|||||||&#8220; text_text_color=&#8220;#5e90c8&#8243; text_font_size=&#8220;21px&#8220; custom_margin=&#8220;||-10px|||&#8220; global_colors_info=&#8220;{}&#8220;]<\/p>\n<p>ECHTERNACH<\/p>\n<p>[\/et_pb_text][\/et_pb_column][\/et_pb_row][et_pb_row column_structure=&#8220;1_5,1_5,1_5,1_5,1_5&#8243; _builder_version=&#8220;4.17.4&#8243; _module_preset=&#8220;default&#8220; global_colors_info=&#8220;{}&#8220;][et_pb_column type=&#8220;1_5&#8243; _builder_version=&#8220;4.17.4&#8243; _module_preset=&#8220;default&#8220; global_colors_info=&#8220;{}&#8220;][et_pb_blurb title=&#8220;Kerstin BERKELS&#8220; image_icon_background_color=&#8220;RGBA(255,255,255,0)&#8220; image=&#8220;https:\/\/optique-wirtz.lu\/wp-content\/uploads\/2022\/12\/Optique-wirtz-Echternach-Podszus-Kerstin.jpg&#8220; image_icon_width=&#8220;150px&#8220; _builder_version=&#8220;4.21.0&#8243; _module_preset=&#8220;default&#8220; header_font=&#8220;Oswald|||on|||||&#8220; header_text_align=&#8220;center&#8220; header_font_size=&#8220;18px&#8220; body_font=&#8220;Hind Siliguri||||||||&#8220; body_text_align=&#8220;center&#8220; body_text_color=&#8220;#949087&#8243; body_font_size=&#8220;15px&#8220; custom_margin=&#8220;0px||0px||false|false&#8220; custom_margin_tablet=&#8220;0px||40px||false|false&#8220; custom_margin_phone=&#8220;0px||40px||false|false&#8220; custom_margin_last_edited=&#8220;on|phone&#8220; custom_padding=&#8220;0px||0px||false|false&#8220; animation=&#8220;off&#8220; custom_css_blurb_title=&#8220;margin-bottom:5px;&#8220; border_radii_image=&#8220;on|90px|90px|90px|90px&#8220; global_colors_info=&#8220;{}&#8220;]<\/p>\n<p>Filialleiterin<br \/>Optikermeisterin<br \/>Since 2016<\/p>\n<p>[\/et_pb_blurb][\/et_pb_column][et_pb_column type=&#8220;1_5&#8243; _builder_version=&#8220;4.17.4&#8243; _module_preset=&#8220;default&#8220; global_colors_info=&#8220;{}&#8220;][et_pb_blurb title=&#8220;Joachim Thein&#8220; image_icon_background_color=&#8220;RGBA(255,255,255,0)&#8220; image=&#8220;https:\/\/optique-wirtz.lu\/wp-content\/uploads\/2022\/12\/Optique-wirtz-Echternach-Thein-Joachim.jpg&#8220; image_icon_width=&#8220;150px&#8220; _builder_version=&#8220;4.21.0&#8243; _module_preset=&#8220;default&#8220; header_font=&#8220;Oswald|||on|||||&#8220; header_text_align=&#8220;center&#8220; header_font_size=&#8220;18px&#8220; body_font=&#8220;Hind Siliguri||||||||&#8220; body_text_align=&#8220;center&#8220; body_text_color=&#8220;#949087&#8243; body_font_size=&#8220;15px&#8220; custom_margin=&#8220;0px||0px||false|false&#8220; custom_margin_tablet=&#8220;0px||40px||false|false&#8220; custom_margin_phone=&#8220;0px||40px||false|false&#8220; custom_margin_last_edited=&#8220;on|phone&#8220; custom_padding=&#8220;0px||0px||false|false&#8220; animation=&#8220;off&#8220; custom_css_blurb_title=&#8220;margin-bottom:5px;&#8220; border_radii_image=&#8220;on|90px|90px|90px|90px&#8220; global_colors_info=&#8220;{}&#8220;]<\/p>\n<p>Optikermeister<br \/>Since 1999<\/p>\n<p>[\/et_pb_blurb][\/et_pb_column][et_pb_column type=&#8220;1_5&#8243; _builder_version=&#8220;4.17.4&#8243; _module_preset=&#8220;default&#8220; global_colors_info=&#8220;{}&#8220;][et_pb_blurb title=&#8220;Daniela Oeffling&#8220; image_icon_background_color=&#8220;RGBA(255,255,255,0)&#8220; image=&#8220;https:\/\/optique-wirtz.lu\/wp-content\/uploads\/2022\/12\/Optique-wirtz-Echternach-Oeffling-Daniela.jpg&#8220; image_icon_width=&#8220;150px&#8220; _builder_version=&#8220;4.21.0&#8243; _module_preset=&#8220;default&#8220; header_font=&#8220;Oswald|||on|||||&#8220; header_text_align=&#8220;center&#8220; header_font_size=&#8220;18px&#8220; body_font=&#8220;Hind Siliguri||||||||&#8220; body_text_align=&#8220;center&#8220; body_text_color=&#8220;#949087&#8243; body_font_size=&#8220;15px&#8220; custom_margin=&#8220;0px||0px||false|false&#8220; custom_margin_tablet=&#8220;0px||40px||false|false&#8220; custom_margin_phone=&#8220;0px||40px||false|false&#8220; custom_margin_last_edited=&#8220;on|phone&#8220; custom_padding=&#8220;0px||0px||false|false&#8220; animation=&#8220;off&#8220; custom_css_blurb_title=&#8220;margin-bottom:5px;&#8220; border_radii_image=&#8220;on|90px|90px|90px|90px&#8220; global_colors_info=&#8220;{}&#8220;]<\/p>\n<p>Optikerin<br \/>Since 2002<\/p>\n<p>[\/et_pb_blurb][\/et_pb_column][et_pb_column type=&#8220;1_5&#8243; _builder_version=&#8220;4.17.4&#8243; _module_preset=&#8220;default&#8220; global_colors_info=&#8220;{}&#8220;][et_pb_blurb title=&#8220;Patrice Spaus&#8220; image_icon_background_color=&#8220;RGBA(255,255,255,0)&#8220; image=&#8220;https:\/\/optique-wirtz.lu\/wp-content\/uploads\/2022\/12\/Optique-wirtz-Echternach-Spaus-Daniela.jpg&#8220; image_icon_width=&#8220;150px&#8220; _builder_version=&#8220;4.21.0&#8243; _module_preset=&#8220;default&#8220; header_font=&#8220;Oswald|||on|||||&#8220; header_text_align=&#8220;center&#8220; header_font_size=&#8220;18px&#8220; body_font=&#8220;Hind Siliguri||||||||&#8220; body_text_align=&#8220;center&#8220; body_text_color=&#8220;#949087&#8243; body_font_size=&#8220;15px&#8220; custom_margin=&#8220;0px||0px||false|false&#8220; custom_margin_tablet=&#8220;0px||40px||false|false&#8220; custom_margin_phone=&#8220;0px||40px||false|false&#8220; custom_margin_last_edited=&#8220;on|phone&#8220; custom_padding=&#8220;0px||0px||false|false&#8220; animation=&#8220;off&#8220; custom_css_blurb_title=&#8220;margin-bottom:5px;&#8220; border_radii_image=&#8220;on|90px|90px|90px|90px&#8220; global_colors_info=&#8220;{}&#8220;]<\/p>\n<p>Optikermeisterin<br \/>Since 2006<\/p>\n<p>[\/et_pb_blurb][\/et_pb_column][et_pb_column type=&#8220;1_5&#8243; _builder_version=&#8220;4.21.0&#8243; _module_preset=&#8220;default&#8220; global_colors_info=&#8220;{}&#8220;][et_pb_blurb title=&#8220;MELANIE T\u00fcX&#8220; image_icon_background_color=&#8220;RGBA(255,255,255,0)&#8220; image=&#8220;https:\/\/optique-wirtz.lu\/wp-content\/uploads\/2024\/04\/MELANIE-TUX-2.jpg&#8220; image_icon_width=&#8220;150px&#8220; _builder_version=&#8220;4.21.0&#8243; _module_preset=&#8220;default&#8220; header_font=&#8220;Oswald|||on|||||&#8220; header_text_align=&#8220;center&#8220; header_font_size=&#8220;18px&#8220; body_font=&#8220;Hind Siliguri||||||||&#8220; body_text_align=&#8220;center&#8220; body_text_color=&#8220;#949087&#8243; body_font_size=&#8220;15px&#8220; custom_margin=&#8220;0px||0px||false|false&#8220; custom_margin_tablet=&#8220;0px||40px||false|false&#8220; custom_margin_phone=&#8220;0px||40px||false|false&#8220; custom_margin_last_edited=&#8220;on|phone&#8220; custom_padding=&#8220;0px||0px||false|false&#8220; animation=&#8220;off&#8220; custom_css_blurb_title=&#8220;margin-bottom:5px;&#8220; border_radii_image=&#8220;on|90px|90px|90px|90px&#8220; global_colors_info=&#8220;{}&#8220;]<\/p>\n<p>Optikerin<br \/>Since 2024<\/p>\n<p>[\/et_pb_blurb][\/et_pb_column][\/et_pb_row][et_pb_row column_structure=&#8220;1_5,1_5,1_5,1_5,1_5&#8243; _builder_version=&#8220;4.17.4&#8243; _module_preset=&#8220;default&#8220; global_colors_info=&#8220;{}&#8220;][et_pb_column type=&#8220;1_5&#8243; _builder_version=&#8220;4.17.4&#8243; _module_preset=&#8220;default&#8220; global_colors_info=&#8220;{}&#8220;][et_pb_blurb title=&#8220;M\u00e9linda Pinetti&#8220; image_icon_background_color=&#8220;RGBA(255,255,255,0)&#8220; image=&#8220;https:\/\/optique-wirtz.lu\/wp-content\/uploads\/2022\/12\/Optique-wirtz-Echternach-Pinetti-Melinda.jpg&#8220; image_icon_width=&#8220;150px&#8220; _builder_version=&#8220;4.21.0&#8243; _module_preset=&#8220;default&#8220; header_font=&#8220;Oswald|||on|||||&#8220; header_text_align=&#8220;center&#8220; header_font_size=&#8220;18px&#8220; body_font=&#8220;Hind Siliguri||||||||&#8220; body_text_align=&#8220;center&#8220; body_text_color=&#8220;#949087&#8243; body_font_size=&#8220;15px&#8220; custom_margin=&#8220;0px||0px||false|false&#8220; custom_margin_tablet=&#8220;0px||40px||false|false&#8220; custom_margin_phone=&#8220;0px||40px||false|false&#8220; custom_margin_last_edited=&#8220;on|phone&#8220; custom_padding=&#8220;0px||0px||false|false&#8220; animation=&#8220;off&#8220; custom_css_blurb_title=&#8220;margin-bottom:5px;&#8220; border_radii_image=&#8220;on|90px|90px|90px|90px&#8220; global_colors_info=&#8220;{}&#8220;]<\/p>\n<p>Optikerin<br \/>Since 2022<\/p>\n<p>[\/et_pb_blurb][\/et_pb_column][et_pb_column type=&#8220;1_5&#8243; _builder_version=&#8220;4.17.4&#8243; _module_preset=&#8220;default&#8220; global_colors_info=&#8220;{}&#8220;][\/et_pb_column][et_pb_column type=&#8220;1_5&#8243; _builder_version=&#8220;4.17.4&#8243; _module_preset=&#8220;default&#8220; global_colors_info=&#8220;{}&#8220;][\/et_pb_column][et_pb_column type=&#8220;1_5&#8243; _builder_version=&#8220;4.17.4&#8243; _module_preset=&#8220;default&#8220; global_colors_info=&#8220;{}&#8220;][\/et_pb_column][et_pb_column type=&#8220;1_5&#8243; _builder_version=&#8220;4.21.0&#8243; _module_preset=&#8220;default&#8220; global_colors_info=&#8220;{}&#8220;][\/et_pb_column][\/et_pb_row][\/et_pb_section][et_pb_section fb_built=&#8220;1&#8243; _builder_version=&#8220;4.17.4&#8243; _module_preset=&#8220;default&#8220; background_color=&#8220;#f8f6f1&#8243; global_colors_info=&#8220;{}&#8220;][et_pb_row module_id=&#8220;marques&#8220; _builder_version=&#8220;4.17.4&#8243; _module_preset=&#8220;default&#8220; global_colors_info=&#8220;{}&#8220;][et_pb_column type=&#8220;4_4&#8243; _builder_version=&#8220;4.17.4&#8243; _module_preset=&#8220;default&#8220; global_colors_info=&#8220;{}&#8220;][et_pb_text _builder_version=&#8220;4.17.4&#8243; _module_preset=&#8220;default&#8220; header_2_font=&#8220;Oswald|||on|||||&#8220; header_2_text_align=&#8220;left&#8220; header_2_text_color=&#8220;#5e90c8&#8243; header_2_font_size=&#8220;48px&#8220; header_2_line_height=&#8220;1.1em&#8220; custom_margin=&#8220;0px||20px||false|false&#8220; custom_padding=&#8220;0px||0px||false|false&#8220; header_2_text_align_tablet=&#8220;left&#8220; header_2_text_align_phone=&#8220;center&#8220; header_2_text_align_last_edited=&#8220;on|phone&#8220; header_2_font_size_tablet=&#8220;48px&#8220; header_2_font_size_phone=&#8220;35px&#8220; header_2_font_size_last_edited=&#8220;on|phone&#8220; global_colors_info=&#8220;{}&#8220;]<\/p>\n<h2 style=\"text-align: center;\">Unsere Marken<\/h2>\n<p>[\/et_pb_text][et_pb_text _builder_version=&#8220;4.17.4&#8243; _module_preset=&#8220;default&#8220; header_2_font=&#8220;Oswald|||on|||||&#8220; header_2_text_align=&#8220;left&#8220; header_2_text_color=&#8220;#5e90c8&#8243; header_2_font_size=&#8220;48px&#8220; header_2_line_height=&#8220;1.1em&#8220; header_4_font=&#8220;|600|||||||&#8220; header_4_text_color=&#8220;#5e90c8&#8243; header_4_font_size=&#8220;20px&#8220; custom_margin=&#8220;0px||-2px||false|false&#8220; custom_padding=&#8220;0px||0px||false|false&#8220; header_2_text_align_tablet=&#8220;left&#8220; header_2_text_align_phone=&#8220;center&#8220; header_2_text_align_last_edited=&#8220;on|phone&#8220; header_2_font_size_tablet=&#8220;48px&#8220; header_2_font_size_phone=&#8220;35px&#8220; header_2_font_size_last_edited=&#8220;on|phone&#8220; global_colors_info=&#8220;{}&#8220;]<\/p>\n<h4 style=\"text-align: left;\">Diekirch<\/h4>\n<p>[\/et_pb_text][\/et_pb_column][\/et_pb_row][et_pb_row use_custom_gutter=&#8220;on&#8220; gutter_width=&#8220;1&#8243; make_equal=&#8220;on&#8220; _builder_version=&#8220;4.17.4&#8243; _module_preset=&#8220;default&#8220; custom_margin=&#8220;-24px|auto||auto||&#8220; global_colors_info=&#8220;{}&#8220;][et_pb_column type=&#8220;4_4&#8243; _builder_version=&#8220;4.17.4&#8243; _module_preset=&#8220;default&#8220; global_colors_info=&#8220;{}&#8220;][et_pb_image src=&#8220;https:\/\/optique-wirtz.lu\/wp-content\/uploads\/2022\/05\/Optique-Wirtz-Diekirch-Marque-Chanel.jpg&#8220; title_text=&#8220;Optique Wirtz &#8211; Diekirch &#8211; Marke Chanel&#8220; _builder_version=&#8220;4.17.4&#8243; _module_preset=&#8220;default&#8220; width=&#8220;12.5%&#8220; width_tablet=&#8220;16.6%&#8220; width_phone=&#8220;33%&#8220; width_last_edited=&#8220;on|phone&#8220; custom_margin=&#8220;||||false|false&#8220; custom_padding=&#8220;2px|2px|2px|2px|true|true&#8220; custom_css_main_element=&#8220;display:inline-block;&#8220; global_colors_info=&#8220;{}&#8220;][\/et_pb_image][et_pb_image src=&#8220;https:\/\/optique-wirtz.lu\/wp-content\/uploads\/2022\/05\/Optique-Wirtz-Diekirch-Marque-Dolce-Gabbana.jpg&#8220; title_text=&#8220;Optique Wirtz &#8211; Diekirch &#8211; Marke Dolce Gabbana&#8220; _builder_version=&#8220;4.17.4&#8243; _module_preset=&#8220;default&#8220; width=&#8220;12.5%&#8220; width_tablet=&#8220;16.6%&#8220; width_phone=&#8220;33%&#8220; width_last_edited=&#8220;on|phone&#8220; custom_margin=&#8220;||||false|false&#8220; custom_padding=&#8220;2px|2px|2px|2px|true|true&#8220; custom_css_main_element=&#8220;display:inline-block;&#8220; global_colors_info=&#8220;{}&#8220;][\/et_pb_image][et_pb_image src=&#8220;https:\/\/optique-wirtz.lu\/wp-content\/uploads\/2022\/05\/Optique-Wirtz-Diekirch-Marque-Alain-Mikli.jpg&#8220; title_text=&#8220;Optique Wirtz &#8211; Diekirch &#8211; Marke Alain Mikli&#8220; _builder_version=&#8220;4.17.4&#8243; _module_preset=&#8220;default&#8220; width=&#8220;12.5%&#8220; width_tablet=&#8220;16.6%&#8220; width_phone=&#8220;33%&#8220; width_last_edited=&#8220;on|phone&#8220; custom_margin=&#8220;||||false|false&#8220; custom_padding=&#8220;2px|2px|2px|2px|true|true&#8220; custom_css_main_element=&#8220;display:inline-block;&#8220; global_colors_info=&#8220;{}&#8220;][\/et_pb_image][et_pb_image src=&#8220;https:\/\/optique-wirtz.lu\/wp-content\/uploads\/2022\/05\/Optique-Wirtz-Diekirch-Marque-Prada.jpg&#8220; title_text=&#8220;Optique Wirtz &#8211; Diekirch &#8211; Marke Prada&#8220; _builder_version=&#8220;4.17.4&#8243; _module_preset=&#8220;default&#8220; width=&#8220;12.5%&#8220; width_tablet=&#8220;16.6%&#8220; width_phone=&#8220;33%&#8220; width_last_edited=&#8220;on|phone&#8220; custom_margin=&#8220;||||false|false&#8220; custom_padding=&#8220;2px|2px|2px|2px|true|true&#8220; custom_css_main_element=&#8220;display:inline-block;&#8220; global_colors_info=&#8220;{}&#8220;][\/et_pb_image][et_pb_image src=&#8220;https:\/\/optique-wirtz.lu\/wp-content\/uploads\/2022\/05\/Optique-Wirtz-Diekirch-Marque-Olivier-Peoples.jpg&#8220; title_text=&#8220;Optique Wirtz &#8211; Diekirch &#8211; Marke Olivier Peoples&#8220; _builder_version=&#8220;4.17.4&#8243; _module_preset=&#8220;default&#8220; width=&#8220;12.5%&#8220; width_tablet=&#8220;16.6%&#8220; width_phone=&#8220;33%&#8220; width_last_edited=&#8220;on|phone&#8220; custom_margin=&#8220;||||false|false&#8220; custom_padding=&#8220;2px|2px|2px|2px|true|true&#8220; custom_css_main_element=&#8220;display:inline-block;&#8220; global_colors_info=&#8220;{}&#8220;][\/et_pb_image][et_pb_image src=&#8220;https:\/\/optique-wirtz.lu\/wp-content\/uploads\/2022\/12\/Optique-Wirtz-Diekirch-Marque-Persol.jpg&#8220; title_text=&#8220;Optique Wirtz &#8211; Diekirch &#8211; Marke Persol&#8220; _builder_version=&#8220;4.17.4&#8243; _module_preset=&#8220;default&#8220; width=&#8220;12.5%&#8220; width_tablet=&#8220;16.6%&#8220; width_phone=&#8220;33%&#8220; width_last_edited=&#8220;on|phone&#8220; custom_margin=&#8220;||||false|false&#8220; custom_padding=&#8220;2px|2px|2px|2px|true|true&#8220; custom_css_main_element=&#8220;display:inline-block;&#8220; global_colors_info=&#8220;{}&#8220;][\/et_pb_image][et_pb_image src=&#8220;https:\/\/optique-wirtz.lu\/wp-content\/uploads\/2022\/12\/Optique-Wirtz-Diekirch-Marque-Ralph-Lauren.jpg&#8220; title_text=&#8220;Optique Wirtz &#8211; Diekirch &#8211; Marke Ralph Lauren&#8220; _builder_version=&#8220;4.17.4&#8243; _module_preset=&#8220;default&#8220; width=&#8220;12.5%&#8220; width_tablet=&#8220;16.6%&#8220; width_phone=&#8220;33%&#8220; width_last_edited=&#8220;on|phone&#8220; custom_margin=&#8220;||||false|false&#8220; custom_padding=&#8220;2px|2px|2px|2px|true|true&#8220; custom_css_main_element=&#8220;display:inline-block;&#8220; global_colors_info=&#8220;{}&#8220;][\/et_pb_image][et_pb_image src=&#8220;https:\/\/optique-wirtz.lu\/wp-content\/uploads\/2022\/12\/Optique-Wirtz-Diekirch-Marque-Ray-Ban.jpg&#8220; title_text=&#8220;Optique Wirtz &#8211; Diekirch &#8211; Marke Ray Ban&#8220; _builder_version=&#8220;4.17.4&#8243; _module_preset=&#8220;default&#8220; width=&#8220;12.5%&#8220; width_tablet=&#8220;16.6%&#8220; width_phone=&#8220;33%&#8220; width_last_edited=&#8220;on|phone&#8220; custom_margin=&#8220;||||false|false&#8220; custom_padding=&#8220;2px|2px|2px|2px|true|true&#8220; custom_css_main_element=&#8220;display:inline-block;&#8220; global_colors_info=&#8220;{}&#8220;][\/et_pb_image][et_pb_image src=&#8220;https:\/\/optique-wirtz.lu\/wp-content\/uploads\/2022\/12\/Optique-Wirtz-Diekirch-Marque-Ray-Ban-ferrari.jpg&#8220; title_text=&#8220;Optique Wirtz &#8211; Diekirch &#8211; Marke Ray Ban ferrari&#8220; _builder_version=&#8220;4.17.4&#8243; _module_preset=&#8220;default&#8220; width=&#8220;12.5%&#8220; width_tablet=&#8220;16.6%&#8220; width_phone=&#8220;33%&#8220; width_last_edited=&#8220;on|phone&#8220; custom_margin=&#8220;||||false|false&#8220; custom_padding=&#8220;2px|2px|2px|2px|true|true&#8220; custom_css_main_element=&#8220;display:inline-block;&#8220; global_colors_info=&#8220;{}&#8220;][\/et_pb_image][et_pb_image src=&#8220;https:\/\/optique-wirtz.lu\/wp-content\/uploads\/2022\/12\/Optique-Wirtz-Diekirch-Marque-Porsche-Design.jpg&#8220; title_text=&#8220;Optique Wirtz &#8211; Diekirch &#8211; Marke Porsche Design&#8220; _builder_version=&#8220;4.17.4&#8243; _module_preset=&#8220;default&#8220; width=&#8220;12.5%&#8220; width_tablet=&#8220;16.6%&#8220; width_phone=&#8220;33%&#8220; width_last_edited=&#8220;on|phone&#8220; custom_margin=&#8220;||||false|false&#8220; custom_padding=&#8220;2px|2px|2px|2px|true|true&#8220; custom_css_main_element=&#8220;display:inline-block;&#8220; global_colors_info=&#8220;{}&#8220;][\/et_pb_image][et_pb_image src=&#8220;https:\/\/optique-wirtz.lu\/wp-content\/uploads\/2022\/12\/Optique-Wirtz-Diekirch-Marque-Cazal.jpg&#8220; title_text=&#8220;Optique Wirtz &#8211; Diekirch &#8211; Marke Cazal&#8220; _builder_version=&#8220;4.17.4&#8243; _module_preset=&#8220;default&#8220; width=&#8220;12.5%&#8220; width_tablet=&#8220;16.6%&#8220; width_phone=&#8220;33%&#8220; width_last_edited=&#8220;on|phone&#8220; custom_margin=&#8220;||||false|false&#8220; custom_padding=&#8220;2px|2px|2px|2px|true|true&#8220; custom_css_main_element=&#8220;display:inline-block;&#8220; global_colors_info=&#8220;{}&#8220;][\/et_pb_image][et_pb_image src=&#8220;https:\/\/optique-wirtz.lu\/wp-content\/uploads\/2022\/12\/Optique-Wirtz-Diekirch-Marque-Lindberg.jpg&#8220; title_text=&#8220;Optique Wirtz &#8211; Diekirch &#8211; Marke Lindberg&#8220; _builder_version=&#8220;4.17.4&#8243; _module_preset=&#8220;default&#8220; width=&#8220;12.5%&#8220; width_tablet=&#8220;16.6%&#8220; width_phone=&#8220;33%&#8220; width_last_edited=&#8220;on|phone&#8220; custom_margin=&#8220;||||false|false&#8220; custom_padding=&#8220;2px|2px|2px|2px|true|true&#8220; custom_css_main_element=&#8220;display:inline-block;&#8220; global_colors_info=&#8220;{}&#8220;][\/et_pb_image][et_pb_image src=&#8220;https:\/\/optique-wirtz.lu\/wp-content\/uploads\/2022\/12\/Optique-Wirtz-Diekirch-Marque-Cartier.jpg&#8220; title_text=&#8220;Optique Wirtz &#8211; Diekirch &#8211; Marke Cartier&#8220; _builder_version=&#8220;4.17.4&#8243; _module_preset=&#8220;default&#8220; width=&#8220;12.5%&#8220; width_tablet=&#8220;16.6%&#8220; width_phone=&#8220;33%&#8220; width_last_edited=&#8220;on|phone&#8220; custom_margin=&#8220;||||false|false&#8220; custom_padding=&#8220;2px|2px|2px|2px|true|true&#8220; custom_css_main_element=&#8220;display:inline-block;&#8220; global_colors_info=&#8220;{}&#8220;][\/et_pb_image][et_pb_image src=&#8220;https:\/\/optique-wirtz.lu\/wp-content\/uploads\/2022\/12\/Optique-Wirtz-Diekirch-Marque-Polo-Ralph-Lauren.jpg&#8220; title_text=&#8220;Optique Wirtz &#8211; Diekirch &#8211; Marke Polo Ralph Lauren&#8220; _builder_version=&#8220;4.17.4&#8243; _module_preset=&#8220;default&#8220; width=&#8220;12.5%&#8220; width_tablet=&#8220;16.6%&#8220; width_phone=&#8220;33%&#8220; width_last_edited=&#8220;on|phone&#8220; custom_margin=&#8220;||||false|false&#8220; custom_padding=&#8220;2px|2px|2px|2px|true|true&#8220; custom_css_main_element=&#8220;display:inline-block;&#8220; global_colors_info=&#8220;{}&#8220;][\/et_pb_image][et_pb_image src=&#8220;https:\/\/optique-wirtz.lu\/wp-content\/uploads\/2022\/12\/Optique-Wirtz-Diekirch-Marque-Silhouette.jpg&#8220; title_text=&#8220;Optique Wirtz &#8211; Diekirch &#8211; Marke Silhouette&#8220; _builder_version=&#8220;4.17.4&#8243; _module_preset=&#8220;default&#8220; width=&#8220;12.5%&#8220; width_tablet=&#8220;16.6%&#8220; width_phone=&#8220;33%&#8220; width_last_edited=&#8220;on|phone&#8220; custom_margin=&#8220;||||false|false&#8220; custom_padding=&#8220;2px|2px|2px|2px|true|true&#8220; custom_css_main_element=&#8220;display:inline-block;&#8220; global_colors_info=&#8220;{}&#8220;][\/et_pb_image][et_pb_image src=&#8220;https:\/\/optique-wirtz.lu\/wp-content\/uploads\/2024\/03\/miumiu-neu-1.jpg&#8220; title_text=&#8220;miumiu neu&#8220; _builder_version=&#8220;4.21.0&#8243; _module_preset=&#8220;default&#8220; width=&#8220;12.5%&#8220; width_tablet=&#8220;16.6%&#8220; width_phone=&#8220;33%&#8220; width_last_edited=&#8220;on|phone&#8220; custom_margin=&#8220;||||false|false&#8220; custom_padding=&#8220;2px|2px|2px|2px|true|true&#8220; custom_css_main_element=&#8220;display:inline-block;&#8220; global_colors_info=&#8220;{}&#8220;][\/et_pb_image][et_pb_image src=&#8220;https:\/\/optique-wirtz.lu\/wp-content\/uploads\/2024\/10\/JimmyChoo-1.jpg&#8220; title_text=&#8220;JimmyChoo&#8220; _builder_version=&#8220;4.21.0&#8243; _module_preset=&#8220;default&#8220; width=&#8220;12.5%&#8220; width_tablet=&#8220;16.6%&#8220; width_phone=&#8220;33%&#8220; width_last_edited=&#8220;on|phone&#8220; custom_margin=&#8220;||||false|false&#8220; custom_padding=&#8220;2px|2px|2px|2px|true|true&#8220; custom_css_main_element=&#8220;display:inline-block;&#8220; global_colors_info=&#8220;{}&#8220;][\/et_pb_image][et_pb_image src=&#8220;https:\/\/optique-wirtz.lu\/wp-content\/uploads\/2022\/05\/Optique-Wirtz-Diekirch-Marque-Giorgio-Armani.jpg&#8220; title_text=&#8220;Optique Wirtz &#8211; Diekirch &#8211; Marque Giorgio Armani&#8220; _builder_version=&#8220;4.21.0&#8243; _module_preset=&#8220;default&#8220; width=&#8220;12.5%&#8220; width_tablet=&#8220;16.6%&#8220; width_phone=&#8220;33%&#8220; width_last_edited=&#8220;on|phone&#8220; custom_margin=&#8220;||||false|false&#8220; custom_padding=&#8220;2px|2px|2px|2px|true|true&#8220; custom_css_main_element=&#8220;display:inline-block;&#8220; global_colors_info=&#8220;{}&#8220;][\/et_pb_image][\/et_pb_column][\/et_pb_row][\/et_pb_section][et_pb_section fb_built=&#8220;1&#8243; _builder_version=&#8220;4.17.4&#8243; _module_preset=&#8220;default&#8220; background_color=&#8220;#f8f6f1&#8243; global_colors_info=&#8220;{}&#8220;][et_pb_row module_id=&#8220;marques&#8220; _builder_version=&#8220;4.17.4&#8243; _module_preset=&#8220;default&#8220; global_colors_info=&#8220;{}&#8220;][et_pb_column type=&#8220;4_4&#8243; _builder_version=&#8220;4.17.4&#8243; _module_preset=&#8220;default&#8220; global_colors_info=&#8220;{}&#8220;][et_pb_text _builder_version=&#8220;4.17.4&#8243; _module_preset=&#8220;default&#8220; header_2_font=&#8220;Oswald|||on|||||&#8220; header_2_text_align=&#8220;left&#8220; header_2_text_color=&#8220;#5e90c8&#8243; header_2_font_size=&#8220;48px&#8220; header_2_line_height=&#8220;1.1em&#8220; header_4_font=&#8220;|600|||||||&#8220; header_4_text_color=&#8220;#5e90c8&#8243; header_4_font_size=&#8220;20px&#8220; custom_margin=&#8220;0px||-2px||false|false&#8220; custom_padding=&#8220;0px||0px||false|false&#8220; header_2_text_align_tablet=&#8220;left&#8220; header_2_text_align_phone=&#8220;center&#8220; header_2_text_align_last_edited=&#8220;on|phone&#8220; header_2_font_size_tablet=&#8220;48px&#8220; header_2_font_size_phone=&#8220;35px&#8220; header_2_font_size_last_edited=&#8220;on|phone&#8220; global_colors_info=&#8220;{}&#8220;]<\/p>\n<h4 style=\"text-align: left;\">Grevenmacher<\/h4>\n<p>[\/et_pb_text][\/et_pb_column][\/et_pb_row][et_pb_row use_custom_gutter=&#8220;on&#8220; gutter_width=&#8220;1&#8243; make_equal=&#8220;on&#8220; _builder_version=&#8220;4.17.4&#8243; _module_preset=&#8220;default&#8220; custom_margin=&#8220;-24px|auto||auto||&#8220; global_colors_info=&#8220;{}&#8220;][et_pb_column type=&#8220;4_4&#8243; _builder_version=&#8220;4.17.4&#8243; _module_preset=&#8220;default&#8220; global_colors_info=&#8220;{}&#8220;][et_pb_image src=&#8220;https:\/\/optique-wirtz.lu\/wp-content\/uploads\/2022\/12\/Optique-Wirtz-Diekirch-Marque-OWP.jpg&#8220; title_text=&#8220;Optique Wirtz &#8211; Diekirch &#8211; Marke OWP&#8220; _builder_version=&#8220;4.17.4&#8243; _module_preset=&#8220;default&#8220; width=&#8220;12.5%&#8220; width_tablet=&#8220;16.6%&#8220; width_phone=&#8220;33%&#8220; width_last_edited=&#8220;on|phone&#8220; custom_margin=&#8220;||||false|false&#8220; custom_padding=&#8220;2px|2px|2px|2px|true|true&#8220; custom_css_main_element=&#8220;display:inline-block;&#8220; global_colors_info=&#8220;{}&#8220;][\/et_pb_image][et_pb_image src=&#8220;https:\/\/optique-wirtz.lu\/wp-content\/uploads\/2022\/12\/Optique-Wirtz-Diekirch-Marque-Silhouette.jpg&#8220; title_text=&#8220;Optique Wirtz &#8211; Diekirch &#8211; Marke Silhouette&#8220; _builder_version=&#8220;4.17.4&#8243; _module_preset=&#8220;default&#8220; width=&#8220;12.5%&#8220; width_tablet=&#8220;16.6%&#8220; width_phone=&#8220;33%&#8220; width_last_edited=&#8220;on|phone&#8220; custom_margin=&#8220;||||false|false&#8220; custom_padding=&#8220;2px|2px|2px|2px|true|true&#8220; custom_css_main_element=&#8220;display:inline-block;&#8220; global_colors_info=&#8220;{}&#8220;][\/et_pb_image][et_pb_image src=&#8220;https:\/\/optique-wirtz.lu\/wp-content\/uploads\/2022\/12\/Optique-Wirtz-Marque-Paul-Joe.jpg&#8220; title_text=&#8220;Optique Wirtz &#8211; Marke Paul &#038; Joe&#8220; _builder_version=&#8220;4.17.4&#8243; _module_preset=&#8220;default&#8220; width=&#8220;12.5%&#8220; width_tablet=&#8220;16.6%&#8220; width_phone=&#8220;33%&#8220; width_last_edited=&#8220;on|phone&#8220; custom_margin=&#8220;||||false|false&#8220; custom_padding=&#8220;2px|2px|2px|2px|true|true&#8220; custom_css_main_element=&#8220;display:inline-block;&#8220; global_colors_info=&#8220;{}&#8220;][\/et_pb_image][et_pb_image src=&#8220;https:\/\/optique-wirtz.lu\/wp-content\/uploads\/2022\/12\/Optique-Wirtz-Marque-bash.jpg&#8220; title_text=&#8220;Optique Wirtz &#8211; Marke ba&#038;sh&#8220; _builder_version=&#8220;4.17.4&#8243; _module_preset=&#8220;default&#8220; width=&#8220;12.5%&#8220; width_tablet=&#8220;16.6%&#8220; width_phone=&#8220;33%&#8220; width_last_edited=&#8220;on|phone&#8220; custom_margin=&#8220;||||false|false&#8220; custom_padding=&#8220;2px|2px|2px|2px|true|true&#8220; custom_css_main_element=&#8220;display:inline-block;&#8220; global_colors_info=&#8220;{}&#8220;][\/et_pb_image][et_pb_image src=&#8220;https:\/\/optique-wirtz.lu\/wp-content\/uploads\/2022\/12\/Optique-Wirtz-Diekirch-Marque-Ray-Ban.jpg&#8220; title_text=&#8220;Optique Wirtz &#8211; Diekirch &#8211; Marke Ray Ban&#8220; _builder_version=&#8220;4.17.4&#8243; _module_preset=&#8220;default&#8220; width=&#8220;12.5%&#8220; width_tablet=&#8220;16.6%&#8220; width_phone=&#8220;33%&#8220; width_last_edited=&#8220;on|phone&#8220; custom_margin=&#8220;||||false|false&#8220; custom_padding=&#8220;2px|2px|2px|2px|true|true&#8220; custom_css_main_element=&#8220;display:inline-block;&#8220; global_colors_info=&#8220;{}&#8220;][\/et_pb_image][et_pb_image src=&#8220;https:\/\/optique-wirtz.lu\/wp-content\/uploads\/2022\/12\/Optique-Wirtz-Mexx.jpg&#8220; title_text=&#8220;Optique Wirtz &#8211; Mexx&#8220; _builder_version=&#8220;4.17.4&#8243; _module_preset=&#8220;default&#8220; width=&#8220;12.5%&#8220; width_tablet=&#8220;16.6%&#8220; width_phone=&#8220;33%&#8220; width_last_edited=&#8220;on|phone&#8220; custom_margin=&#8220;||||false|false&#8220; custom_padding=&#8220;2px|2px|2px|2px|true|true&#8220; custom_css_main_element=&#8220;display:inline-block;&#8220; global_colors_info=&#8220;{}&#8220;][\/et_pb_image][et_pb_image src=&#8220;https:\/\/optique-wirtz.lu\/wp-content\/uploads\/2022\/12\/Optique-Wirtz-Marque-jaguar.jpg&#8220; title_text=&#8220;Optique Wirtz &#8211; Marke jaguar&#8220; _builder_version=&#8220;4.17.4&#8243; _module_preset=&#8220;default&#8220; width=&#8220;12.5%&#8220; width_tablet=&#8220;16.6%&#8220; width_phone=&#8220;33%&#8220; width_last_edited=&#8220;on|phone&#8220; custom_margin=&#8220;||||false|false&#8220; custom_padding=&#8220;2px|2px|2px|2px|true|true&#8220; custom_css_main_element=&#8220;display:inline-block;&#8220; global_colors_info=&#8220;{}&#8220;][\/et_pb_image][et_pb_image src=&#8220;https:\/\/optique-wirtz.lu\/wp-content\/uploads\/2022\/12\/Optique-Wirtz-Marque-Marc-OPolo.jpg&#8220; title_text=&#8220;Optique Wirtz &#8211; Marke Marc O&#8217;Polo&#8220; _builder_version=&#8220;4.17.4&#8243; _module_preset=&#8220;default&#8220; width=&#8220;12.5%&#8220; width_tablet=&#8220;16.6%&#8220; width_phone=&#8220;33%&#8220; width_last_edited=&#8220;on|phone&#8220; custom_margin=&#8220;||||false|false&#8220; custom_padding=&#8220;2px|2px|2px|2px|true|true&#8220; custom_css_main_element=&#8220;display:inline-block;&#8220; global_colors_info=&#8220;{}&#8220;][\/et_pb_image][et_pb_image src=&#8220;https:\/\/optique-wirtz.lu\/wp-content\/uploads\/2022\/12\/Optique-Wirtz-Diekirch-Marque-Polo-Ralph-Lauren.jpg&#8220; title_text=&#8220;Optique Wirtz &#8211; Diekirch &#8211; Marke Polo Ralph Lauren&#8220; _builder_version=&#8220;4.17.4&#8243; _module_preset=&#8220;default&#8220; width=&#8220;12.5%&#8220; width_tablet=&#8220;16.6%&#8220; width_phone=&#8220;33%&#8220; width_last_edited=&#8220;on|phone&#8220; custom_margin=&#8220;||||false|false&#8220; custom_padding=&#8220;2px|2px|2px|2px|true|true&#8220; custom_css_main_element=&#8220;display:inline-block;&#8220; global_colors_info=&#8220;{}&#8220;][\/et_pb_image][et_pb_image src=&#8220;https:\/\/optique-wirtz.lu\/wp-content\/uploads\/2023\/01\/Optique-Wirty-Logo-Malt.jpg&#8220; title_text=&#8220;Optique Wirty &#8211; Logo Malt&#8220; _builder_version=&#8220;4.17.4&#8243; _module_preset=&#8220;default&#8220; width=&#8220;12.5%&#8220; width_tablet=&#8220;16.6%&#8220; width_phone=&#8220;33%&#8220; width_last_edited=&#8220;on|phone&#8220; custom_margin=&#8220;||||false|false&#8220; custom_padding=&#8220;2px|2px|2px|2px|true|true&#8220; custom_css_main_element=&#8220;display:inline-block;&#8220; global_colors_info=&#8220;{}&#8220;][\/et_pb_image][et_pb_image src=&#8220;https:\/\/optique-wirtz.lu\/wp-content\/uploads\/2022\/12\/Optique-Wirtz-Marque-Exalto.jpg&#8220; title_text=&#8220;Optique Wirtz &#8211; Marke Exalto&#8220; _builder_version=&#8220;4.17.4&#8243; _module_preset=&#8220;default&#8220; width=&#8220;12.5%&#8220; width_tablet=&#8220;16.6%&#8220; width_phone=&#8220;33%&#8220; width_last_edited=&#8220;on|phone&#8220; custom_margin=&#8220;||||false|false&#8220; custom_padding=&#8220;2px|2px|2px|2px|true|true&#8220; custom_css_main_element=&#8220;display:inline-block;&#8220; global_colors_info=&#8220;{}&#8220;][\/et_pb_image][et_pb_image src=&#8220;https:\/\/optique-wirtz.lu\/wp-content\/uploads\/2022\/12\/Optique-Wirtz-Diekirch-Marque-Cazal.jpg&#8220; title_text=&#8220;Optique Wirtz &#8211; Diekirch &#8211; Marke Cazal&#8220; _builder_version=&#8220;4.17.4&#8243; _module_preset=&#8220;default&#8220; width=&#8220;12.5%&#8220; width_tablet=&#8220;16.6%&#8220; width_phone=&#8220;33%&#8220; width_last_edited=&#8220;on|phone&#8220; custom_margin=&#8220;||||false|false&#8220; custom_padding=&#8220;2px|2px|2px|2px|true|true&#8220; custom_css_main_element=&#8220;display:inline-block;&#8220; global_colors_info=&#8220;{}&#8220;][\/et_pb_image][et_pb_image src=&#8220;https:\/\/optique-wirtz.lu\/wp-content\/uploads\/2023\/01\/Optique-Wirty-Logo-Frederic-beausoleil.jpg&#8220; title_text=&#8220;Optique Wirty &#8211; Logo Frederic beausoleil&#8220; _builder_version=&#8220;4.17.4&#8243; _module_preset=&#8220;default&#8220; width=&#8220;12.5%&#8220; width_tablet=&#8220;16.6%&#8220; width_phone=&#8220;33%&#8220; width_last_edited=&#8220;on|phone&#8220; custom_margin=&#8220;||||false|false&#8220; custom_padding=&#8220;2px|2px|2px|2px|true|true&#8220; custom_css_main_element=&#8220;display:inline-block;&#8220; global_colors_info=&#8220;{}&#8220;][\/et_pb_image][et_pb_image src=&#8220;https:\/\/optique-wirtz.lu\/wp-content\/uploads\/2022\/12\/Optique-Wirtz-Marque-Titanflex.jpg&#8220; title_text=&#8220;Optique Wirtz &#8211; Marke Titanflex&#8220; _builder_version=&#8220;4.17.4&#8243; _module_preset=&#8220;default&#8220; width=&#8220;12.5%&#8220; width_tablet=&#8220;16.6%&#8220; width_phone=&#8220;33%&#8220; width_last_edited=&#8220;on|phone&#8220; custom_margin=&#8220;||||false|false&#8220; custom_padding=&#8220;2px|2px|2px|2px|true|true&#8220; custom_css_main_element=&#8220;display:inline-block;&#8220; global_colors_info=&#8220;{}&#8220;][\/et_pb_image][et_pb_image src=&#8220;https:\/\/optique-wirtz.lu\/wp-content\/uploads\/2023\/01\/Optique-Wirty-Logo-faconnable.jpg&#8220; title_text=&#8220;Optique Wirty &#8211; Logo fa\u00e7onnable&#8220; _builder_version=&#8220;4.17.4&#8243; _module_preset=&#8220;default&#8220; width=&#8220;12.5%&#8220; width_tablet=&#8220;16.6%&#8220; width_phone=&#8220;33%&#8220; width_last_edited=&#8220;on|phone&#8220; custom_margin=&#8220;||||false|false&#8220; custom_padding=&#8220;2px|2px|2px|2px|true|true&#8220; custom_css_main_element=&#8220;display:inline-block;&#8220; global_colors_info=&#8220;{}&#8220;][\/et_pb_image][et_pb_image src=&#8220;https:\/\/optique-wirtz.lu\/wp-content\/uploads\/2024\/10\/Xavier-Garcia.jpg&#8220; title_text=&#8220;Xavier Garcia&#8220; _builder_version=&#8220;4.21.0&#8243; _module_preset=&#8220;default&#8220; width=&#8220;12.5%&#8220; width_tablet=&#8220;16.6%&#8220; width_phone=&#8220;33%&#8220; width_last_edited=&#8220;on|phone&#8220; custom_margin=&#8220;||||false|false&#8220; custom_padding=&#8220;2px|2px|2px|2px|true|true&#8220; custom_css_main_element=&#8220;display:inline-block;&#8220; global_colors_info=&#8220;{}&#8220;][\/et_pb_image][et_pb_image src=&#8220;https:\/\/optique-wirtz.lu\/wp-content\/uploads\/2023\/03\/Optique-Wirtz-Eschternach-Marque-Serengeti-1.jpg&#8220; title_text=&#8220;Optique-Wirtz-Eschternach-Marque-Serengeti-1&#8243; _builder_version=&#8220;4.21.0&#8243; _module_preset=&#8220;default&#8220; width=&#8220;12.5%&#8220; width_tablet=&#8220;16.6%&#8220; width_phone=&#8220;33%&#8220; width_last_edited=&#8220;on|phone&#8220; custom_margin=&#8220;||||false|false&#8220; custom_padding=&#8220;2px|2px|2px|2px|true|true&#8220; custom_css_main_element=&#8220;display:inline-block;&#8220; global_colors_info=&#8220;{}&#8220;][\/et_pb_image][et_pb_image src=&#8220;https:\/\/optique-wirtz.lu\/wp-content\/uploads\/2023\/01\/Optique-Wirty-Logo-Kinto.jpg&#8220; title_text=&#8220;Optique Wirty &#8211; Logo Kinto&#8220; _builder_version=&#8220;4.21.0&#8243; _module_preset=&#8220;default&#8220; width=&#8220;12.5%&#8220; width_tablet=&#8220;16.6%&#8220; width_phone=&#8220;33%&#8220; width_last_edited=&#8220;on|phone&#8220; custom_margin=&#8220;||||false|false&#8220; custom_padding=&#8220;2px|2px|2px|2px|true|true&#8220; custom_css_main_element=&#8220;display:inline-block;&#8220; global_colors_info=&#8220;{}&#8220;][\/et_pb_image][et_pb_image src=&#8220;https:\/\/optique-wirtz.lu\/wp-content\/uploads\/2024\/12\/CEBE_Pure_Adrenaline_black.jpg&#8220; title_text=&#8220;CEBE_Pure_Adrenaline_white&#8220; _builder_version=&#8220;4.21.0&#8243; _module_preset=&#8220;default&#8220; width=&#8220;12.5%&#8220; width_tablet=&#8220;16.6%&#8220; width_phone=&#8220;33%&#8220; width_last_edited=&#8220;on|phone&#8220; custom_margin=&#8220;||||false|false&#8220; custom_padding=&#8220;2px|2px|2px|2px|true|true&#8220; custom_css_main_element=&#8220;display:inline-block;&#8220; global_colors_info=&#8220;{}&#8220;][\/et_pb_image][et_pb_image src=&#8220;https:\/\/optique-wirtz.lu\/wp-content\/uploads\/2024\/12\/Henry-Jullien-LOGO-Black.png&#8220; title_text=&#8220;Henry Jullien LOGO Black&#8220; _builder_version=&#8220;4.21.0&#8243; _module_preset=&#8220;default&#8220; width=&#8220;12.5%&#8220; width_tablet=&#8220;16.6%&#8220; width_phone=&#8220;33%&#8220; width_last_edited=&#8220;on|phone&#8220; custom_margin=&#8220;||||false|false&#8220; custom_padding=&#8220;2px|2px|2px|2px|true|true&#8220; custom_css_main_element=&#8220;display:inline-block;&#8220; global_colors_info=&#8220;{}&#8220;][\/et_pb_image][et_pb_image src=&#8220;https:\/\/optique-wirtz.lu\/wp-content\/uploads\/2024\/12\/mou-logo.png&#8220; title_text=&#8220;mou logo&#8220; _builder_version=&#8220;4.21.0&#8243; _module_preset=&#8220;default&#8220; width=&#8220;12.5%&#8220; width_tablet=&#8220;16.6%&#8220; width_phone=&#8220;33%&#8220; width_last_edited=&#8220;on|phone&#8220; custom_margin=&#8220;||||false|false&#8220; custom_padding=&#8220;2px|2px|2px|2px|true|true&#8220; custom_css_main_element=&#8220;display:inline-block;&#8220; global_colors_info=&#8220;{}&#8220;][\/et_pb_image][et_pb_image src=&#8220;https:\/\/optique-wirtz.lu\/wp-content\/uploads\/2024\/12\/images.png&#8220; title_text=&#8220;images&#8220; _builder_version=&#8220;4.21.0&#8243; _module_preset=&#8220;default&#8220; width=&#8220;12.5%&#8220; width_tablet=&#8220;16.6%&#8220; width_phone=&#8220;33%&#8220; width_last_edited=&#8220;on|phone&#8220; custom_margin=&#8220;||||false|false&#8220; custom_padding=&#8220;2px|2px|2px|2px|true|true&#8220; custom_css_main_element=&#8220;display:inline-block;&#8220; global_colors_info=&#8220;{}&#8220;][\/et_pb_image][et_pb_image src=&#8220;https:\/\/optique-wirtz.lu\/wp-content\/uploads\/2024\/11\/Furla-Logo.jpg&#8220; title_text=&#8220;Furla&#8220; _builder_version=&#8220;4.21.0&#8243; _module_preset=&#8220;default&#8220; width=&#8220;12.5%&#8220; width_tablet=&#8220;16.6%&#8220; width_phone=&#8220;33%&#8220; width_last_edited=&#8220;on|phone&#8220; custom_margin=&#8220;||||false|false&#8220; custom_padding=&#8220;2px|2px|2px|2px|true|true&#8220; custom_css_main_element=&#8220;display:inline-block;&#8220; global_colors_info=&#8220;{}&#8220;][\/et_pb_image][et_pb_image src=&#8220;https:\/\/optique-wirtz.lu\/wp-content\/uploads\/2024\/10\/EINSTOFFEN-Logo-Main.png&#8220; title_text=&#8220;EINSTOFFEN-Logo-Main&#8220; _builder_version=&#8220;4.21.0&#8243; _module_preset=&#8220;default&#8220; width=&#8220;12.5%&#8220; width_tablet=&#8220;16.6%&#8220; width_phone=&#8220;33%&#8220; width_last_edited=&#8220;on|phone&#8220; custom_margin=&#8220;||||false|false&#8220; custom_padding=&#8220;2px|2px|2px|2px|true|true&#8220; custom_css_main_element=&#8220;display:inline-block;&#8220; global_colors_info=&#8220;{}&#8220;][\/et_pb_image][et_pb_image src=&#8220;https:\/\/optique-wirtz.lu\/wp-content\/uploads\/2025\/11\/chopardjpg.jpg&#8220; title_text=&#8220;chopardjpg&#8220; _builder_version=&#8220;4.21.0&#8243; _module_preset=&#8220;default&#8220; width=&#8220;12.5%&#8220; width_tablet=&#8220;16.6%&#8220; width_phone=&#8220;33%&#8220; width_last_edited=&#8220;on|phone&#8220; custom_margin=&#8220;||||false|false&#8220; custom_padding=&#8220;2px|2px|2px|2px|true|true&#8220; custom_css_main_element=&#8220;display:inline-block;&#8220; global_colors_info=&#8220;{}&#8220;][\/et_pb_image][et_pb_image src=&#8220;https:\/\/optique-wirtz.lu\/wp-content\/uploads\/2025\/11\/swisseye.jpg&#8220; title_text=&#8220;swisseye&#8220; _builder_version=&#8220;4.21.0&#8243; _module_preset=&#8220;default&#8220; width=&#8220;12.5%&#8220; width_tablet=&#8220;16.6%&#8220; width_phone=&#8220;33%&#8220; width_last_edited=&#8220;on|phone&#8220; custom_margin=&#8220;||||false|false&#8220; custom_padding=&#8220;2px|2px|2px|2px|true|true&#8220; custom_css_main_element=&#8220;display:inline-block;&#8220; global_colors_info=&#8220;{}&#8220;][\/et_pb_image][et_pb_image src=&#8220;https:\/\/optique-wirtz.lu\/wp-content\/uploads\/2023\/01\/Optique-Wirty-Logo-Vaude.jpg&#8220; title_text=&#8220;Optique Wirty &#8211; Logo Vaude&#8220; _builder_version=&#8220;4.21.0&#8243; _module_preset=&#8220;default&#8220; width=&#8220;12.5%&#8220; width_tablet=&#8220;16.6%&#8220; width_phone=&#8220;33%&#8220; width_last_edited=&#8220;on|phone&#8220; custom_margin=&#8220;||||false|false&#8220; custom_padding=&#8220;2px|2px|2px|2px|true|true&#8220; custom_css_main_element=&#8220;display:inline-block;&#8220; global_colors_info=&#8220;{}&#8220;][\/et_pb_image][et_pb_image src=&#8220;https:\/\/optique-wirtz.lu\/wp-content\/uploads\/2026\/03\/DWK.png&#8220; title_text=&#8220;DWK&#8220; _builder_version=&#8220;4.21.0&#8243; _module_preset=&#8220;default&#8220; width=&#8220;12.5%&#8220; width_tablet=&#8220;16.6%&#8220; width_phone=&#8220;33%&#8220; width_last_edited=&#8220;on|phone&#8220; custom_margin=&#8220;||||false|false&#8220; custom_padding=&#8220;2px|2px|2px|2px|true|true&#8220; custom_css_main_element=&#8220;display:inline-block;&#8220; global_colors_info=&#8220;{}&#8220;][\/et_pb_image][et_pb_image src=&#8220;https:\/\/optique-wirtz.lu\/wp-content\/uploads\/2026\/03\/image5.png&#8220; title_text=&#8220;image5&#8243; _builder_version=&#8220;4.21.0&#8243; _module_preset=&#8220;default&#8220; width=&#8220;12.5%&#8220; width_tablet=&#8220;16.6%&#8220; width_phone=&#8220;33%&#8220; width_last_edited=&#8220;on|phone&#8220; custom_margin=&#8220;||||false|false&#8220; custom_padding=&#8220;2px|2px|2px|2px|true|true&#8220; custom_css_main_element=&#8220;display:inline-block;&#8220; global_colors_info=&#8220;{}&#8220;][\/et_pb_image][et_pb_image src=&#8220;https:\/\/optique-wirtz.lu\/wp-content\/uploads\/2026\/03\/Lillebi.png&#8220; title_text=&#8220;Lillebi&#8220; _builder_version=&#8220;4.21.0&#8243; _module_preset=&#8220;default&#8220; width=&#8220;12.5%&#8220; width_tablet=&#8220;16.6%&#8220; width_phone=&#8220;33%&#8220; width_last_edited=&#8220;on|phone&#8220; custom_margin=&#8220;||||false|false&#8220; custom_padding=&#8220;2px|2px|2px|2px|true|true&#8220; custom_css_main_element=&#8220;display:inline-block;&#8220; global_colors_info=&#8220;{}&#8220;][\/et_pb_image][et_pb_image src=&#8220;https:\/\/optique-wirtz.lu\/wp-content\/uploads\/2026\/03\/StarWars.png&#8220; title_text=&#8220;StarWars&#8220; _builder_version=&#8220;4.21.0&#8243; _module_preset=&#8220;default&#8220; width=&#8220;12.5%&#8220; width_tablet=&#8220;16.6%&#8220; width_phone=&#8220;33%&#8220; width_last_edited=&#8220;on|phone&#8220; custom_margin=&#8220;||||false|false&#8220; custom_padding=&#8220;2px|2px|2px|2px|true|true&#8220; custom_css_main_element=&#8220;display:inline-block;&#8220; global_colors_info=&#8220;{}&#8220;][\/et_pb_image][et_pb_image src=&#8220;https:\/\/optique-wirtz.lu\/wp-content\/uploads\/2026\/03\/Wolfin.png&#8220; title_text=&#8220;Wolfin&#8220; _builder_version=&#8220;4.21.0&#8243; _module_preset=&#8220;default&#8220; width=&#8220;12.5%&#8220; width_tablet=&#8220;16.6%&#8220; width_phone=&#8220;33%&#8220; width_last_edited=&#8220;on|phone&#8220; custom_margin=&#8220;||||false|false&#8220; custom_padding=&#8220;2px|2px|2px|2px|true|true&#8220; custom_css_main_element=&#8220;display:inline-block;&#8220; global_colors_info=&#8220;{}&#8220;][\/et_pb_image][\/et_pb_column][\/et_pb_row][\/et_pb_section][et_pb_section fb_built=&#8220;1&#8243; _builder_version=&#8220;4.17.4&#8243; _module_preset=&#8220;default&#8220; background_color=&#8220;#f8f6f1&#8243; global_colors_info=&#8220;{}&#8220;][et_pb_row module_id=&#8220;marques&#8220; _builder_version=&#8220;4.17.4&#8243; _module_preset=&#8220;default&#8220; global_colors_info=&#8220;{}&#8220;][et_pb_column type=&#8220;4_4&#8243; _builder_version=&#8220;4.17.4&#8243; _module_preset=&#8220;default&#8220; global_colors_info=&#8220;{}&#8220;][et_pb_text _builder_version=&#8220;4.17.4&#8243; _module_preset=&#8220;default&#8220; header_2_font=&#8220;Oswald|||on|||||&#8220; header_2_text_align=&#8220;left&#8220; header_2_text_color=&#8220;#5e90c8&#8243; header_2_font_size=&#8220;48px&#8220; header_2_line_height=&#8220;1.1em&#8220; header_4_font=&#8220;|600|||||||&#8220; header_4_text_color=&#8220;#5e90c8&#8243; header_4_font_size=&#8220;20px&#8220; custom_margin=&#8220;0px||-2px||false|false&#8220; custom_padding=&#8220;0px||0px||false|false&#8220; header_2_text_align_tablet=&#8220;left&#8220; header_2_text_align_phone=&#8220;center&#8220; header_2_text_align_last_edited=&#8220;on|phone&#8220; header_2_font_size_tablet=&#8220;48px&#8220; header_2_font_size_phone=&#8220;35px&#8220; header_2_font_size_last_edited=&#8220;on|phone&#8220; global_colors_info=&#8220;{}&#8220;]<\/p>\n<h4 style=\"text-align: left;\">Echternach<\/h4>\n<p>[\/et_pb_text][\/et_pb_column][\/et_pb_row][et_pb_row use_custom_gutter=&#8220;on&#8220; gutter_width=&#8220;1&#8243; make_equal=&#8220;on&#8220; _builder_version=&#8220;4.17.4&#8243; _module_preset=&#8220;default&#8220; custom_margin=&#8220;-24px|auto||auto||&#8220; global_colors_info=&#8220;{}&#8220;][et_pb_column type=&#8220;4_4&#8243; _builder_version=&#8220;4.17.4&#8243; _module_preset=&#8220;default&#8220; global_colors_info=&#8220;{}&#8220;][et_pb_image src=&#8220;https:\/\/optique-wirtz.lu\/wp-content\/uploads\/2022\/12\/Optique-Wirtz-Marque-bash.jpg&#8220; title_text=&#8220;Optique Wirtz &#8211; Marke ba&#038;sh&#8220; _builder_version=&#8220;4.17.4&#8243; _module_preset=&#8220;default&#8220; width=&#8220;12.5%&#8220; width_tablet=&#8220;16.6%&#8220; width_phone=&#8220;33%&#8220; width_last_edited=&#8220;on|phone&#8220; custom_margin=&#8220;||||false|false&#8220; custom_padding=&#8220;2px|2px|2px|2px|true|true&#8220; custom_css_main_element=&#8220;display:inline-block;&#8220; global_colors_info=&#8220;{}&#8220;][\/et_pb_image][et_pb_image src=&#8220;https:\/\/optique-wirtz.lu\/wp-content\/uploads\/2022\/12\/Optique-Wirtz-Diekirch-Marque-Calvin-Klein.jpg&#8220; title_text=&#8220;Optique Wirtz &#8211; Diekirch &#8211; Marke Calvin Klein&#8220; _builder_version=&#8220;4.17.4&#8243; _module_preset=&#8220;default&#8220; width=&#8220;12.5%&#8220; width_tablet=&#8220;16.6%&#8220; width_phone=&#8220;33%&#8220; width_last_edited=&#8220;on|phone&#8220; custom_margin=&#8220;||||false|false&#8220; custom_padding=&#8220;2px|2px|2px|2px|true|true&#8220; custom_css_main_element=&#8220;display:inline-block;&#8220; global_colors_info=&#8220;{}&#8220;][\/et_pb_image][et_pb_image src=&#8220;https:\/\/optique-wirtz.lu\/wp-content\/uploads\/2022\/12\/Optique-Wirtz-Diekirch-Marque-Cazal.jpg&#8220; title_text=&#8220;Optique Wirtz &#8211; Diekirch &#8211; Marke Cazal&#8220; _builder_version=&#8220;4.17.4&#8243; _module_preset=&#8220;default&#8220; width=&#8220;12.5%&#8220; width_tablet=&#8220;16.6%&#8220; width_phone=&#8220;33%&#8220; width_last_edited=&#8220;on|phone&#8220; custom_margin=&#8220;||||false|false&#8220; custom_padding=&#8220;2px|2px|2px|2px|true|true&#8220; custom_css_main_element=&#8220;display:inline-block;&#8220; global_colors_info=&#8220;{}&#8220;][\/et_pb_image][et_pb_image src=&#8220;https:\/\/optique-wirtz.lu\/wp-content\/uploads\/2023\/03\/Optique-Wirtz-Eschternach-Marque-mauijim-1.jpg&#8220; title_text=&#8220;Optique-Wirtz-Eschternach-Marke-mauijim-1&#8243; _builder_version=&#8220;4.19.5&#8243; _module_preset=&#8220;default&#8220; width=&#8220;12.5%&#8220; width_tablet=&#8220;16.6%&#8220; width_phone=&#8220;33%&#8220; width_last_edited=&#8220;on|phone&#8220; custom_margin=&#8220;||||false|false&#8220; custom_padding=&#8220;2px|2px|2px|2px|true|true&#8220; custom_css_main_element=&#8220;display:inline-block;&#8220; global_colors_info=&#8220;{}&#8220;][\/et_pb_image][et_pb_image src=&#8220;https:\/\/optique-wirtz.lu\/wp-content\/uploads\/2023\/03\/Optique-Wirtz-Eschternach-Marque-Serengeti-1.jpg&#8220; title_text=&#8220;Optique-Wirtz-Eschternach-Marke-Serengeti-1&#8243; _builder_version=&#8220;4.19.5&#8243; _module_preset=&#8220;default&#8220; width=&#8220;12.5%&#8220; width_tablet=&#8220;16.6%&#8220; width_phone=&#8220;33%&#8220; width_last_edited=&#8220;on|phone&#8220; custom_margin=&#8220;||||false|false&#8220; custom_padding=&#8220;2px|2px|2px|2px|true|true&#8220; custom_css_main_element=&#8220;display:inline-block;&#8220; global_colors_info=&#8220;{}&#8220;][\/et_pb_image][et_pb_image src=&#8220;https:\/\/optique-wirtz.lu\/wp-content\/uploads\/2023\/01\/Optique-Wirty-Logo-Colibris.jpg&#8220; title_text=&#8220;Optique Wirty &#8211; Logo Colibris&#8220; _builder_version=&#8220;4.17.4&#8243; _module_preset=&#8220;default&#8220; width=&#8220;12.5%&#8220; width_tablet=&#8220;16.6%&#8220; width_phone=&#8220;33%&#8220; width_last_edited=&#8220;on|phone&#8220; custom_margin=&#8220;||||false|false&#8220; custom_padding=&#8220;2px|2px|2px|2px|true|true&#8220; custom_css_main_element=&#8220;display:inline-block;&#8220; global_colors_info=&#8220;{}&#8220;][\/et_pb_image][et_pb_image src=&#8220;https:\/\/optique-wirtz.lu\/wp-content\/uploads\/2022\/12\/Optique-Wirtz-Marque-Exalto.jpg&#8220; title_text=&#8220;Optique Wirtz &#8211; Marke Exalto&#8220; _builder_version=&#8220;4.17.4&#8243; _module_preset=&#8220;default&#8220; width=&#8220;12.5%&#8220; width_tablet=&#8220;16.6%&#8220; width_phone=&#8220;33%&#8220; width_last_edited=&#8220;on|phone&#8220; custom_margin=&#8220;||||false|false&#8220; custom_padding=&#8220;2px|2px|2px|2px|true|true&#8220; custom_css_main_element=&#8220;display:inline-block;&#8220; global_colors_info=&#8220;{}&#8220;][\/et_pb_image][et_pb_image src=&#8220;https:\/\/optique-wirtz.lu\/wp-content\/uploads\/2023\/01\/Optique-Wirty-Logo-Frederic-beausoleil.jpg&#8220; title_text=&#8220;Optique Wirty &#8211; Logo Frederic beausoleil&#8220; _builder_version=&#8220;4.17.4&#8243; _module_preset=&#8220;default&#8220; width=&#8220;12.5%&#8220; width_tablet=&#8220;16.6%&#8220; width_phone=&#8220;33%&#8220; width_last_edited=&#8220;on|phone&#8220; custom_margin=&#8220;||||false|false&#8220; custom_padding=&#8220;2px|2px|2px|2px|true|true&#8220; custom_css_main_element=&#8220;display:inline-block;&#8220; global_colors_info=&#8220;{}&#8220;][\/et_pb_image][et_pb_image src=&#8220;https:\/\/optique-wirtz.lu\/wp-content\/uploads\/2023\/01\/Optique-Wirty-Logo-Freudenhaus.jpg&#8220; title_text=&#8220;Optique Wirty &#8211; Logo Freudenhaus&#8220; _builder_version=&#8220;4.17.4&#8243; _module_preset=&#8220;default&#8220; width=&#8220;12.5%&#8220; width_tablet=&#8220;16.6%&#8220; width_phone=&#8220;33%&#8220; width_last_edited=&#8220;on|phone&#8220; custom_margin=&#8220;||||false|false&#8220; custom_padding=&#8220;2px|2px|2px|2px|true|true&#8220; custom_css_main_element=&#8220;display:inline-block;&#8220; global_colors_info=&#8220;{}&#8220;][\/et_pb_image][et_pb_image src=&#8220;https:\/\/optique-wirtz.lu\/wp-content\/uploads\/2022\/12\/Optique-Wirtz-Marque-GigiStudios.jpg&#8220; title_text=&#8220;Optique Wirtz &#8211; Marke GigiStudios&#8220; _builder_version=&#8220;4.17.4&#8243; _module_preset=&#8220;default&#8220; width=&#8220;12.5%&#8220; width_tablet=&#8220;16.6%&#8220; width_phone=&#8220;33%&#8220; width_last_edited=&#8220;on|phone&#8220; custom_margin=&#8220;||||false|false&#8220; custom_padding=&#8220;2px|2px|2px|2px|true|true&#8220; custom_css_main_element=&#8220;display:inline-block;&#8220; global_colors_info=&#8220;{}&#8220;][\/et_pb_image][et_pb_image src=&#8220;https:\/\/optique-wirtz.lu\/wp-content\/uploads\/2022\/12\/Optique-Wirtz-Marque-George-Gina-Lucy.jpg&#8220; title_text=&#8220;Optique Wirtz &#8211; Marke George Gina &#038; Lucy&#8220; _builder_version=&#8220;4.17.4&#8243; _module_preset=&#8220;default&#8220; width=&#8220;12.5%&#8220; width_tablet=&#8220;16.6%&#8220; width_phone=&#8220;33%&#8220; width_last_edited=&#8220;on|phone&#8220; custom_margin=&#8220;||||false|false&#8220; custom_padding=&#8220;2px|2px|2px|2px|true|true&#8220; custom_css_main_element=&#8220;display:inline-block;&#8220; global_colors_info=&#8220;{}&#8220;][\/et_pb_image][et_pb_image src=&#8220;https:\/\/optique-wirtz.lu\/wp-content\/uploads\/2023\/01\/Optique-Wirty-Logo-Gotti.jpg&#8220; title_text=&#8220;Optique Wirty &#8211; Logo G\u00f6tti&#8220; _builder_version=&#8220;4.17.4&#8243; _module_preset=&#8220;default&#8220; width=&#8220;12.5%&#8220; width_tablet=&#8220;16.6%&#8220; width_phone=&#8220;33%&#8220; width_last_edited=&#8220;on|phone&#8220; custom_margin=&#8220;||||false|false&#8220; custom_padding=&#8220;2px|2px|2px|2px|true|true&#8220; custom_css_main_element=&#8220;display:inline-block;&#8220; global_colors_info=&#8220;{}&#8220;][\/et_pb_image][et_pb_image src=&#8220;https:\/\/optique-wirtz.lu\/wp-content\/uploads\/2023\/01\/Optique-Wirty-Logo-IC-Berlin.jpg&#8220; title_text=&#8220;Optique Wirty &#8211; Logo IC Berlin&#8220; _builder_version=&#8220;4.17.4&#8243; _module_preset=&#8220;default&#8220; width=&#8220;12.5%&#8220; width_tablet=&#8220;16.6%&#8220; width_phone=&#8220;33%&#8220; width_last_edited=&#8220;on|phone&#8220; custom_margin=&#8220;||||false|false&#8220; custom_padding=&#8220;2px|2px|2px|2px|true|true&#8220; custom_css_main_element=&#8220;display:inline-block;&#8220; global_colors_info=&#8220;{}&#8220;][\/et_pb_image][et_pb_image src=&#8220;https:\/\/optique-wirtz.lu\/wp-content\/uploads\/2023\/01\/Optique-Wirty-Logo-Kaleos.jpg&#8220; title_text=&#8220;Optique Wirty &#8211; Logo Kaleos&#8220; _builder_version=&#8220;4.17.4&#8243; _module_preset=&#8220;default&#8220; width=&#8220;12.5%&#8220; width_tablet=&#8220;16.6%&#8220; width_phone=&#8220;33%&#8220; width_last_edited=&#8220;on|phone&#8220; custom_margin=&#8220;||||false|false&#8220; custom_padding=&#8220;2px|2px|2px|2px|true|true&#8220; custom_css_main_element=&#8220;display:inline-block;&#8220; global_colors_info=&#8220;{}&#8220;][\/et_pb_image][et_pb_image src=&#8220;https:\/\/optique-wirtz.lu\/wp-content\/uploads\/2023\/01\/Optique-Wirty-Logo-Kinto.jpg&#8220; title_text=&#8220;Optique Wirty &#8211; Logo Kinto&#8220; _builder_version=&#8220;4.17.4&#8243; _module_preset=&#8220;default&#8220; width=&#8220;12.5%&#8220; width_tablet=&#8220;16.6%&#8220; width_phone=&#8220;33%&#8220; width_last_edited=&#8220;on|phone&#8220; custom_margin=&#8220;||||false|false&#8220; custom_padding=&#8220;2px|2px|2px|2px|true|true&#8220; custom_css_main_element=&#8220;display:inline-block;&#8220; global_colors_info=&#8220;{}&#8220;][\/et_pb_image][et_pb_image src=&#8220;https:\/\/optique-wirtz.lu\/wp-content\/uploads\/2023\/01\/Optique-Wirty-Logo-Malt.jpg&#8220; title_text=&#8220;Optique Wirty &#8211; Logo Malt&#8220; _builder_version=&#8220;4.17.4&#8243; _module_preset=&#8220;default&#8220; width=&#8220;12.5%&#8220; width_tablet=&#8220;16.6%&#8220; width_phone=&#8220;33%&#8220; width_last_edited=&#8220;on|phone&#8220; custom_margin=&#8220;||||false|false&#8220; custom_padding=&#8220;2px|2px|2px|2px|true|true&#8220; custom_css_main_element=&#8220;display:inline-block;&#8220; global_colors_info=&#8220;{}&#8220;][\/et_pb_image][et_pb_image src=&#8220;https:\/\/optique-wirtz.lu\/wp-content\/uploads\/2022\/12\/Optique-Wirtz-Marque-Marc-OPolo.jpg&#8220; title_text=&#8220;Optique Wirtz &#8211; Marke Marc O&#8217;Polo&#8220; _builder_version=&#8220;4.17.4&#8243; _module_preset=&#8220;default&#8220; width=&#8220;12.5%&#8220; width_tablet=&#8220;16.6%&#8220; width_phone=&#8220;33%&#8220; width_last_edited=&#8220;on|phone&#8220; custom_margin=&#8220;||||false|false&#8220; custom_padding=&#8220;2px|2px|2px|2px|true|true&#8220; custom_css_main_element=&#8220;display:inline-block;&#8220; global_colors_info=&#8220;{}&#8220;][\/et_pb_image][et_pb_image src=&#8220;https:\/\/optique-wirtz.lu\/wp-content\/uploads\/2022\/12\/Optique-Wirtz-Mexx.jpg&#8220; title_text=&#8220;Optique Wirtz &#8211; Mexx&#8220; _builder_version=&#8220;4.17.4&#8243; _module_preset=&#8220;default&#8220; width=&#8220;12.5%&#8220; width_tablet=&#8220;16.6%&#8220; width_phone=&#8220;33%&#8220; width_last_edited=&#8220;on|phone&#8220; custom_margin=&#8220;||||false|false&#8220; custom_padding=&#8220;2px|2px|2px|2px|true|true&#8220; custom_css_main_element=&#8220;display:inline-block;&#8220; global_colors_info=&#8220;{}&#8220;][\/et_pb_image][et_pb_image src=&#8220;https:\/\/optique-wirtz.lu\/wp-content\/uploads\/2022\/12\/Optique-Wirtz-Diekirch-Marque-OWP.jpg&#8220; title_text=&#8220;Optique Wirtz &#8211; Diekirch &#8211; Marke OWP&#8220; _builder_version=&#8220;4.17.4&#8243; _module_preset=&#8220;default&#8220; width=&#8220;12.5%&#8220; width_tablet=&#8220;16.6%&#8220; width_phone=&#8220;33%&#8220; width_last_edited=&#8220;on|phone&#8220; custom_margin=&#8220;||||false|false&#8220; custom_padding=&#8220;2px|2px|2px|2px|true|true&#8220; custom_css_main_element=&#8220;display:inline-block;&#8220; global_colors_info=&#8220;{}&#8220;][\/et_pb_image][et_pb_image src=&#8220;https:\/\/optique-wirtz.lu\/wp-content\/uploads\/2023\/01\/Optique-Wirty-Logo-Oxibis.jpg&#8220; title_text=&#8220;Optique Wirty &#8211; Logo Oxibis&#8220; _builder_version=&#8220;4.17.4&#8243; _module_preset=&#8220;default&#8220; width=&#8220;12.5%&#8220; width_tablet=&#8220;16.6%&#8220; width_phone=&#8220;33%&#8220; width_last_edited=&#8220;on|phone&#8220; custom_margin=&#8220;||||false|false&#8220; custom_padding=&#8220;2px|2px|2px|2px|true|true&#8220; custom_css_main_element=&#8220;display:inline-block;&#8220; global_colors_info=&#8220;{}&#8220;][\/et_pb_image][et_pb_image src=&#8220;https:\/\/optique-wirtz.lu\/wp-content\/uploads\/2022\/12\/Optique-Wirtz-Marque-Paul-Joe.jpg&#8220; title_text=&#8220;Optique Wirtz &#8211; Marke Paul &#038; Joe&#8220; _builder_version=&#8220;4.17.4&#8243; _module_preset=&#8220;default&#8220; width=&#8220;12.5%&#8220; width_tablet=&#8220;16.6%&#8220; width_phone=&#8220;33%&#8220; width_last_edited=&#8220;on|phone&#8220; custom_margin=&#8220;||||false|false&#8220; custom_padding=&#8220;2px|2px|2px|2px|true|true&#8220; custom_css_main_element=&#8220;display:inline-block;&#8220; global_colors_info=&#8220;{}&#8220;][\/et_pb_image][et_pb_image src=&#8220;https:\/\/optique-wirtz.lu\/wp-content\/uploads\/2022\/12\/Optique-Wirtz-Diekirch-Marque-Polo-Ralph-Lauren.jpg&#8220; title_text=&#8220;Optique Wirtz &#8211; Diekirch &#8211; Marke Polo Ralph Lauren&#8220; _builder_version=&#8220;4.17.4&#8243; _module_preset=&#8220;default&#8220; width=&#8220;12.5%&#8220; width_tablet=&#8220;16.6%&#8220; width_phone=&#8220;33%&#8220; width_last_edited=&#8220;on|phone&#8220; custom_margin=&#8220;||||false|false&#8220; custom_padding=&#8220;2px|2px|2px|2px|true|true&#8220; custom_css_main_element=&#8220;display:inline-block;&#8220; global_colors_info=&#8220;{}&#8220;][\/et_pb_image][et_pb_image src=&#8220;https:\/\/optique-wirtz.lu\/wp-content\/uploads\/2022\/12\/Optique-Wirtz-Diekirch-Marque-Silhouette.jpg&#8220; title_text=&#8220;Optique Wirtz &#8211; Diekirch &#8211; Marke Silhouette&#8220; _builder_version=&#8220;4.17.4&#8243; _module_preset=&#8220;default&#8220; width=&#8220;12.5%&#8220; width_tablet=&#8220;16.6%&#8220; width_phone=&#8220;33%&#8220; width_last_edited=&#8220;on|phone&#8220; custom_margin=&#8220;||||false|false&#8220; custom_padding=&#8220;2px|2px|2px|2px|true|true&#8220; custom_css_main_element=&#8220;display:inline-block;&#8220; global_colors_info=&#8220;{}&#8220;][\/et_pb_image][et_pb_image src=&#8220;https:\/\/optique-wirtz.lu\/wp-content\/uploads\/2022\/12\/Optique-Wirtz-Marque-Titanflex.jpg&#8220; title_text=&#8220;Optique Wirtz &#8211; Marke Titanflex&#8220; _builder_version=&#8220;4.17.4&#8243; _module_preset=&#8220;default&#8220; width=&#8220;12.5%&#8220; width_tablet=&#8220;16.6%&#8220; width_phone=&#8220;33%&#8220; width_last_edited=&#8220;on|phone&#8220; custom_margin=&#8220;||||false|false&#8220; custom_padding=&#8220;2px|2px|2px|2px|true|true&#8220; custom_css_main_element=&#8220;display:inline-block;&#8220; global_colors_info=&#8220;{}&#8220;][\/et_pb_image][et_pb_image src=&#8220;https:\/\/optique-wirtz.lu\/wp-content\/uploads\/2023\/01\/Optique-Wirty-Logo-Vaude.jpg&#8220; title_text=&#8220;Optique Wirty &#8211; Logo Vaude&#8220; _builder_version=&#8220;4.17.4&#8243; _module_preset=&#8220;default&#8220; width=&#8220;12.5%&#8220; width_tablet=&#8220;16.6%&#8220; width_phone=&#8220;33%&#8220; width_last_edited=&#8220;on|phone&#8220; custom_margin=&#8220;||||false|false&#8220; custom_padding=&#8220;2px|2px|2px|2px|true|true&#8220; custom_css_main_element=&#8220;display:inline-block;&#8220; global_colors_info=&#8220;{}&#8220;][\/et_pb_image][et_pb_image src=&#8220;https:\/\/optique-wirtz.lu\/wp-content\/uploads\/2024\/10\/Roussilhe.jpg&#8220; title_text=&#8220;Roussilhe&#8220; _builder_version=&#8220;4.21.0&#8243; _module_preset=&#8220;default&#8220; width=&#8220;12.5%&#8220; width_tablet=&#8220;16.6%&#8220; width_phone=&#8220;33%&#8220; width_last_edited=&#8220;on|phone&#8220; custom_margin=&#8220;||||false|false&#8220; custom_padding=&#8220;2px|2px|2px|2px|true|true&#8220; custom_css_main_element=&#8220;display:inline-block;&#8220; global_colors_info=&#8220;{}&#8220;][\/et_pb_image][et_pb_image src=&#8220;https:\/\/optique-wirtz.lu\/wp-content\/uploads\/2024\/10\/OUT-OF.jpg&#8220; title_text=&#8220;OUT OF&#8220; _builder_version=&#8220;4.21.0&#8243; _module_preset=&#8220;default&#8220; width=&#8220;12.5%&#8220; width_tablet=&#8220;16.6%&#8220; width_phone=&#8220;33%&#8220; width_last_edited=&#8220;on|phone&#8220; custom_margin=&#8220;||||false|false&#8220; custom_padding=&#8220;2px|2px|2px|2px|true|true&#8220; custom_css_main_element=&#8220;display:inline-block;&#8220; global_colors_info=&#8220;{}&#8220;][\/et_pb_image][et_pb_image src=&#8220;https:\/\/optique-wirtz.lu\/wp-content\/uploads\/2024\/10\/Hoffmann-Natural-Eyewear_quer_black-2.jpg&#8220; title_text=&#8220;Hoffmann-Natural-Eyewear_quer_black&#8220; _builder_version=&#8220;4.21.0&#8243; _module_preset=&#8220;default&#8220; width=&#8220;12.5%&#8220; width_tablet=&#8220;16.6%&#8220; width_phone=&#8220;33%&#8220; width_last_edited=&#8220;on|phone&#8220; custom_margin=&#8220;||||false|false&#8220; custom_padding=&#8220;2px|2px|2px|2px|true|true&#8220; custom_css_main_element=&#8220;display:inline-block;&#8220; global_colors_info=&#8220;{}&#8220;][\/et_pb_image][et_pb_image src=&#8220;https:\/\/optique-wirtz.lu\/wp-content\/uploads\/2024\/10\/EINSTOFFEN-Logo-Main.png&#8220; title_text=&#8220;EINSTOFFEN-Logo-Main&#8220; _builder_version=&#8220;4.21.0&#8243; _module_preset=&#8220;default&#8220; width=&#8220;12.5%&#8220; width_tablet=&#8220;16.6%&#8220; width_phone=&#8220;33%&#8220; width_last_edited=&#8220;on|phone&#8220; custom_margin=&#8220;||||false|false&#8220; custom_padding=&#8220;2px|2px|2px|2px|true|true&#8220; custom_css_main_element=&#8220;display:inline-block;&#8220; global_colors_info=&#8220;{}&#8220;][\/et_pb_image][et_pb_image src=&#8220;https:\/\/optique-wirtz.lu\/wp-content\/uploads\/2024\/11\/Furla-Logo.jpg&#8220; title_text=&#8220;Furla&#8220; _builder_version=&#8220;4.21.0&#8243; _module_preset=&#8220;default&#8220; width=&#8220;12.5%&#8220; width_tablet=&#8220;16.6%&#8220; width_phone=&#8220;33%&#8220; width_last_edited=&#8220;on|phone&#8220; custom_margin=&#8220;||||false|false&#8220; custom_padding=&#8220;2px|2px|2px|2px|true|true&#8220; custom_css_main_element=&#8220;display:inline-block;&#8220; global_colors_info=&#8220;{}&#8220;][\/et_pb_image][et_pb_image src=&#8220;https:\/\/optique-wirtz.lu\/wp-content\/uploads\/2024\/12\/paul-smith-logo-vector.png&#8220; title_text=&#8220;paul-smith-logo-vector&#8220; _builder_version=&#8220;4.21.0&#8243; _module_preset=&#8220;default&#8220; width=&#8220;12.5%&#8220; width_tablet=&#8220;16.6%&#8220; width_phone=&#8220;33%&#8220; width_last_edited=&#8220;on|phone&#8220; custom_margin=&#8220;||||false|false&#8220; custom_padding=&#8220;2px|2px|2px|2px|true|true&#8220; custom_css_main_element=&#8220;display:inline-block;&#8220; global_colors_info=&#8220;{}&#8220;][\/et_pb_image][et_pb_image src=&#8220;https:\/\/optique-wirtz.lu\/wp-content\/uploads\/2022\/12\/Optique-Wirtz-Diekirch-Marque-Ray-Ban.jpg&#8220; title_text=&#8220;Optique Wirtz &#8211; Diekirch &#8211; Marque Ray Ban&#8220; _builder_version=&#8220;4.21.0&#8243; _module_preset=&#8220;default&#8220; width=&#8220;12.5%&#8220; width_tablet=&#8220;16.6%&#8220; width_phone=&#8220;33%&#8220; width_last_edited=&#8220;on|phone&#8220; custom_margin=&#8220;||||false|false&#8220; custom_padding=&#8220;2px|2px|2px|2px|true|true&#8220; custom_css_main_element=&#8220;display:inline-block;&#8220; global_colors_info=&#8220;{}&#8220;][\/et_pb_image][et_pb_image src=&#8220;https:\/\/optique-wirtz.lu\/wp-content\/uploads\/2025\/11\/GUCCI.jpg&#8220; title_text=&#8220;GUCCI&#8220; _builder_version=&#8220;4.21.0&#8243; _module_preset=&#8220;default&#8220; width=&#8220;12.5%&#8220; width_tablet=&#8220;16.6%&#8220; width_phone=&#8220;33%&#8220; width_last_edited=&#8220;on|phone&#8220; custom_margin=&#8220;||||false|false&#8220; custom_padding=&#8220;2px|2px|2px|2px|true|true&#8220; custom_css_main_element=&#8220;display:inline-block;&#8220; global_colors_info=&#8220;{}&#8220;][\/et_pb_image][et_pb_image src=&#8220;https:\/\/optique-wirtz.lu\/wp-content\/uploads\/2025\/11\/Julbo.jpg&#8220; title_text=&#8220;Julbo&#8220; _builder_version=&#8220;4.21.0&#8243; _module_preset=&#8220;default&#8220; width=&#8220;12.5%&#8220; width_tablet=&#8220;16.6%&#8220; width_phone=&#8220;33%&#8220; width_last_edited=&#8220;on|phone&#8220; custom_margin=&#8220;||||false|false&#8220; custom_padding=&#8220;2px|2px|2px|2px|true|true&#8220; custom_css_main_element=&#8220;display:inline-block;&#8220; global_colors_info=&#8220;{}&#8220;][\/et_pb_image][\/et_pb_column][\/et_pb_row][\/et_pb_section]<\/p>\n","protected":false},"excerpt":{"rendered":"<p>Optique WirtzIHR OPTIKERIN DIEKIRCH, GREVENMACHER&amp; ECHTERNACHErfahren Sie mehr \u00fcber uns\u00dcber unsUnsere ProdukteUnsere Gesch\u00e4fteUnser TeamUnsere Marken\u00dcber unsIm Jahr 1976 er\u00f6ffnete Herr Marc WIRTZ seine erste Filiale in Diekirch. 1990 wurde Optique Wirtz um eine weitere Filiale in Grevenmacher und 1997 in Echternach erweitert. 2018 \u00fcbernahm Annick WIRTZ die 3 Gesch\u00e4fte als Gesch\u00e4ftsf\u00fchrerin von ihrem Vater. Ein Team von Fachleuten empf\u00e4ngt Sie und bietet Ihnen den bestm\u00f6glichen Service.News DIEKIRCH Ab dem 1. Mai bleibt das Gesch\u00e4ft montags geschlossen.An den anderenTagen stehen wir Ihnen zu den gewohnten Zeiten zur Verf\u00fcgung. &nbsp; &nbsp; D\u00e9i nei Sonnebr\u00ebllekollektioun ass an eisen 3 Buttiker do! Photos: Marc O&#8217;Polo, Furla, Serengeti &nbsp;Unsere ProdukteKorrektionsbrillenSonnenbrillenKontaktlinsenH\u00f6rger\u00e4teUnsere Geschichte<div class=\"et_pb_with_border et_pb_module dsm_content_timeline dsm_content_timeline_0 et_animated\">\n\t\t\t\t\n\t\t\t\t\n\t\t\t\t\n\t\t\t\t\n\t\t\t\t\n\t\t\t\t\n\t\t\t\t<div class=\"et_pb_module_inner\">\n\t\t\t\t\t<div class=\"dsm-content-timeline-items-wrapper dsm-center\" data-tree-animation=\"on\" data-tree-animation-tablet=\"\" data-tree-animation-phone=\"\" data-image_lightbox=\"off\">\n\t\t\t<div class=\"dsm-content-timeline-tree\">\n\t\t\t\t<div class=\"dsm-content-timeline-tree-progress\"><\/div>\n\t\t\t<\/div>\n\t\t   \n\t\t<\/div>\n\t\t\n\t\t\t\t<\/div>\n\t\t\t<\/div><div class=\"dsm-content-timeline-item-wrapper dsm_content_timeline_child_0\">\n\t\t\t\t\n\t\t\t\t<div class=\"dsm-content-timeline-content-wrapper dsm_wrapper_dsm_content_timeline_child_0 dsm-visibility\">   \t\t\n\t\t\t\t\t\n\t\t\t\t\t<div class=\"dsm-image-wrapper\"><div class=\"dsm-image\"><img decoding=\"async\" src=\"https:\/\/optique-wirtz.lu\/wp-content\/uploads\/2022\/10\/Optique-Wirtz-histoire-1976.jpg\" alt=\"\" title=\"Optique Wirtz histoire 1976\" srcset=\"https:\/\/optique-wirtz.lu\/wp-content\/uploads\/2022\/10\/Optique-Wirtz-histoire-1976.jpg 500w, https:\/\/optique-wirtz.lu\/wp-content\/uploads\/2022\/10\/Optique-Wirtz-histoire-1976-480x480.jpg 480w\" sizes=\"(min-width: 0px) and (max-width: 480px) 480px, (min-width: 481px) 500px, 100vw\" \/><\/div><\/div>\n\t\t\t\t\t\n\t\t\t\t\t<div class=\"dsm-timeline-content\">\n\t\t\t\t\t\t<h3 class=\"dsm-title\">1976<\/h3>\n\t\t\t\t\t\t<div class=\"dsm-description\">Er\u00f6ffnung des ersten Gesch\u00e4fts in DIEKIRCH durch den Optikermeister MARC WIRTZ.<\/div>\n\t\t\t\t\t\t\n\t\t\t\t\t\t\n\t\t\t\t\t<\/div>\t\n\t\t\t\t<\/div>\n\t\t\t\t<div class=\"dsm-pointer-wrapper\">\n\t\t\t\t\t\n\t\t\t\t\t\n\t\t\t\t<\/div>\n\t\t\t<\/div><div class=\"dsm-content-timeline-item-wrapper dsm_content_timeline_child_1\">\n\t\t\t\t\n\t\t\t\t<div class=\"dsm-content-timeline-content-wrapper dsm_wrapper_dsm_content_timeline_child_1 dsm-visibility\">   \t\t\n\t\t\t\t\t\n\t\t\t\t\t<div class=\"dsm-image-wrapper\"><div class=\"dsm-image\"><img decoding=\"async\" src=\"\" alt=\"\" title=\"\" class=\"et_multi_view_hidden_image\" \/><\/div><\/div>\n\t\t\t\t\t\n\t\t\t\t\t<div class=\"dsm-timeline-content\">\n\t\t\t\t\t\t<h3 class=\"dsm-title\">&#8220;1990&#8243;<\/h3>\n\t\t\t\t\t\t<div class=\"dsm-description\">&#8220;Er\u00f6ffnung<\/div>\n\t\t\t\t\t\t\n\t\t\t\t\t\t\n\t\t\t\t\t<\/div>\t\n\t\t\t\t<\/div>\n\t\t\t\t<div class=\"dsm-pointer-wrapper\">\n\t\t\t\t\t\n\t\t\t\t\t\n\t\t\t\t<\/div>\n\t\t\t<\/div><\/p>\n","protected":false},"author":2,"featured_media":0,"parent":0,"menu_order":0,"comment_status":"closed","ping_status":"closed","template":"","meta":{"_acf_changed":false,"_et_pb_use_builder":"on","_et_pb_old_content":"","_et_gb_content_width":"","footnotes":""},"class_list":["post-51149","page","type-page","status-publish","hentry"],"acf":[],"_links":{"self":[{"href":"https:\/\/optique-wirtz.lu\/de\/wp-json\/wp\/v2\/pages\/51149","targetHints":{"allow":["GET"]}}],"collection":[{"href":"https:\/\/optique-wirtz.lu\/de\/wp-json\/wp\/v2\/pages"}],"about":[{"href":"https:\/\/optique-wirtz.lu\/de\/wp-json\/wp\/v2\/types\/page"}],"author":[{"embeddable":true,"href":"https:\/\/optique-wirtz.lu\/de\/wp-json\/wp\/v2\/users\/2"}],"replies":[{"embeddable":true,"href":"https:\/\/optique-wirtz.lu\/de\/wp-json\/wp\/v2\/comments?post=51149"}],"version-history":[{"count":57,"href":"https:\/\/optique-wirtz.lu\/de\/wp-json\/wp\/v2\/pages\/51149\/revisions"}],"predecessor-version":[{"id":51926,"href":"https:\/\/optique-wirtz.lu\/de\/wp-json\/wp\/v2\/pages\/51149\/revisions\/51926"}],"wp:attachment":[{"href":"https:\/\/optique-wirtz.lu\/de\/wp-json\/wp\/v2\/media?parent=51149"}],"curies":[{"name":"wp","href":"https:\/\/api.w.org\/{rel}","templated":true}]}}